{"id":50,"date":"2016-08-02T23:31:37","date_gmt":"2016-08-02T21:31:37","guid":{"rendered":"http:\/\/www.kinder-lernen-leben-retten.at\/?page_id=50"},"modified":"2019-06-25T21:06:27","modified_gmt":"2019-06-25T19:06:27","slug":"projekte","status":"publish","type":"page","link":"https:\/\/www.kinder-lernen-leben-retten.at\/?page_id=50","title":{"rendered":"Projekt-Blog"},"content":{"rendered":"<p>S\u00e4mtliche Pressemitteilungen dazu\u00a0<a href=\"http:\/\/www.kinder-lernen-leben-retten.at\/?page_id=34\">hier<\/a><\/p>\n<h1 style=\"text-align: center;\">\u00a0<img loading=\"lazy\" class=\"alignnone wp-image-173\" src=\"http:\/\/www.kinder-lernen-leben-retten.at\/wp-content\/uploads\/2016\/08\/in-Arbeit.jpg\" alt=\"\" width=\"53\" height=\"53\" srcset=\"https:\/\/www.kinder-lernen-leben-retten.at\/wp-content\/uploads\/2016\/08\/in-Arbeit.jpg 225w, https:\/\/www.kinder-lernen-leben-retten.at\/wp-content\/uploads\/2016\/08\/in-Arbeit-150x150.jpg 150w, https:\/\/www.kinder-lernen-leben-retten.at\/wp-content\/uploads\/2016\/08\/in-Arbeit-174x174.jpg 174w\" sizes=\"(max-width: 53px) 100vw, 53px\" \/>in ARBEIT &#8211; eigentlich immer &#x1f605; &#8211; denn wir stecken unsere Zeit bevorzugt in die Projekte selbst<\/h1>\n<h1><\/h1>\n<h1><span style=\"color: #ff0000;\">VS Schwanberg (04\/19)<\/span><\/h1>\n<p>&#8222;RETTEN MACHT SCHULE&#8220; &#8211; auch dieses Jahr wieder in der <span style=\"color: #ff0000;\"><a style=\"color: #ff0000;\" href=\"http:\/\/www.schwanberg.gv.at\/bildung\/schulen\/volksschule-schwanberg\/\" target=\"_blank\" rel=\"noopener noreferrer\">Volksschule Schwanberg<\/a><\/span>, wo vor kurzem wieder mit den 3. und 4. Klassen das Leben retten gelernt und wiederholt wurde. <a class=\"profileLink\" role=\"button\" href=\"https:\/\/www.facebook.com\/felix.auer.official?fref=gs&amp;__tn__=%2CdK-R-R&amp;eid=ARDMyq5Ch4l7wzomt_AtsDM7KHfc3C1nE1sKnZju8ywYMCjKfdn2z-us3VwmMbS2JtGOiwD5pbyixliF&amp;dti=1793170254294925&amp;hc_location=group\" rel=\"dialog\" data-hovercard=\"\/ajax\/hovercard\/user.php?id=100000281610346&amp;extragetparams=%7B%22__tn__%22%3A%22%2CdK-R-R%22%2C%22eid%22%3A%22ARDMyq5Ch4l7wzomt_AtsDM7KHfc3C1nE1sKnZju8ywYMCjKfdn2z-us3VwmMbS2JtGOiwD5pbyixliF%22%2C%22fref%22%3A%22gs%22%2C%22directed_target_id%22%3A1793170254294925%2C%22dti%22%3A1793170254294925%2C%22hc_location%22%3A%22group%22%7D\" data-hovercard-prefer-more-content-show=\"1\">Felix Auer<\/a>, <a class=\"profileLink\" role=\"button\" href=\"https:\/\/www.facebook.com\/angi.koch.73?fref=gs&amp;__tn__=%2CdK-R-R&amp;eid=ARBTW6g_afY4gT9ZoaqpaMx8NepuXSSRGkCV25zepwHF2fLSV5IgInLxHRpirx-OkoFy3glcW_0a9C-x&amp;dti=1793170254294925&amp;hc_location=group\" rel=\"dialog\" data-hovercard=\"\/ajax\/hovercard\/user.php?id=100001769776597&amp;extragetparams=%7B%22__tn__%22%3A%22%2CdK-R-R%22%2C%22eid%22%3A%22ARBTW6g_afY4gT9ZoaqpaMx8NepuXSSRGkCV25zepwHF2fLSV5IgInLxHRpirx-OkoFy3glcW_0a9C-x%22%2C%22fref%22%3A%22gs%22%2C%22directed_target_id%22%3A1793170254294925%2C%22dti%22%3A1793170254294925%2C%22hc_location%22%3A%22group%22%7D\" data-hovercard-prefer-more-content-show=\"1\">Angi Koch<\/a>, <a class=\"profileLink\" role=\"button\" href=\"https:\/\/www.facebook.com\/roland.koch.583?fref=gs&amp;__tn__=%2CdK-R-R&amp;eid=ARDMYwleMA6_YKILfOGReZ8k9y50ObSpgwK7oy0Klk8clMt2KqjL98uYsarPehpbxMxcltkLq9j-jWmt&amp;dti=1793170254294925&amp;hc_location=group\" rel=\"dialog\" data-hovercard=\"\/ajax\/hovercard\/user.php?id=100004471034307&amp;extragetparams=%7B%22__tn__%22%3A%22%2CdK-R-R%22%2C%22eid%22%3A%22ARDMYwleMA6_YKILfOGReZ8k9y50ObSpgwK7oy0Klk8clMt2KqjL98uYsarPehpbxMxcltkLq9j-jWmt%22%2C%22fref%22%3A%22gs%22%2C%22directed_target_id%22%3A1793170254294925%2C%22dti%22%3A1793170254294925%2C%22hc_location%22%3A%22group%22%7D\" data-hovercard-prefer-more-content-show=\"1\">Roland Koch<\/a> und <a class=\"profileLink\" role=\"button\" href=\"https:\/\/www.facebook.com\/barbara.wagner.58910?fref=gs&amp;__tn__=%2CdK-R-R&amp;eid=ARBv3TAp46liI7jUW53bBGobjs2C3ab3Enih2fyhPHf7eYYi9l8K5xLWrhjhyCjxQHs8d4WJKbnjRHQf&amp;dti=1793170254294925&amp;hc_location=group\" rel=\"dialog\" data-hovercard=\"\/ajax\/hovercard\/user.php?id=100005378115764&amp;extragetparams=%7B%22__tn__%22%3A%22%2CdK-R-R%22%2C%22eid%22%3A%22ARBv3TAp46liI7jUW53bBGobjs2C3ab3Enih2fyhPHf7eYYi9l8K5xLWrhjhyCjxQHs8d4WJKbnjRHQf%22%2C%22fref%22%3A%22gs%22%2C%22directed_target_id%22%3A1793170254294925%2C%22dti%22%3A1793170254294925%2C%22hc_location%22%3A%22group%22%7D\" data-hovercard-prefer-more-content-show=\"1\">Barbara Wagner<\/a> durften mit den Kindern zwei spannende Vormittage verbringen und das &#8218;Pr\u00fcfen &#8211; Rufen &#8211; Dr\u00fccken &#8211; Schocken&#8216; lehren.<\/p>\n<p>Und als besonderes &#8222;Zuckerl&#8220; haben uns die LehrerInnen versprochen, demn\u00e4chst unseren Fortbildungslehrgang an der P\u00e4dagogischen Hochschule Steiermark zu besuchen und diesen Unterricht selbst durchzuf\u00fchren. Wir werden sie dabei anfangs nat\u00fcrlich begleiten und mit Rat und ggf. auch Tat hilfreich zur Seite stehen.<\/p>\n<p><img loading=\"lazy\" class=\"alignnone wp-image-834 size-medium\" src=\"http:\/\/www.kinder-lernen-leben-retten.at\/wp-content\/uploads\/2019\/04\/VS-Schwanberg-19-5-300x169.jpg\" alt=\"\" width=\"300\" height=\"169\" srcset=\"https:\/\/www.kinder-lernen-leben-retten.at\/wp-content\/uploads\/2019\/04\/VS-Schwanberg-19-5-300x169.jpg 300w, https:\/\/www.kinder-lernen-leben-retten.at\/wp-content\/uploads\/2019\/04\/VS-Schwanberg-19-5-768x432.jpg 768w, https:\/\/www.kinder-lernen-leben-retten.at\/wp-content\/uploads\/2019\/04\/VS-Schwanberg-19-5-1024x576.jpg 1024w, https:\/\/www.kinder-lernen-leben-retten.at\/wp-content\/uploads\/2019\/04\/VS-Schwanberg-19-5.jpg 1440w\" sizes=\"(max-width: 300px) 100vw, 300px\" \/> <img loading=\"lazy\" class=\"alignnone wp-image-835\" src=\"http:\/\/www.kinder-lernen-leben-retten.at\/wp-content\/uploads\/2019\/04\/VS-Schwanbg-19-1-300x225.jpg\" alt=\"\" width=\"396\" height=\"297\" srcset=\"https:\/\/www.kinder-lernen-leben-retten.at\/wp-content\/uploads\/2019\/04\/VS-Schwanbg-19-1-300x225.jpg 300w, https:\/\/www.kinder-lernen-leben-retten.at\/wp-content\/uploads\/2019\/04\/VS-Schwanbg-19-1-768x576.jpg 768w, https:\/\/www.kinder-lernen-leben-retten.at\/wp-content\/uploads\/2019\/04\/VS-Schwanbg-19-1-285x214.jpg 285w, https:\/\/www.kinder-lernen-leben-retten.at\/wp-content\/uploads\/2019\/04\/VS-Schwanbg-19-1.jpg 960w\" sizes=\"(max-width: 396px) 100vw, 396px\" \/> <img loading=\"lazy\" class=\"alignnone wp-image-836 size-medium\" src=\"http:\/\/www.kinder-lernen-leben-retten.at\/wp-content\/uploads\/2019\/04\/VS-Schwanbg.-19-2-300x241.jpg\" alt=\"\" width=\"300\" height=\"241\" srcset=\"https:\/\/www.kinder-lernen-leben-retten.at\/wp-content\/uploads\/2019\/04\/VS-Schwanbg.-19-2-300x241.jpg 300w, https:\/\/www.kinder-lernen-leben-retten.at\/wp-content\/uploads\/2019\/04\/VS-Schwanbg.-19-2-768x616.jpg 768w, https:\/\/www.kinder-lernen-leben-retten.at\/wp-content\/uploads\/2019\/04\/VS-Schwanbg.-19-2.jpg 960w\" sizes=\"(max-width: 300px) 100vw, 300px\" \/> <img loading=\"lazy\" class=\"alignnone wp-image-837 size-medium\" src=\"http:\/\/www.kinder-lernen-leben-retten.at\/wp-content\/uploads\/2019\/04\/VS-Schwanbg.-19-3-225x300.jpg\" alt=\"\" width=\"225\" height=\"300\" srcset=\"https:\/\/www.kinder-lernen-leben-retten.at\/wp-content\/uploads\/2019\/04\/VS-Schwanbg.-19-3-225x300.jpg 225w, https:\/\/www.kinder-lernen-leben-retten.at\/wp-content\/uploads\/2019\/04\/VS-Schwanbg.-19-3.jpg 720w\" sizes=\"(max-width: 225px) 100vw, 225px\" \/> <img loading=\"lazy\" class=\"alignnone wp-image-838 size-medium\" src=\"http:\/\/www.kinder-lernen-leben-retten.at\/wp-content\/uploads\/2019\/04\/VS-Schwanbg.-19-4-300x225.jpg\" alt=\"\" width=\"300\" height=\"225\" srcset=\"https:\/\/www.kinder-lernen-leben-retten.at\/wp-content\/uploads\/2019\/04\/VS-Schwanbg.-19-4-300x225.jpg 300w, https:\/\/www.kinder-lernen-leben-retten.at\/wp-content\/uploads\/2019\/04\/VS-Schwanbg.-19-4-768x576.jpg 768w, https:\/\/www.kinder-lernen-leben-retten.at\/wp-content\/uploads\/2019\/04\/VS-Schwanbg.-19-4-285x214.jpg 285w, https:\/\/www.kinder-lernen-leben-retten.at\/wp-content\/uploads\/2019\/04\/VS-Schwanbg.-19-4.jpg 960w\" sizes=\"(max-width: 300px) 100vw, 300px\" \/><\/p>\n<h1><\/h1>\n<h1><span style=\"color: #ff0000;\">Aktionstag &#8222;RETTEN MACHT SCHULE&#8220;<\/span><\/h1>\n<h2><span style=\"color: #ff0000;\">BG Rein 01\/19 &#8211; <span style=\"color: #000080;\">Peer-Teaching<\/span><\/span><\/h2>\n<p><a href=\"https:\/\/www.bgrein.at\/images\/stories\/revost\/2018_19\/BezirksREVUE_02_19_S27_Retten_macht_Schule1.pdf\" target=\"_blank\" rel=\"noopener noreferrer\">Zeitungsartikel<\/a><\/p>\n<p>130 Sch\u00fclerInnen aller ersten Klassen wurden von 30 Peers der Oberstufenklassen, darunter die &#8222;Ersthelfer-Gruppe&#8220; des <a href=\"http:\/\/www.jugendrotkreuz.at\/steiermark\/startseite\/\" target=\"_blank\" rel=\"noopener noreferrer\"><strong>\u00d6JRK<\/strong><\/a> in 6 Stationen &#8211; welche die Peers mit Hilfe und Unterst\u00fctzung begeisterter LehrerInnen selbst vorbereitet hatten &#8211; in Ma\u00dfnahmen der Wiederbelebung geschult.<\/p>\n<p>Gem\u00e4\u00df unserem Konzept bereits in der zweiten Ausbildungsstufe, d.h. neben dem RUFEN-DR\u00dcCKEN-SCHOCKEN wurde auch die Seitenlage f\u00fcr bewusstlose Patienten unterrichtet und ausgiebigst ge\u00fcbt. Etliche Sch\u00fclerInnen, die zuvor die VS in Hitzendorf besucht haben, waren damit bereits zum dritten Mal in einem unserer Wiederbelebungstrainings mit dabei.<\/p>\n<p>Organisiert wurde dieser einma mehr tolle Aktionstag von Fr. Mag. Gudula Brandmeier und <a href=\"https:\/\/www.facebook.com\/sabine.distl.5\" target=\"_blank\" rel=\"noopener noreferrer\">Sabine Distl<\/a> von <a href=\"http:\/\/grosse-schuetzen-kleine.at\" target=\"_blank\" rel=\"noopener noreferrer\">&#8222;Gro\u00dfe sch\u00fctzen Kleine&#8220;<\/a><\/p>\n<p><a href=\"http:\/\/www.kinder-lernen-leben-retten.at\/wp-content\/uploads\/2019\/02\/4Syjm2VVT9e5Bc5luYr8sQ_thumb_b65a.jpg\" target=\"_blank\" rel=\"noopener noreferrer\"><img loading=\"lazy\" class=\"alignnone wp-image-779\" src=\"http:\/\/www.kinder-lernen-leben-retten.at\/wp-content\/uploads\/2019\/02\/4Syjm2VVT9e5Bc5luYr8sQ_thumb_b65a-300x225.jpg\" alt=\"\" width=\"264\" height=\"198\" srcset=\"https:\/\/www.kinder-lernen-leben-retten.at\/wp-content\/uploads\/2019\/02\/4Syjm2VVT9e5Bc5luYr8sQ_thumb_b65a-300x225.jpg 300w, https:\/\/www.kinder-lernen-leben-retten.at\/wp-content\/uploads\/2019\/02\/4Syjm2VVT9e5Bc5luYr8sQ_thumb_b65a-768x576.jpg 768w, https:\/\/www.kinder-lernen-leben-retten.at\/wp-content\/uploads\/2019\/02\/4Syjm2VVT9e5Bc5luYr8sQ_thumb_b65a.jpg 1024w, https:\/\/www.kinder-lernen-leben-retten.at\/wp-content\/uploads\/2019\/02\/4Syjm2VVT9e5Bc5luYr8sQ_thumb_b65a-285x214.jpg 285w\" sizes=\"(max-width: 264px) 100vw, 264px\" \/><\/a>\u00a0\u00a0<a href=\"http:\/\/www.kinder-lernen-leben-retten.at\/wp-content\/uploads\/2019\/02\/6wBsj8DxTMKv3Pt0zVejeQ_thumb_b668.jpg\" target=\"_blank\" rel=\"noopener noreferrer\"><img loading=\"lazy\" class=\"alignnone wp-image-780\" src=\"http:\/\/www.kinder-lernen-leben-retten.at\/wp-content\/uploads\/2019\/02\/6wBsj8DxTMKv3Pt0zVejeQ_thumb_b668-300x225.jpg\" alt=\"\" width=\"263\" height=\"197\" srcset=\"https:\/\/www.kinder-lernen-leben-retten.at\/wp-content\/uploads\/2019\/02\/6wBsj8DxTMKv3Pt0zVejeQ_thumb_b668-300x225.jpg 300w, https:\/\/www.kinder-lernen-leben-retten.at\/wp-content\/uploads\/2019\/02\/6wBsj8DxTMKv3Pt0zVejeQ_thumb_b668-768x576.jpg 768w, https:\/\/www.kinder-lernen-leben-retten.at\/wp-content\/uploads\/2019\/02\/6wBsj8DxTMKv3Pt0zVejeQ_thumb_b668.jpg 1024w, https:\/\/www.kinder-lernen-leben-retten.at\/wp-content\/uploads\/2019\/02\/6wBsj8DxTMKv3Pt0zVejeQ_thumb_b668-285x214.jpg 285w\" sizes=\"(max-width: 263px) 100vw, 263px\" \/><\/a>\u00a0\u00a0<a href=\"http:\/\/www.kinder-lernen-leben-retten.at\/wp-content\/uploads\/2019\/02\/HXsKwtGBRgyfpVGN3dSg_thumb_b659.jpg\" target=\"_blank\" rel=\"noopener noreferrer\"><img loading=\"lazy\" class=\"alignnone wp-image-781\" src=\"http:\/\/www.kinder-lernen-leben-retten.at\/wp-content\/uploads\/2019\/02\/HXsKwtGBRgyfpVGN3dSg_thumb_b659-300x225.jpg\" alt=\"\" width=\"264\" height=\"198\" srcset=\"https:\/\/www.kinder-lernen-leben-retten.at\/wp-content\/uploads\/2019\/02\/HXsKwtGBRgyfpVGN3dSg_thumb_b659-300x225.jpg 300w, https:\/\/www.kinder-lernen-leben-retten.at\/wp-content\/uploads\/2019\/02\/HXsKwtGBRgyfpVGN3dSg_thumb_b659-768x576.jpg 768w, https:\/\/www.kinder-lernen-leben-retten.at\/wp-content\/uploads\/2019\/02\/HXsKwtGBRgyfpVGN3dSg_thumb_b659.jpg 1024w, https:\/\/www.kinder-lernen-leben-retten.at\/wp-content\/uploads\/2019\/02\/HXsKwtGBRgyfpVGN3dSg_thumb_b659-285x214.jpg 285w\" sizes=\"(max-width: 264px) 100vw, 264px\" \/><\/a><\/p>\n<p><a href=\"http:\/\/www.kinder-lernen-leben-retten.at\/wp-content\/uploads\/2019\/02\/l2Il6mbwRXigfzKTPxnkNw_thumb_b663.jpg\" target=\"_blank\" rel=\"noopener noreferrer\"><img loading=\"lazy\" class=\"alignnone wp-image-784\" src=\"http:\/\/www.kinder-lernen-leben-retten.at\/wp-content\/uploads\/2019\/02\/l2Il6mbwRXigfzKTPxnkNw_thumb_b663-300x225.jpg\" alt=\"\" width=\"263\" height=\"197\" srcset=\"https:\/\/www.kinder-lernen-leben-retten.at\/wp-content\/uploads\/2019\/02\/l2Il6mbwRXigfzKTPxnkNw_thumb_b663-300x225.jpg 300w, https:\/\/www.kinder-lernen-leben-retten.at\/wp-content\/uploads\/2019\/02\/l2Il6mbwRXigfzKTPxnkNw_thumb_b663-768x576.jpg 768w, https:\/\/www.kinder-lernen-leben-retten.at\/wp-content\/uploads\/2019\/02\/l2Il6mbwRXigfzKTPxnkNw_thumb_b663.jpg 1024w, https:\/\/www.kinder-lernen-leben-retten.at\/wp-content\/uploads\/2019\/02\/l2Il6mbwRXigfzKTPxnkNw_thumb_b663-285x214.jpg 285w\" sizes=\"(max-width: 263px) 100vw, 263px\" \/><\/a>\u00a0 \u00a0 \u00a0 \u00a0 \u00a0 \u00a0 \u00a0<a href=\"http:\/\/www.kinder-lernen-leben-retten.at\/wp-content\/uploads\/2019\/02\/mk60rtl9TEaDiLBR0xBuYQ_thumb_b683.jpg\" target=\"_blank\" rel=\"noopener noreferrer\"><img loading=\"lazy\" class=\"alignnone wp-image-785\" src=\"http:\/\/www.kinder-lernen-leben-retten.at\/wp-content\/uploads\/2019\/02\/mk60rtl9TEaDiLBR0xBuYQ_thumb_b683-225x300.jpg\" alt=\"\" width=\"196\" height=\"261\" srcset=\"https:\/\/www.kinder-lernen-leben-retten.at\/wp-content\/uploads\/2019\/02\/mk60rtl9TEaDiLBR0xBuYQ_thumb_b683-225x300.jpg 225w, https:\/\/www.kinder-lernen-leben-retten.at\/wp-content\/uploads\/2019\/02\/mk60rtl9TEaDiLBR0xBuYQ_thumb_b683.jpg 768w\" sizes=\"(max-width: 196px) 100vw, 196px\" \/><\/a>\u00a0 \u00a0 \u00a0 \u00a0 \u00a0\u00a0<a href=\"http:\/\/www.kinder-lernen-leben-retten.at\/wp-content\/uploads\/2019\/02\/myE3FYiMQh6ahsEvhy3eIg_thumb_b66d.jpg\" target=\"_blank\" rel=\"noopener noreferrer\"><img loading=\"lazy\" class=\"alignnone wp-image-786\" src=\"http:\/\/www.kinder-lernen-leben-retten.at\/wp-content\/uploads\/2019\/02\/myE3FYiMQh6ahsEvhy3eIg_thumb_b66d-300x225.jpg\" alt=\"\" width=\"269\" height=\"202\" srcset=\"https:\/\/www.kinder-lernen-leben-retten.at\/wp-content\/uploads\/2019\/02\/myE3FYiMQh6ahsEvhy3eIg_thumb_b66d-300x225.jpg 300w, https:\/\/www.kinder-lernen-leben-retten.at\/wp-content\/uploads\/2019\/02\/myE3FYiMQh6ahsEvhy3eIg_thumb_b66d-768x576.jpg 768w, https:\/\/www.kinder-lernen-leben-retten.at\/wp-content\/uploads\/2019\/02\/myE3FYiMQh6ahsEvhy3eIg_thumb_b66d.jpg 1024w, https:\/\/www.kinder-lernen-leben-retten.at\/wp-content\/uploads\/2019\/02\/myE3FYiMQh6ahsEvhy3eIg_thumb_b66d-285x214.jpg 285w\" sizes=\"(max-width: 269px) 100vw, 269px\" \/><\/a><\/p>\n<p><a href=\"http:\/\/www.kinder-lernen-leben-retten.at\/wp-content\/uploads\/2019\/02\/Q7XxiaMIR2qLEiaOh78Og_thumb_b65e.jpg\" target=\"_blank\" rel=\"noopener noreferrer\"><img loading=\"lazy\" class=\"alignnone wp-image-788\" src=\"http:\/\/www.kinder-lernen-leben-retten.at\/wp-content\/uploads\/2019\/02\/Q7XxiaMIR2qLEiaOh78Og_thumb_b65e-300x225.jpg\" alt=\"\" width=\"267\" height=\"200\" srcset=\"https:\/\/www.kinder-lernen-leben-retten.at\/wp-content\/uploads\/2019\/02\/Q7XxiaMIR2qLEiaOh78Og_thumb_b65e-300x225.jpg 300w, https:\/\/www.kinder-lernen-leben-retten.at\/wp-content\/uploads\/2019\/02\/Q7XxiaMIR2qLEiaOh78Og_thumb_b65e-768x576.jpg 768w, https:\/\/www.kinder-lernen-leben-retten.at\/wp-content\/uploads\/2019\/02\/Q7XxiaMIR2qLEiaOh78Og_thumb_b65e.jpg 1024w, https:\/\/www.kinder-lernen-leben-retten.at\/wp-content\/uploads\/2019\/02\/Q7XxiaMIR2qLEiaOh78Og_thumb_b65e-285x214.jpg 285w\" sizes=\"(max-width: 267px) 100vw, 267px\" \/><\/a>\u00a0\u00a0<a href=\"http:\/\/www.kinder-lernen-leben-retten.at\/wp-content\/uploads\/2019\/02\/YXdJ1JVFThyIxmqMyIRhCw_thumb_b682.jpg\" target=\"_blank\" rel=\"noopener noreferrer\"><img loading=\"lazy\" class=\"alignnone wp-image-792\" src=\"http:\/\/www.kinder-lernen-leben-retten.at\/wp-content\/uploads\/2019\/02\/YXdJ1JVFThyIxmqMyIRhCw_thumb_b682-300x225.jpg\" alt=\"\" width=\"268\" height=\"201\" srcset=\"https:\/\/www.kinder-lernen-leben-retten.at\/wp-content\/uploads\/2019\/02\/YXdJ1JVFThyIxmqMyIRhCw_thumb_b682-300x225.jpg 300w, https:\/\/www.kinder-lernen-leben-retten.at\/wp-content\/uploads\/2019\/02\/YXdJ1JVFThyIxmqMyIRhCw_thumb_b682-768x576.jpg 768w, https:\/\/www.kinder-lernen-leben-retten.at\/wp-content\/uploads\/2019\/02\/YXdJ1JVFThyIxmqMyIRhCw_thumb_b682.jpg 1024w, https:\/\/www.kinder-lernen-leben-retten.at\/wp-content\/uploads\/2019\/02\/YXdJ1JVFThyIxmqMyIRhCw_thumb_b682-285x214.jpg 285w\" sizes=\"(max-width: 268px) 100vw, 268px\" \/><\/a>\u00a0\u00a0<a href=\"http:\/\/www.kinder-lernen-leben-retten.at\/wp-content\/uploads\/2019\/02\/zbH26yxsQni9NvAKWomC9Q_thumb_b65f.jpg\" target=\"_blank\" rel=\"noopener noreferrer\"><img loading=\"lazy\" class=\"alignnone wp-image-793\" src=\"http:\/\/www.kinder-lernen-leben-retten.at\/wp-content\/uploads\/2019\/02\/zbH26yxsQni9NvAKWomC9Q_thumb_b65f-300x225.jpg\" alt=\"\" width=\"269\" height=\"202\" srcset=\"https:\/\/www.kinder-lernen-leben-retten.at\/wp-content\/uploads\/2019\/02\/zbH26yxsQni9NvAKWomC9Q_thumb_b65f-300x225.jpg 300w, https:\/\/www.kinder-lernen-leben-retten.at\/wp-content\/uploads\/2019\/02\/zbH26yxsQni9NvAKWomC9Q_thumb_b65f-768x576.jpg 768w, https:\/\/www.kinder-lernen-leben-retten.at\/wp-content\/uploads\/2019\/02\/zbH26yxsQni9NvAKWomC9Q_thumb_b65f.jpg 1024w, https:\/\/www.kinder-lernen-leben-retten.at\/wp-content\/uploads\/2019\/02\/zbH26yxsQni9NvAKWomC9Q_thumb_b65f-285x214.jpg 285w\" sizes=\"(max-width: 269px) 100vw, 269px\" \/><\/a><\/p>\n<p><a href=\"http:\/\/www.kinder-lernen-leben-retten.at\/wp-content\/uploads\/2019\/02\/Wdi7sVkWQ6G7QCgf8Hq4cg_thumb_b68b.jpg\" target=\"_blank\" rel=\"noopener noreferrer\"><img loading=\"lazy\" class=\"aligncenter wp-image-790\" src=\"http:\/\/www.kinder-lernen-leben-retten.at\/wp-content\/uploads\/2019\/02\/Wdi7sVkWQ6G7QCgf8Hq4cg_thumb_b68b-300x225.jpg\" alt=\"\" width=\"368\" height=\"276\" srcset=\"https:\/\/www.kinder-lernen-leben-retten.at\/wp-content\/uploads\/2019\/02\/Wdi7sVkWQ6G7QCgf8Hq4cg_thumb_b68b-300x225.jpg 300w, https:\/\/www.kinder-lernen-leben-retten.at\/wp-content\/uploads\/2019\/02\/Wdi7sVkWQ6G7QCgf8Hq4cg_thumb_b68b-768x576.jpg 768w, https:\/\/www.kinder-lernen-leben-retten.at\/wp-content\/uploads\/2019\/02\/Wdi7sVkWQ6G7QCgf8Hq4cg_thumb_b68b.jpg 1024w, https:\/\/www.kinder-lernen-leben-retten.at\/wp-content\/uploads\/2019\/02\/Wdi7sVkWQ6G7QCgf8Hq4cg_thumb_b68b-285x214.jpg 285w\" sizes=\"(max-width: 368px) 100vw, 368px\" \/><\/a><\/p>\n<h1><span style=\"color: #ff0000;\">&#8222;Train The Trainer&#8220;\u00a0<\/span><span style=\"color: #ff0000;\">(11\/18)<\/span><\/h1>\n<h3><span style=\"color: #0000ff;\">Fortbildung f\u00fcr Prim\u00e4rp\u00e4dagogInnen an der <a style=\"color: #0000ff;\" href=\"https:\/\/phst.at\/home\/\" target=\"_blank\" rel=\"noopener noreferrer\">P\u00e4dagogischen Hochschule Steiermark\u00a0<\/a><\/span><\/h3>\n<p>Nach dem ersten Probelauf im Sommersemester 2018 war es soweit und wir durften Volksschul-P\u00e4dagogInnen aus der ganzen Steiermark begr\u00fc\u00dfen: in 4 Unterrichtseinheiten referierten wir \u00fcber die Bedeutung des Themas genauso wie \u00fcber medizinische Grundlagen und Hintergr\u00fcnde um sodann gemeinsam den fachdidaktischen Teil mit den TeilnehmerInnen durchzuspielen: wie bringe ich das Wissen &#8211;&gt;RUFEN \u00a0&#8211;&gt; DR\u00dcCKEN \u00a0&#8211;&gt; SCHOCKEN auch an die Kinder ab der 3. Schulstufe heran.<\/p>\n<p>Das Interesse und die Mitarbeit waren gro\u00dfartig und wir wissen, das die ersten TeilnehmerInnen an ihrer VS das Erlernte auch bereits umgesetzt haben.<\/p>\n<p><strong><span style=\"color: #ff0000;\">Wir freuen uns weiters, dass wir mit den Verantwortlichen an der P\u00e4dagogischen Hochschule Stmk. bereits Termine f\u00fcr die n\u00e4chsten Semester bis hinein in die Sommer-Hochschule 2020! fixieren konnten.<\/span><\/strong><\/p>\n<p><a href=\"http:\/\/www.kinder-lernen-leben-retten.at\/wp-content\/uploads\/2018\/12\/PH-FB-18-1.jpg\" target=\"_blank\" rel=\"noopener noreferrer\"><img loading=\"lazy\" class=\"alignnone wp-image-737\" src=\"http:\/\/www.kinder-lernen-leben-retten.at\/wp-content\/uploads\/2018\/12\/PH-FB-18-1-300x225.jpg\" alt=\"\" width=\"251\" height=\"188\" srcset=\"https:\/\/www.kinder-lernen-leben-retten.at\/wp-content\/uploads\/2018\/12\/PH-FB-18-1-300x225.jpg 300w, https:\/\/www.kinder-lernen-leben-retten.at\/wp-content\/uploads\/2018\/12\/PH-FB-18-1-768x576.jpg 768w, https:\/\/www.kinder-lernen-leben-retten.at\/wp-content\/uploads\/2018\/12\/PH-FB-18-1.jpg 1024w, https:\/\/www.kinder-lernen-leben-retten.at\/wp-content\/uploads\/2018\/12\/PH-FB-18-1-285x214.jpg 285w\" sizes=\"(max-width: 251px) 100vw, 251px\" \/><\/a>\u00a0\u00a0<a href=\"http:\/\/www.kinder-lernen-leben-retten.at\/wp-content\/uploads\/2018\/12\/PH-FB-18-2.jpg\" target=\"_blank\" rel=\"noopener noreferrer\"><img loading=\"lazy\" class=\"alignnone wp-image-738\" src=\"http:\/\/www.kinder-lernen-leben-retten.at\/wp-content\/uploads\/2018\/12\/PH-FB-18-2-300x225.jpg\" alt=\"\" width=\"249\" height=\"186\" srcset=\"https:\/\/www.kinder-lernen-leben-retten.at\/wp-content\/uploads\/2018\/12\/PH-FB-18-2-300x225.jpg 300w, https:\/\/www.kinder-lernen-leben-retten.at\/wp-content\/uploads\/2018\/12\/PH-FB-18-2-768x576.jpg 768w, https:\/\/www.kinder-lernen-leben-retten.at\/wp-content\/uploads\/2018\/12\/PH-FB-18-2-285x214.jpg 285w, https:\/\/www.kinder-lernen-leben-retten.at\/wp-content\/uploads\/2018\/12\/PH-FB-18-2.jpg 960w\" sizes=\"(max-width: 249px) 100vw, 249px\" \/><\/a>\u00a0\u00a0 <a href=\"http:\/\/www.kinder-lernen-leben-retten.at\/wp-content\/uploads\/2018\/12\/PH-FB-18-3.jpg\" target=\"_blank\" rel=\"noopener noreferrer\"><img loading=\"lazy\" class=\"alignnone wp-image-739\" src=\"http:\/\/www.kinder-lernen-leben-retten.at\/wp-content\/uploads\/2018\/12\/PH-FB-18-3-300x225.jpg\" alt=\"\" width=\"249\" height=\"186\" srcset=\"https:\/\/www.kinder-lernen-leben-retten.at\/wp-content\/uploads\/2018\/12\/PH-FB-18-3-300x225.jpg 300w, https:\/\/www.kinder-lernen-leben-retten.at\/wp-content\/uploads\/2018\/12\/PH-FB-18-3-768x576.jpg 768w, https:\/\/www.kinder-lernen-leben-retten.at\/wp-content\/uploads\/2018\/12\/PH-FB-18-3-285x214.jpg 285w, https:\/\/www.kinder-lernen-leben-retten.at\/wp-content\/uploads\/2018\/12\/PH-FB-18-3.jpg 960w\" sizes=\"(max-width: 249px) 100vw, 249px\" \/><\/a><\/p>\n<h1><span style=\"color: #ff0000;\"><a style=\"color: #ff0000;\" href=\"https:\/\/www.bgrein.at\" target=\"_blank\" rel=\"noopener noreferrer\">BG Rein<\/a>\u00a0\u00a0<\/span><span style=\"color: #ff0000;\">&#8222;Xundis-Tag&#8220; (11\/18)<\/span><\/h1>\n<p>Wir waren selten so begeistert, durften uns das erste Mal beinahe entspannt zur\u00fccklehnen und wurden nur ein klein wenig unterst\u00fctzend t\u00e4tig, so unsagbar begeistert und engagiert waren die Sch\u00fclerInnen mit Ihren Lehrerinnen begeistert dabei: in Vorbereitung auf den geplanten <strong><span style=\"color: #000080;\">Projekttag im Januar 2019<\/span><\/strong>, wo wir mit &#8222;Peer-Teaching&#8220; ein Konzept f\u00fcr die h\u00f6heren Schulen erproben wollen, konnten wir mit den &#8222;Xundis&#8220;, den GesundheitssprecherInnen der Oberstufenklassen unterst\u00fctzt von den Sch\u00fclerInnen der &#8222;Erste-Hilfe-Gruppe&#8220;, Materialien f\u00fcr die Stationen anfertigen.<\/p>\n<p>Im Anschluss daran wurde der Stationsbetrieb mit diesen Materialien mit den &#8222;Xundis&#8220; der Unterstufenklassen als TeilnehmerInnen in den wundersch\u00f6nen R\u00e4umlichkeiten des <a href=\"https:\/\/www.stift-rein.at\" target=\"_blank\" rel=\"noopener noreferrer\">Stift Rein<\/a> im Probedurchlauf getestet.<\/p>\n<p>Mit dabei waren an diesem, jedes Jahr stattfindenden &#8222;Xundistag&#8220;, \u00a0Mag. Petra P\u00f6llinger vom <a href=\"https:\/\/www.roteskreuz.at\/stmk\/kurse-aus-weiterbildung\/fuer-mitarbeiter\/bildungs-und-einsatzzentrum-laubegg\/\" target=\"_blank\" rel=\"noopener noreferrer\">Bildungszentrum des \u00d6RK-LV Stmk.<\/a> auch die <span style=\"color: #800080;\"><a style=\"color: #800080;\" href=\"https:\/\/www.auva.at\/cdscontent\/?contentid=10007.670874&amp;viewmode=content\" target=\"_blank\" rel=\"noopener noreferrer\">AUVA<\/a><\/span> und nat\u00fcrlich als Organisator neben Mag. Gudula Brandmeier, Sabine Distl mit ihren KollegInnen von <a href=\"http:\/\/grosse-schuetzen-kleine.at\" target=\"_blank\" rel=\"noopener noreferrer\">&#8222;Gro\u00dfe sch\u00fctzen Kleine&#8220;<\/a><\/p>\n<p><a href=\"http:\/\/www.kinder-lernen-leben-retten.at\/wp-content\/uploads\/2018\/11\/0w7muEPReic0yEvqEidNQ_thumb_b44e.jpg\" target=\"_blank\" rel=\"noopener noreferrer\"><img loading=\"lazy\" class=\"alignnone wp-image-689\" src=\"http:\/\/www.kinder-lernen-leben-retten.at\/wp-content\/uploads\/2018\/11\/0w7muEPReic0yEvqEidNQ_thumb_b44e-300x225.jpg\" alt=\"\" width=\"257\" height=\"193\" srcset=\"https:\/\/www.kinder-lernen-leben-retten.at\/wp-content\/uploads\/2018\/11\/0w7muEPReic0yEvqEidNQ_thumb_b44e-300x225.jpg 300w, https:\/\/www.kinder-lernen-leben-retten.at\/wp-content\/uploads\/2018\/11\/0w7muEPReic0yEvqEidNQ_thumb_b44e-768x576.jpg 768w, https:\/\/www.kinder-lernen-leben-retten.at\/wp-content\/uploads\/2018\/11\/0w7muEPReic0yEvqEidNQ_thumb_b44e.jpg 1024w, https:\/\/www.kinder-lernen-leben-retten.at\/wp-content\/uploads\/2018\/11\/0w7muEPReic0yEvqEidNQ_thumb_b44e-285x214.jpg 285w\" sizes=\"(max-width: 257px) 100vw, 257px\" \/><\/a>\u00a0\u00a0<a href=\"http:\/\/www.kinder-lernen-leben-retten.at\/wp-content\/uploads\/2018\/11\/6NCnQK86Rtux42bymran6g_thumb_b44b.jpg\" target=\"_blank\" rel=\"noopener noreferrer\"><img loading=\"lazy\" class=\"alignnone wp-image-690\" src=\"http:\/\/www.kinder-lernen-leben-retten.at\/wp-content\/uploads\/2018\/11\/6NCnQK86Rtux42bymran6g_thumb_b44b-300x225.jpg\" alt=\"\" width=\"255\" height=\"191\" srcset=\"https:\/\/www.kinder-lernen-leben-retten.at\/wp-content\/uploads\/2018\/11\/6NCnQK86Rtux42bymran6g_thumb_b44b-300x225.jpg 300w, https:\/\/www.kinder-lernen-leben-retten.at\/wp-content\/uploads\/2018\/11\/6NCnQK86Rtux42bymran6g_thumb_b44b-768x576.jpg 768w, https:\/\/www.kinder-lernen-leben-retten.at\/wp-content\/uploads\/2018\/11\/6NCnQK86Rtux42bymran6g_thumb_b44b.jpg 1024w, https:\/\/www.kinder-lernen-leben-retten.at\/wp-content\/uploads\/2018\/11\/6NCnQK86Rtux42bymran6g_thumb_b44b-285x214.jpg 285w\" sizes=\"(max-width: 255px) 100vw, 255px\" \/><\/a>\u00a0\u00a0<a href=\"http:\/\/www.kinder-lernen-leben-retten.at\/wp-content\/uploads\/2018\/11\/7QlqafV1TkqdIUVCpUBOZA_thumb_b448.jpg\" target=\"_blank\" rel=\"noopener noreferrer\"><img loading=\"lazy\" class=\"alignnone wp-image-691\" src=\"http:\/\/www.kinder-lernen-leben-retten.at\/wp-content\/uploads\/2018\/11\/7QlqafV1TkqdIUVCpUBOZA_thumb_b448-300x225.jpg\" alt=\"\" width=\"256\" height=\"192\" srcset=\"https:\/\/www.kinder-lernen-leben-retten.at\/wp-content\/uploads\/2018\/11\/7QlqafV1TkqdIUVCpUBOZA_thumb_b448-300x225.jpg 300w, https:\/\/www.kinder-lernen-leben-retten.at\/wp-content\/uploads\/2018\/11\/7QlqafV1TkqdIUVCpUBOZA_thumb_b448-768x576.jpg 768w, https:\/\/www.kinder-lernen-leben-retten.at\/wp-content\/uploads\/2018\/11\/7QlqafV1TkqdIUVCpUBOZA_thumb_b448.jpg 1024w, https:\/\/www.kinder-lernen-leben-retten.at\/wp-content\/uploads\/2018\/11\/7QlqafV1TkqdIUVCpUBOZA_thumb_b448-285x214.jpg 285w\" sizes=\"(max-width: 256px) 100vw, 256px\" \/><\/a><\/p>\n<p><a href=\"http:\/\/www.kinder-lernen-leben-retten.at\/wp-content\/uploads\/2018\/11\/41FVdT2ZQky6TX1h5m9Pw_thumb_b447.jpg\" target=\"_blank\" rel=\"noopener noreferrer\"><img loading=\"lazy\" class=\"alignnone wp-image-692\" src=\"http:\/\/www.kinder-lernen-leben-retten.at\/wp-content\/uploads\/2018\/11\/41FVdT2ZQky6TX1h5m9Pw_thumb_b447-300x225.jpg\" alt=\"\" width=\"257\" height=\"193\" srcset=\"https:\/\/www.kinder-lernen-leben-retten.at\/wp-content\/uploads\/2018\/11\/41FVdT2ZQky6TX1h5m9Pw_thumb_b447-300x225.jpg 300w, https:\/\/www.kinder-lernen-leben-retten.at\/wp-content\/uploads\/2018\/11\/41FVdT2ZQky6TX1h5m9Pw_thumb_b447-768x576.jpg 768w, https:\/\/www.kinder-lernen-leben-retten.at\/wp-content\/uploads\/2018\/11\/41FVdT2ZQky6TX1h5m9Pw_thumb_b447.jpg 1024w, https:\/\/www.kinder-lernen-leben-retten.at\/wp-content\/uploads\/2018\/11\/41FVdT2ZQky6TX1h5m9Pw_thumb_b447-285x214.jpg 285w\" sizes=\"(max-width: 257px) 100vw, 257px\" \/><\/a>\u00a0 <a href=\"http:\/\/www.kinder-lernen-leben-retten.at\/wp-content\/uploads\/2018\/11\/AT526PhUQZiylf1SotELw_thumb_b445.jpg\" target=\"_blank\" rel=\"noopener noreferrer\"><img loading=\"lazy\" class=\"alignnone wp-image-693\" src=\"http:\/\/www.kinder-lernen-leben-retten.at\/wp-content\/uploads\/2018\/11\/AT526PhUQZiylf1SotELw_thumb_b445-300x225.jpg\" alt=\"\" width=\"255\" height=\"191\" srcset=\"https:\/\/www.kinder-lernen-leben-retten.at\/wp-content\/uploads\/2018\/11\/AT526PhUQZiylf1SotELw_thumb_b445-300x225.jpg 300w, https:\/\/www.kinder-lernen-leben-retten.at\/wp-content\/uploads\/2018\/11\/AT526PhUQZiylf1SotELw_thumb_b445-768x576.jpg 768w, https:\/\/www.kinder-lernen-leben-retten.at\/wp-content\/uploads\/2018\/11\/AT526PhUQZiylf1SotELw_thumb_b445.jpg 1024w, https:\/\/www.kinder-lernen-leben-retten.at\/wp-content\/uploads\/2018\/11\/AT526PhUQZiylf1SotELw_thumb_b445-285x214.jpg 285w\" sizes=\"(max-width: 255px) 100vw, 255px\" \/><\/a>\u00a0\u00a0<a href=\"http:\/\/www.kinder-lernen-leben-retten.at\/wp-content\/uploads\/2018\/11\/EiI95bIhSXqR7Qgbpe8vw_thumb_b440.jpg\" target=\"_blank\" rel=\"noopener noreferrer\"><img loading=\"lazy\" class=\"alignnone wp-image-694\" src=\"http:\/\/www.kinder-lernen-leben-retten.at\/wp-content\/uploads\/2018\/11\/EiI95bIhSXqR7Qgbpe8vw_thumb_b440-300x225.jpg\" alt=\"\" width=\"255\" height=\"191\" srcset=\"https:\/\/www.kinder-lernen-leben-retten.at\/wp-content\/uploads\/2018\/11\/EiI95bIhSXqR7Qgbpe8vw_thumb_b440-300x225.jpg 300w, https:\/\/www.kinder-lernen-leben-retten.at\/wp-content\/uploads\/2018\/11\/EiI95bIhSXqR7Qgbpe8vw_thumb_b440-768x576.jpg 768w, https:\/\/www.kinder-lernen-leben-retten.at\/wp-content\/uploads\/2018\/11\/EiI95bIhSXqR7Qgbpe8vw_thumb_b440.jpg 1024w, https:\/\/www.kinder-lernen-leben-retten.at\/wp-content\/uploads\/2018\/11\/EiI95bIhSXqR7Qgbpe8vw_thumb_b440-285x214.jpg 285w\" sizes=\"(max-width: 255px) 100vw, 255px\" \/><\/a><\/p>\n<p><a href=\"http:\/\/www.kinder-lernen-leben-retten.at\/wp-content\/uploads\/2018\/11\/GuB55ZXiSdyMStrm2s2qiA_thumb_b456.jpg\" target=\"_blank\" rel=\"noopener noreferrer\"><img loading=\"lazy\" class=\"alignnone wp-image-695\" src=\"http:\/\/www.kinder-lernen-leben-retten.at\/wp-content\/uploads\/2018\/11\/GuB55ZXiSdyMStrm2s2qiA_thumb_b456-300x225.jpg\" alt=\"\" width=\"257\" height=\"193\" srcset=\"https:\/\/www.kinder-lernen-leben-retten.at\/wp-content\/uploads\/2018\/11\/GuB55ZXiSdyMStrm2s2qiA_thumb_b456-300x225.jpg 300w, https:\/\/www.kinder-lernen-leben-retten.at\/wp-content\/uploads\/2018\/11\/GuB55ZXiSdyMStrm2s2qiA_thumb_b456-768x576.jpg 768w, https:\/\/www.kinder-lernen-leben-retten.at\/wp-content\/uploads\/2018\/11\/GuB55ZXiSdyMStrm2s2qiA_thumb_b456.jpg 1024w, https:\/\/www.kinder-lernen-leben-retten.at\/wp-content\/uploads\/2018\/11\/GuB55ZXiSdyMStrm2s2qiA_thumb_b456-285x214.jpg 285w\" sizes=\"(max-width: 257px) 100vw, 257px\" \/><\/a>\u00a0\u00a0<a href=\"http:\/\/www.kinder-lernen-leben-retten.at\/wp-content\/uploads\/2018\/11\/LoLTt2aIQRNrEI5EYKqEg_thumb_b454.jpg\" target=\"_blank\" rel=\"noopener noreferrer\"><img loading=\"lazy\" class=\"alignnone wp-image-696\" src=\"http:\/\/www.kinder-lernen-leben-retten.at\/wp-content\/uploads\/2018\/11\/LoLTt2aIQRNrEI5EYKqEg_thumb_b454-300x225.jpg\" alt=\"\" width=\"256\" height=\"192\" srcset=\"https:\/\/www.kinder-lernen-leben-retten.at\/wp-content\/uploads\/2018\/11\/LoLTt2aIQRNrEI5EYKqEg_thumb_b454-300x225.jpg 300w, https:\/\/www.kinder-lernen-leben-retten.at\/wp-content\/uploads\/2018\/11\/LoLTt2aIQRNrEI5EYKqEg_thumb_b454-768x576.jpg 768w, https:\/\/www.kinder-lernen-leben-retten.at\/wp-content\/uploads\/2018\/11\/LoLTt2aIQRNrEI5EYKqEg_thumb_b454.jpg 1024w, https:\/\/www.kinder-lernen-leben-retten.at\/wp-content\/uploads\/2018\/11\/LoLTt2aIQRNrEI5EYKqEg_thumb_b454-285x214.jpg 285w\" sizes=\"(max-width: 256px) 100vw, 256px\" \/><\/a>\u00a0\u00a0<a href=\"http:\/\/www.kinder-lernen-leben-retten.at\/wp-content\/uploads\/2018\/11\/M2OwLC9XStS7cTq7vkZGpw_thumb_b44f.jpg\" target=\"_blank\" rel=\"noopener noreferrer\"><img loading=\"lazy\" class=\"alignnone wp-image-697\" src=\"http:\/\/www.kinder-lernen-leben-retten.at\/wp-content\/uploads\/2018\/11\/M2OwLC9XStS7cTq7vkZGpw_thumb_b44f-300x225.jpg\" alt=\"\" width=\"255\" height=\"191\" srcset=\"https:\/\/www.kinder-lernen-leben-retten.at\/wp-content\/uploads\/2018\/11\/M2OwLC9XStS7cTq7vkZGpw_thumb_b44f-300x225.jpg 300w, https:\/\/www.kinder-lernen-leben-retten.at\/wp-content\/uploads\/2018\/11\/M2OwLC9XStS7cTq7vkZGpw_thumb_b44f-768x576.jpg 768w, https:\/\/www.kinder-lernen-leben-retten.at\/wp-content\/uploads\/2018\/11\/M2OwLC9XStS7cTq7vkZGpw_thumb_b44f.jpg 1024w, https:\/\/www.kinder-lernen-leben-retten.at\/wp-content\/uploads\/2018\/11\/M2OwLC9XStS7cTq7vkZGpw_thumb_b44f-285x214.jpg 285w\" sizes=\"(max-width: 255px) 100vw, 255px\" \/><\/a><\/p>\n<p><a href=\"http:\/\/www.kinder-lernen-leben-retten.at\/wp-content\/uploads\/2018\/11\/MJZvY2AaRcezTLwIAOsh0A_thumb_b44d.jpg\" target=\"_blank\" rel=\"noopener noreferrer\"><img loading=\"lazy\" class=\"alignnone wp-image-698\" src=\"http:\/\/www.kinder-lernen-leben-retten.at\/wp-content\/uploads\/2018\/11\/MJZvY2AaRcezTLwIAOsh0A_thumb_b44d-300x225.jpg\" alt=\"\" width=\"257\" height=\"193\" srcset=\"https:\/\/www.kinder-lernen-leben-retten.at\/wp-content\/uploads\/2018\/11\/MJZvY2AaRcezTLwIAOsh0A_thumb_b44d-300x225.jpg 300w, https:\/\/www.kinder-lernen-leben-retten.at\/wp-content\/uploads\/2018\/11\/MJZvY2AaRcezTLwIAOsh0A_thumb_b44d-768x576.jpg 768w, https:\/\/www.kinder-lernen-leben-retten.at\/wp-content\/uploads\/2018\/11\/MJZvY2AaRcezTLwIAOsh0A_thumb_b44d.jpg 1024w, https:\/\/www.kinder-lernen-leben-retten.at\/wp-content\/uploads\/2018\/11\/MJZvY2AaRcezTLwIAOsh0A_thumb_b44d-285x214.jpg 285w\" sizes=\"(max-width: 257px) 100vw, 257px\" \/><\/a>\u00a0 <a href=\"http:\/\/www.kinder-lernen-leben-retten.at\/wp-content\/uploads\/2018\/11\/OIoTPynKTaa2zItMEc06A_thumb_b44c.jpg\" target=\"_blank\" rel=\"noopener noreferrer\"><img loading=\"lazy\" class=\"alignnone wp-image-699\" src=\"http:\/\/www.kinder-lernen-leben-retten.at\/wp-content\/uploads\/2018\/11\/OIoTPynKTaa2zItMEc06A_thumb_b44c-300x225.jpg\" alt=\"\" width=\"256\" height=\"192\" srcset=\"https:\/\/www.kinder-lernen-leben-retten.at\/wp-content\/uploads\/2018\/11\/OIoTPynKTaa2zItMEc06A_thumb_b44c-300x225.jpg 300w, https:\/\/www.kinder-lernen-leben-retten.at\/wp-content\/uploads\/2018\/11\/OIoTPynKTaa2zItMEc06A_thumb_b44c-768x576.jpg 768w, https:\/\/www.kinder-lernen-leben-retten.at\/wp-content\/uploads\/2018\/11\/OIoTPynKTaa2zItMEc06A_thumb_b44c.jpg 1024w, https:\/\/www.kinder-lernen-leben-retten.at\/wp-content\/uploads\/2018\/11\/OIoTPynKTaa2zItMEc06A_thumb_b44c-285x214.jpg 285w\" sizes=\"(max-width: 256px) 100vw, 256px\" \/><\/a>\u00a0\u00a0<a href=\"http:\/\/www.kinder-lernen-leben-retten.at\/wp-content\/uploads\/2018\/11\/PeBleL0nRjqzq60KBDmSVw_thumb_b455.jpg\" target=\"_blank\" rel=\"noopener noreferrer\"><img loading=\"lazy\" class=\"alignnone wp-image-700\" src=\"http:\/\/www.kinder-lernen-leben-retten.at\/wp-content\/uploads\/2018\/11\/PeBleL0nRjqzq60KBDmSVw_thumb_b455-300x225.jpg\" alt=\"\" width=\"255\" height=\"191\" srcset=\"https:\/\/www.kinder-lernen-leben-retten.at\/wp-content\/uploads\/2018\/11\/PeBleL0nRjqzq60KBDmSVw_thumb_b455-300x225.jpg 300w, https:\/\/www.kinder-lernen-leben-retten.at\/wp-content\/uploads\/2018\/11\/PeBleL0nRjqzq60KBDmSVw_thumb_b455-768x576.jpg 768w, https:\/\/www.kinder-lernen-leben-retten.at\/wp-content\/uploads\/2018\/11\/PeBleL0nRjqzq60KBDmSVw_thumb_b455.jpg 1024w, https:\/\/www.kinder-lernen-leben-retten.at\/wp-content\/uploads\/2018\/11\/PeBleL0nRjqzq60KBDmSVw_thumb_b455-285x214.jpg 285w\" sizes=\"(max-width: 255px) 100vw, 255px\" \/><\/a><\/p>\n<p><a href=\"http:\/\/www.kinder-lernen-leben-retten.at\/wp-content\/uploads\/2018\/11\/R6hl8811QySqCvKh2RviQ_thumb_b452.jpg\" target=\"_blank\" rel=\"noopener noreferrer\"><img loading=\"lazy\" class=\"alignnone wp-image-701\" src=\"http:\/\/www.kinder-lernen-leben-retten.at\/wp-content\/uploads\/2018\/11\/R6hl8811QySqCvKh2RviQ_thumb_b452-300x225.jpg\" alt=\"\" width=\"257\" height=\"193\" srcset=\"https:\/\/www.kinder-lernen-leben-retten.at\/wp-content\/uploads\/2018\/11\/R6hl8811QySqCvKh2RviQ_thumb_b452-300x225.jpg 300w, https:\/\/www.kinder-lernen-leben-retten.at\/wp-content\/uploads\/2018\/11\/R6hl8811QySqCvKh2RviQ_thumb_b452-768x576.jpg 768w, https:\/\/www.kinder-lernen-leben-retten.at\/wp-content\/uploads\/2018\/11\/R6hl8811QySqCvKh2RviQ_thumb_b452.jpg 1024w, https:\/\/www.kinder-lernen-leben-retten.at\/wp-content\/uploads\/2018\/11\/R6hl8811QySqCvKh2RviQ_thumb_b452-285x214.jpg 285w\" sizes=\"(max-width: 257px) 100vw, 257px\" \/><\/a>\u00a0\u00a0<a href=\"http:\/\/www.kinder-lernen-leben-retten.at\/wp-content\/uploads\/2018\/11\/TWcoUHlAQqKueLo6MIL6bQ_thumb_b45a.jpg\" target=\"_blank\" rel=\"noopener noreferrer\"><img loading=\"lazy\" class=\"alignnone wp-image-702\" src=\"http:\/\/www.kinder-lernen-leben-retten.at\/wp-content\/uploads\/2018\/11\/TWcoUHlAQqKueLo6MIL6bQ_thumb_b45a-300x225.jpg\" alt=\"\" width=\"257\" height=\"193\" srcset=\"https:\/\/www.kinder-lernen-leben-retten.at\/wp-content\/uploads\/2018\/11\/TWcoUHlAQqKueLo6MIL6bQ_thumb_b45a-300x225.jpg 300w, https:\/\/www.kinder-lernen-leben-retten.at\/wp-content\/uploads\/2018\/11\/TWcoUHlAQqKueLo6MIL6bQ_thumb_b45a-768x576.jpg 768w, https:\/\/www.kinder-lernen-leben-retten.at\/wp-content\/uploads\/2018\/11\/TWcoUHlAQqKueLo6MIL6bQ_thumb_b45a.jpg 1024w, https:\/\/www.kinder-lernen-leben-retten.at\/wp-content\/uploads\/2018\/11\/TWcoUHlAQqKueLo6MIL6bQ_thumb_b45a-285x214.jpg 285w\" sizes=\"(max-width: 257px) 100vw, 257px\" \/><\/a>\u00a0\u00a0<a href=\"http:\/\/www.kinder-lernen-leben-retten.at\/wp-content\/uploads\/2018\/11\/yHBS5rN1TwCTjcIPAUXcRA_thumb_b453.jpg\" target=\"_blank\" rel=\"noopener noreferrer\"><img loading=\"lazy\" class=\"alignnone wp-image-703\" src=\"http:\/\/www.kinder-lernen-leben-retten.at\/wp-content\/uploads\/2018\/11\/yHBS5rN1TwCTjcIPAUXcRA_thumb_b453-300x225.jpg\" alt=\"\" width=\"256\" height=\"192\" srcset=\"https:\/\/www.kinder-lernen-leben-retten.at\/wp-content\/uploads\/2018\/11\/yHBS5rN1TwCTjcIPAUXcRA_thumb_b453-300x225.jpg 300w, https:\/\/www.kinder-lernen-leben-retten.at\/wp-content\/uploads\/2018\/11\/yHBS5rN1TwCTjcIPAUXcRA_thumb_b453-768x576.jpg 768w, https:\/\/www.kinder-lernen-leben-retten.at\/wp-content\/uploads\/2018\/11\/yHBS5rN1TwCTjcIPAUXcRA_thumb_b453.jpg 1024w, https:\/\/www.kinder-lernen-leben-retten.at\/wp-content\/uploads\/2018\/11\/yHBS5rN1TwCTjcIPAUXcRA_thumb_b453-285x214.jpg 285w\" sizes=\"(max-width: 256px) 100vw, 256px\" \/><\/a><\/p>\n<h1 style=\"text-align: left;\"><span style=\"color: #ff0000;\"><a style=\"color: #ff0000;\" href=\"https:\/\/vs-oswald.jimdo.com\" target=\"_blank\" rel=\"noopener noreferrer\">Volksschule St. Oswald ob Eibiswald<\/a> (05\/2018)<\/span><\/h1>\n<p>stellvertretend f\u00fcr die Schulen, die in diesem Schuljahr neu zu unserem Projekt dazugestossen sind und mit Begeisterung mitgetan haben, wollen wir heute die Kids der VS St. Oswald ob Eibiswald vorstellen:<\/p>\n<p>20 Kinder der 1. bis 4. Schulstufe waren mit gro\u00dfem Eifer und voller Begeisterung dabei!<br \/>\n<strong>Rufen- Dr\u00fccken- Schocken<\/strong>, kein Problem unter der sachkundigen Anleitung von <a class=\"profileLink\" href=\"https:\/\/www.facebook.com\/gerhard.furpass?fref=mentions\" data-hovercard=\"\/ajax\/hovercard\/user.php?id=100001090620620&amp;extragetparams=%7B%22fref%22%3A%22mentions%22%7D\" data-hovercard-prefer-more-content-show=\"1\">Gerhard F\u00fcrpass<\/a> und <a class=\"profileLink\" href=\"https:\/\/www.facebook.com\/barbara.wagner.58910?fref=mentions\" data-hovercard=\"\/ajax\/hovercard\/user.php?id=100005378115764&amp;extragetparams=%7B%22fref%22%3A%22mentions%22%7D\" data-hovercard-prefer-more-content-show=\"1\">Barbara Wagner<\/a><br \/>\nDanke an die Lehrerin Frau <a class=\"profileLink\" href=\"https:\/\/www.facebook.com\/marianne.kohler.5?fref=mentions\" data-hovercard=\"\/ajax\/hovercard\/user.php?id=1447121962&amp;extragetparams=%7B%22fref%22%3A%22mentions%22%7D\" data-hovercard-prefer-more-content-show=\"1\">Marianne Kohler<\/a> f\u00fcr die nette Aufnahme und Familie Knass f\u00fcr den kulinarischen Genuss!<\/p>\n<p>Als besonderes &#8222;Zuckerl&#8220; freuen wir uns schon auf den Abend mit den Eltern, wo wir uns einmal mehr davon \u00fcberzeugen werden k\u00f6nnen, wie toll Kinder dieses Wissen dann auch &#8211; z.B. an die Eltern &#8211; weitergeben k\u00f6nnen.<\/p>\n<p><a href=\"http:\/\/www.kinder-lernen-leben-retten.at\/wp-content\/uploads\/2018\/05\/St.-Oswald-18-3.jpg\" target=\"_blank\" rel=\"noopener noreferrer\"><img loading=\"lazy\" class=\"alignnone wp-image-610 size-medium\" src=\"http:\/\/www.kinder-lernen-leben-retten.at\/wp-content\/uploads\/2018\/05\/St.-Oswald-18-3-300x225.jpg\" alt=\"\" width=\"300\" height=\"225\" srcset=\"https:\/\/www.kinder-lernen-leben-retten.at\/wp-content\/uploads\/2018\/05\/St.-Oswald-18-3-300x225.jpg 300w, https:\/\/www.kinder-lernen-leben-retten.at\/wp-content\/uploads\/2018\/05\/St.-Oswald-18-3-768x576.jpg 768w, https:\/\/www.kinder-lernen-leben-retten.at\/wp-content\/uploads\/2018\/05\/St.-Oswald-18-3-285x214.jpg 285w, https:\/\/www.kinder-lernen-leben-retten.at\/wp-content\/uploads\/2018\/05\/St.-Oswald-18-3.jpg 960w\" sizes=\"(max-width: 300px) 100vw, 300px\" \/><\/a>\u00a0 \u00a0\u00a0<a href=\"http:\/\/www.kinder-lernen-leben-retten.at\/wp-content\/uploads\/2018\/05\/St.Oswald-18-1.jpg\" target=\"_blank\" rel=\"noopener noreferrer\"><img loading=\"lazy\" class=\"alignnone wp-image-611 size-medium\" src=\"http:\/\/www.kinder-lernen-leben-retten.at\/wp-content\/uploads\/2018\/05\/St.Oswald-18-1-300x225.jpg\" alt=\"\" width=\"300\" height=\"225\" srcset=\"https:\/\/www.kinder-lernen-leben-retten.at\/wp-content\/uploads\/2018\/05\/St.Oswald-18-1-300x225.jpg 300w, https:\/\/www.kinder-lernen-leben-retten.at\/wp-content\/uploads\/2018\/05\/St.Oswald-18-1-768x576.jpg 768w, https:\/\/www.kinder-lernen-leben-retten.at\/wp-content\/uploads\/2018\/05\/St.Oswald-18-1-285x214.jpg 285w, https:\/\/www.kinder-lernen-leben-retten.at\/wp-content\/uploads\/2018\/05\/St.Oswald-18-1.jpg 960w\" sizes=\"(max-width: 300px) 100vw, 300px\" \/><\/a><\/p>\n<p><a href=\"http:\/\/www.kinder-lernen-leben-retten.at\/wp-content\/uploads\/2018\/05\/St.Oswald-18-2.jpg\" target=\"_blank\" rel=\"noopener noreferrer\"><img loading=\"lazy\" class=\"alignnone wp-image-612 size-medium\" src=\"http:\/\/www.kinder-lernen-leben-retten.at\/wp-content\/uploads\/2018\/05\/St.Oswald-18-2-300x225.jpg\" alt=\"\" width=\"300\" height=\"225\" srcset=\"https:\/\/www.kinder-lernen-leben-retten.at\/wp-content\/uploads\/2018\/05\/St.Oswald-18-2-300x225.jpg 300w, https:\/\/www.kinder-lernen-leben-retten.at\/wp-content\/uploads\/2018\/05\/St.Oswald-18-2-768x576.jpg 768w, https:\/\/www.kinder-lernen-leben-retten.at\/wp-content\/uploads\/2018\/05\/St.Oswald-18-2-285x214.jpg 285w, https:\/\/www.kinder-lernen-leben-retten.at\/wp-content\/uploads\/2018\/05\/St.Oswald-18-2.jpg 960w\" sizes=\"(max-width: 300px) 100vw, 300px\" \/><\/a>\u00a0 \u00a0\u00a0<a href=\"http:\/\/www.kinder-lernen-leben-retten.at\/wp-content\/uploads\/2018\/05\/St.Oswald-18-4.jpg\" target=\"_blank\" rel=\"noopener noreferrer\"><img loading=\"lazy\" class=\"alignnone wp-image-613 size-medium\" src=\"http:\/\/www.kinder-lernen-leben-retten.at\/wp-content\/uploads\/2018\/05\/St.Oswald-18-4-300x225.jpg\" alt=\"\" width=\"300\" height=\"225\" srcset=\"https:\/\/www.kinder-lernen-leben-retten.at\/wp-content\/uploads\/2018\/05\/St.Oswald-18-4-300x225.jpg 300w, https:\/\/www.kinder-lernen-leben-retten.at\/wp-content\/uploads\/2018\/05\/St.Oswald-18-4-768x576.jpg 768w, https:\/\/www.kinder-lernen-leben-retten.at\/wp-content\/uploads\/2018\/05\/St.Oswald-18-4-285x214.jpg 285w, https:\/\/www.kinder-lernen-leben-retten.at\/wp-content\/uploads\/2018\/05\/St.Oswald-18-4.jpg 960w\" sizes=\"(max-width: 300px) 100vw, 300px\" \/><\/a><\/p>\n<h1><span style=\"color: #ff0000;\">JugendSicherheitsMesse 2017 (<a style=\"color: #ff0000;\" href=\"https:\/\/www.leoben.at\" target=\"_blank\" rel=\"noopener noreferrer\">Leoben<\/a>, 10.11.2017)<\/span><\/h1>\n<p><a href=\"http:\/\/grosse-schuetzen-kleine.at\/jugendsicherheitsmesse-im-kindersicheren-bezirk-leoben-22-organisationen-fuer-die-sicherheit-von-600-schuelerinnen\/\" target=\"_blank\" rel=\"noopener noreferrer\">Klick mich<\/a><\/p>\n<p>Wir waren als eine von 22 Organisationen eingeladen, im <a href=\"http:\/\/grosse-schuetzen-kleine.at\/kisibezirk\/\" target=\"_blank\" rel=\"noopener noreferrer\"><span style=\"color: #993366;\">kindersicheren Bezirk Leoben<\/span><\/a> rd. 600 Sch\u00fclerinnen und Sch\u00fclern das &#8211;&gt;RUFEN \u00a0&#8211;&gt;DR\u00dcCKEN \u00a0&#8211;&gt;SCHOCKEN nahezubringen und f\u00fcr unsere Initiative zu werben. Auch hier gilt einmal mehr der Dank f\u00fcr die tolle Zusammenarbeit dem Verein <a href=\"http:\/\/grosse-schuetzen-kleine.at\" target=\"_blank\" rel=\"noopener noreferrer\">&#8222;Gro\u00dfe sch\u00fctzen Kleine&#8220;<\/a><\/p>\n<p>Es war eine gro\u00dfartige Stimmung in der Sporthalle Leoben und Florian Prattes vom <a href=\"https:\/\/www.google.at\/search?q=orf+steiermark&amp;source=lnms&amp;sa=X&amp;ved=0ahUKEwiOjO3e0MjZAhUFjqQKHXxEBOsQ_AUICSgA&amp;biw=1366&amp;bih=655&amp;dpr=1\" target=\"_blank\" rel=\"noopener noreferrer\">ORF Steiermark<\/a> bat unsere Teilnehmerinnen zum Interview<\/p>\n<p><a href=\"http:\/\/www.kinder-lernen-leben-retten.at\/wp-content\/uploads\/2018\/02\/PB081006.jpg\" target=\"_blank\" rel=\"noopener noreferrer\"><img loading=\"lazy\" class=\"alignnone wp-image-597\" src=\"http:\/\/www.kinder-lernen-leben-retten.at\/wp-content\/uploads\/2018\/02\/PB081006-300x225.jpg\" alt=\"\" width=\"279\" height=\"209\" srcset=\"https:\/\/www.kinder-lernen-leben-retten.at\/wp-content\/uploads\/2018\/02\/PB081006-300x225.jpg 300w, https:\/\/www.kinder-lernen-leben-retten.at\/wp-content\/uploads\/2018\/02\/PB081006-768x576.jpg 768w, https:\/\/www.kinder-lernen-leben-retten.at\/wp-content\/uploads\/2018\/02\/PB081006-1024x768.jpg 1024w, https:\/\/www.kinder-lernen-leben-retten.at\/wp-content\/uploads\/2018\/02\/PB081006-285x214.jpg 285w\" sizes=\"(max-width: 279px) 100vw, 279px\" \/><\/a>\u00a0\u00a0<a href=\"http:\/\/www.kinder-lernen-leben-retten.at\/wp-content\/uploads\/2018\/02\/IMG_2154.jpg\" target=\"_blank\" rel=\"noopener noreferrer\"><img loading=\"lazy\" class=\"alignnone wp-image-598\" src=\"http:\/\/www.kinder-lernen-leben-retten.at\/wp-content\/uploads\/2018\/02\/IMG_2154-300x225.jpg\" alt=\"\" width=\"276\" height=\"207\" srcset=\"https:\/\/www.kinder-lernen-leben-retten.at\/wp-content\/uploads\/2018\/02\/IMG_2154-300x225.jpg 300w, https:\/\/www.kinder-lernen-leben-retten.at\/wp-content\/uploads\/2018\/02\/IMG_2154-768x576.jpg 768w, https:\/\/www.kinder-lernen-leben-retten.at\/wp-content\/uploads\/2018\/02\/IMG_2154-1024x768.jpg 1024w, https:\/\/www.kinder-lernen-leben-retten.at\/wp-content\/uploads\/2018\/02\/IMG_2154-285x214.jpg 285w\" sizes=\"(max-width: 276px) 100vw, 276px\" \/><\/a><\/p>\n<p><a href=\"http:\/\/www.kinder-lernen-leben-retten.at\/wp-content\/uploads\/2018\/02\/IMG_2157.jpg\" target=\"_blank\" rel=\"noopener noreferrer\"><img loading=\"lazy\" class=\"alignnone wp-image-599\" src=\"http:\/\/www.kinder-lernen-leben-retten.at\/wp-content\/uploads\/2018\/02\/IMG_2157-300x225.jpg\" alt=\"\" width=\"279\" height=\"209\" srcset=\"https:\/\/www.kinder-lernen-leben-retten.at\/wp-content\/uploads\/2018\/02\/IMG_2157-300x225.jpg 300w, https:\/\/www.kinder-lernen-leben-retten.at\/wp-content\/uploads\/2018\/02\/IMG_2157-768x576.jpg 768w, https:\/\/www.kinder-lernen-leben-retten.at\/wp-content\/uploads\/2018\/02\/IMG_2157-1024x768.jpg 1024w, https:\/\/www.kinder-lernen-leben-retten.at\/wp-content\/uploads\/2018\/02\/IMG_2157-285x214.jpg 285w\" sizes=\"(max-width: 279px) 100vw, 279px\" \/><\/a>\u00a0\u00a0<a href=\"http:\/\/www.kinder-lernen-leben-retten.at\/wp-content\/uploads\/2018\/02\/PB081007.jpg\" target=\"_blank\" rel=\"noopener noreferrer\"><img loading=\"lazy\" class=\"alignnone wp-image-600\" src=\"http:\/\/www.kinder-lernen-leben-retten.at\/wp-content\/uploads\/2018\/02\/PB081007-300x225.jpg\" alt=\"\" width=\"280\" height=\"210\" srcset=\"https:\/\/www.kinder-lernen-leben-retten.at\/wp-content\/uploads\/2018\/02\/PB081007-300x225.jpg 300w, https:\/\/www.kinder-lernen-leben-retten.at\/wp-content\/uploads\/2018\/02\/PB081007-768x576.jpg 768w, https:\/\/www.kinder-lernen-leben-retten.at\/wp-content\/uploads\/2018\/02\/PB081007-1024x768.jpg 1024w, https:\/\/www.kinder-lernen-leben-retten.at\/wp-content\/uploads\/2018\/02\/PB081007-285x214.jpg 285w\" sizes=\"(max-width: 280px) 100vw, 280px\" \/><\/a><\/p>\n<h1><span style=\"color: #ff0000;\"><a style=\"color: #ff0000;\" href=\"https:\/\/www.youtube.com\/watch?v=H0vqdU-VIbE\" target=\"_blank\" rel=\"noopener noreferrer\">BG Rein<\/a> (06\/2017)<\/span><\/h1>\n<p>nach dem ersten Kontakt im Dezember des Vorjahres wurde uns die ganz besondere Ehre zuteil, an der Gestaltung des Gesundheits- und Sicherheitstages am <strong><span style=\"color: #000080;\">30.6.2017<\/span><\/strong> einen Vormittag lang mitzuarbeiten und damit auch Teil der Zertifizierung der Schule als <a href=\"http:\/\/internationalsafeschool.com\" target=\"_blank\" rel=\"noopener noreferrer\"><span style=\"color: #3366ff;\">&#8222;International Safe School&#8220;<\/span><\/a>\u00a0im Anschluss an den Sicherheitstag in einem feierlichen Festakt in der Basilika von Stift Rein durch Vertreter der WHO zu sein. Ein besonderer Dank gilt nicht nur hier der tollen Zusammenarbeit mit <a href=\"http:\/\/grosse-schuetzen-kleine.at\" target=\"_blank\" rel=\"noopener noreferrer\">&#8222;Gro\u00dfe sch\u00fctzen Kleine&#8220;<\/a>.<\/p>\n<p><a href=\"http:\/\/www.kinder-lernen-leben-retten.at\/wp-content\/uploads\/2016\/08\/Rein-2.jpg\" target=\"_blank\" rel=\"noopener noreferrer\"><img loading=\"lazy\" class=\"alignnone wp-image-436\" src=\"http:\/\/www.kinder-lernen-leben-retten.at\/wp-content\/uploads\/2016\/08\/Rein-2-300x225.jpg\" alt=\"\" width=\"383\" height=\"287\" srcset=\"https:\/\/www.kinder-lernen-leben-retten.at\/wp-content\/uploads\/2016\/08\/Rein-2-300x225.jpg 300w, https:\/\/www.kinder-lernen-leben-retten.at\/wp-content\/uploads\/2016\/08\/Rein-2-768x576.jpg 768w, https:\/\/www.kinder-lernen-leben-retten.at\/wp-content\/uploads\/2016\/08\/Rein-2-285x214.jpg 285w, https:\/\/www.kinder-lernen-leben-retten.at\/wp-content\/uploads\/2016\/08\/Rein-2.jpg 960w\" sizes=\"(max-width: 383px) 100vw, 383px\" \/><\/a>\u00a0 \u00a0<a href=\"http:\/\/www.kinder-lernen-leben-retten.at\/wp-content\/uploads\/2016\/08\/Rein-1.jpg\" target=\"_blank\" rel=\"noopener noreferrer\"><img loading=\"lazy\" class=\"alignnone wp-image-437\" src=\"http:\/\/www.kinder-lernen-leben-retten.at\/wp-content\/uploads\/2016\/08\/Rein-1-300x225.jpg\" alt=\"\" width=\"259\" height=\"194\" srcset=\"https:\/\/www.kinder-lernen-leben-retten.at\/wp-content\/uploads\/2016\/08\/Rein-1-300x225.jpg 300w, https:\/\/www.kinder-lernen-leben-retten.at\/wp-content\/uploads\/2016\/08\/Rein-1-768x576.jpg 768w, https:\/\/www.kinder-lernen-leben-retten.at\/wp-content\/uploads\/2016\/08\/Rein-1-285x214.jpg 285w, https:\/\/www.kinder-lernen-leben-retten.at\/wp-content\/uploads\/2016\/08\/Rein-1.jpg 960w\" sizes=\"(max-width: 259px) 100vw, 259px\" \/><\/a><\/p>\n<h1><\/h1>\n<h1><span style=\"color: #ff0000;\">BG und BRG Leibnitz (06 und 07\/2017)<\/span><\/h1>\n<p>auch im Bezirk Leibnitz konnte\u00a0<span style=\"color: #0000ff;\">Gerhard F\u00fcrpa\u00df<\/span>, Dank Vermittlung und Unterst\u00fctzung des Sozialreferates der BH Leibnitz mit einem ersten Projekt in einer der <strong><span style=\"color: #3366ff;\">1. Klasse<\/span><\/strong>n starten.<\/p>\n<h1><\/h1>\n<h1><span style=\"color: #ff0000;\">NMS Hitzendorf und <\/span><\/h1>\n<h1><span style=\"color: #ff0000;\">Schulschlussfest der VS Hitzendorf (06\/2017)<\/span><\/h1>\n<p>nachdem wir in unserer Pilotgemeinde mit den Kindern der VS Hitzendorf ja bereits 2 Jahrg\u00e4nge absolviert hatten, gingen wir am <strong><span style=\"color: #000080;\">28.6.2017<\/span><\/strong> in der NMS mit knapp <strong><span style=\"color: #3366ff;\">70 Kindern aller 3 dritten Klassen<\/span><\/strong> bereits in die dritte Runde. Trotz der enormen Hitze war es ein \u00e4u\u00dferst lehrreicher Vormittag unter begeisterter Beteiligung der Klassenlehrer, sodass wir einmal mehr guter Dinge waren, das Projekt auf lange Sicht gesehen, in die H\u00e4nde von LehrerInnen \u00fcbergeben zu k\u00f6nnen. Schon ein paar Tage davor am <strong><span style=\"color: #000080;\">24.6.2017<\/span><\/strong> waren wir auch dieses Jahr am Schulschlussfest der VS zu Gast. Trotz gro\u00dfer Hitze, die uns unter die B\u00e4ume fl\u00fcchten liess, war der Andrang riesig und heuer hat es zum Gl\u00fcck ja auch nicht gewittert.<\/p>\n<p><a href=\"http:\/\/www.kinder-lernen-leben-retten.at\/wp-content\/uploads\/2016\/08\/Schulschlussfest-Hitzendorf-2017.jpg\" target=\"_blank\" rel=\"noopener noreferrer\"><img loading=\"lazy\" class=\"alignnone wp-image-438\" src=\"http:\/\/www.kinder-lernen-leben-retten.at\/wp-content\/uploads\/2016\/08\/Schulschlussfest-Hitzendorf-2017-300x225.jpg\" alt=\"\" width=\"383\" height=\"287\" srcset=\"https:\/\/www.kinder-lernen-leben-retten.at\/wp-content\/uploads\/2016\/08\/Schulschlussfest-Hitzendorf-2017-300x225.jpg 300w, https:\/\/www.kinder-lernen-leben-retten.at\/wp-content\/uploads\/2016\/08\/Schulschlussfest-Hitzendorf-2017-768x576.jpg 768w, https:\/\/www.kinder-lernen-leben-retten.at\/wp-content\/uploads\/2016\/08\/Schulschlussfest-Hitzendorf-2017-285x214.jpg 285w, https:\/\/www.kinder-lernen-leben-retten.at\/wp-content\/uploads\/2016\/08\/Schulschlussfest-Hitzendorf-2017.jpg 960w\" sizes=\"(max-width: 383px) 100vw, 383px\" \/><\/a><\/p>\n<h1><\/h1>\n<h1><span style=\"color: #ff0000;\">VS Wundschuh (06 und 07\/2017)<\/span><\/h1>\n<p>zum Start des Projekts auch mit den Kindern der VS (die Erwachsenen sind ja bereits durch die tolle Arbeit der <a href=\"http:\/\/www.heartbeatfoundation.com\/heartbeatstory\/\" target=\"_blank\" rel=\"noopener noreferrer\">&#8222;Heartbeat Foundation&#8220;<\/a> vorsensibilisiert und auch trainiert) waren wir 2x in einer der <strong><span style=\"color: #3366ff;\">3. Klasse<\/span><\/strong>n der VS, eine Fortsetzung mit allen 3. und 4. Klassen im Herbst ist schon in Planung.<\/p>\n<div style=\"width: 400px;\" class=\"wp-video\"><!--[if lt IE 9]><script>document.createElement('video');<\/script><![endif]-->\n<video class=\"wp-video-shortcode\" id=\"video-50-1\" width=\"400\" height=\"222\" preload=\"metadata\" controls=\"controls\"><source type=\"video\/mp4\" src=\"http:\/\/www.kinder-lernen-leben-retten.at\/wp-content\/uploads\/2016\/08\/VS-Wundschuh.mp4?_=1\" \/><a href=\"http:\/\/www.kinder-lernen-leben-retten.at\/wp-content\/uploads\/2016\/08\/VS-Wundschuh.mp4\">http:\/\/www.kinder-lernen-leben-retten.at\/wp-content\/uploads\/2016\/08\/VS-Wundschuh.mp4<\/a><\/video><\/div>\n<h1><\/h1>\n<h1><span style=\"color: #ff0000;\">NMS Schwanberg und\u00a0<\/span><\/h1>\n<h1><span style=\"color: #ff0000;\">Elternabende VS Hollenegg und NMS Schwanberg\u00a0(05 und 06\/2017)<\/span><\/h1>\n<p>Auch die Sch\u00fclerinnen und Sch\u00fcler der <strong><span style=\"color: #3366ff;\">1. und 2. Klasse der NMS Schwanberg<\/span><\/strong> k\u00f6nnen nun Leben retten. Am <strong><span style=\"color: #000080;\">29.5. 2017<\/span><\/strong> verbrachten <span style=\"color: #0000ff;\">Barbara Wagner, Angi Koch, Felix Auer, Roland Koch<\/span> und <span style=\"color: #0000ff;\">Lukas Amplatz<\/span> den Vormittag mit den Kindern und \u00fcbten das Rufen-Dr\u00fccken-Schocken.<br \/>\nNach ein paar Stunden Pause fand zus\u00e4tzlich der Elternabend in der Volksschule Hollenegg statt, wo die <strong><span style=\"color: #3366ff;\">Kindern ihren Eltern<\/span><\/strong> das richtige Verhalten bei einem Herzstillstand zeigten. Nat\u00fcrlich wurde auch dort flei\u00dfig ge\u00fcbt.<\/p>\n<p>Am <strong><span style=\"color: #000080;\">8.6. 2017<\/span><\/strong> gabs dann noch den Elternabend f\u00fcr die NMS in Schwanberg: und wieder war es ein tolles Erfolgserlebnis, zu sehen wie die Kids ihren Eltern Wiederbelebung beigebracht haben.<\/p>\n<p><a href=\"http:\/\/www.kinder-lernen-leben-retten.at\/wp-content\/uploads\/2016\/08\/Schwanberg-NMS-2017.jpg\" target=\"_blank\" rel=\"noopener noreferrer\"><img loading=\"lazy\" class=\"alignnone wp-image-412 size-medium\" src=\"http:\/\/www.kinder-lernen-leben-retten.at\/wp-content\/uploads\/2016\/08\/Schwanberg-NMS-2017-300x225.jpg\" alt=\"\" width=\"300\" height=\"225\" srcset=\"https:\/\/www.kinder-lernen-leben-retten.at\/wp-content\/uploads\/2016\/08\/Schwanberg-NMS-2017-300x225.jpg 300w, https:\/\/www.kinder-lernen-leben-retten.at\/wp-content\/uploads\/2016\/08\/Schwanberg-NMS-2017-768x576.jpg 768w, https:\/\/www.kinder-lernen-leben-retten.at\/wp-content\/uploads\/2016\/08\/Schwanberg-NMS-2017-285x214.jpg 285w, https:\/\/www.kinder-lernen-leben-retten.at\/wp-content\/uploads\/2016\/08\/Schwanberg-NMS-2017.jpg 960w\" sizes=\"(max-width: 300px) 100vw, 300px\" \/><\/a>\u00a0 \u00a0<a href=\"http:\/\/www.kinder-lernen-leben-retten.at\/wp-content\/uploads\/2016\/08\/Elternabend-Schwanberg.jpg\" target=\"_blank\" rel=\"noopener noreferrer\"><img loading=\"lazy\" class=\"alignnone wp-image-413 size-medium\" src=\"http:\/\/www.kinder-lernen-leben-retten.at\/wp-content\/uploads\/2016\/08\/Elternabend-Schwanberg-300x225.jpg\" alt=\"\" width=\"300\" height=\"225\" srcset=\"https:\/\/www.kinder-lernen-leben-retten.at\/wp-content\/uploads\/2016\/08\/Elternabend-Schwanberg-300x225.jpg 300w, https:\/\/www.kinder-lernen-leben-retten.at\/wp-content\/uploads\/2016\/08\/Elternabend-Schwanberg-768x576.jpg 768w, https:\/\/www.kinder-lernen-leben-retten.at\/wp-content\/uploads\/2016\/08\/Elternabend-Schwanberg-285x214.jpg 285w, https:\/\/www.kinder-lernen-leben-retten.at\/wp-content\/uploads\/2016\/08\/Elternabend-Schwanberg.jpg 960w\" sizes=\"(max-width: 300px) 100vw, 300px\" \/><\/a><\/p>\n<p><a href=\"http:\/\/www.kinder-lernen-leben-retten.at\/wp-content\/uploads\/2016\/08\/Elternabend-NMS-Schwanberg.jpg\" target=\"_blank\" rel=\"noopener noreferrer\"><img loading=\"lazy\" class=\"alignnone wp-image-418 size-medium\" src=\"http:\/\/www.kinder-lernen-leben-retten.at\/wp-content\/uploads\/2016\/08\/Elternabend-NMS-Schwanberg-300x225.jpg\" alt=\"\" width=\"300\" height=\"225\" srcset=\"https:\/\/www.kinder-lernen-leben-retten.at\/wp-content\/uploads\/2016\/08\/Elternabend-NMS-Schwanberg-300x225.jpg 300w, https:\/\/www.kinder-lernen-leben-retten.at\/wp-content\/uploads\/2016\/08\/Elternabend-NMS-Schwanberg-768x576.jpg 768w, https:\/\/www.kinder-lernen-leben-retten.at\/wp-content\/uploads\/2016\/08\/Elternabend-NMS-Schwanberg-285x214.jpg 285w, https:\/\/www.kinder-lernen-leben-retten.at\/wp-content\/uploads\/2016\/08\/Elternabend-NMS-Schwanberg.jpg 960w\" sizes=\"(max-width: 300px) 100vw, 300px\" \/><\/a>\u00a0 \u00a0<a href=\"http:\/\/www.kinder-lernen-leben-retten.at\/wp-content\/uploads\/2016\/08\/Elternabend-NMS-Schwanberg2.jpg\" target=\"_blank\" rel=\"noopener noreferrer\"><img loading=\"lazy\" class=\"alignnone wp-image-419 size-medium\" src=\"http:\/\/www.kinder-lernen-leben-retten.at\/wp-content\/uploads\/2016\/08\/Elternabend-NMS-Schwanberg2-300x225.jpg\" alt=\"\" width=\"300\" height=\"225\" srcset=\"https:\/\/www.kinder-lernen-leben-retten.at\/wp-content\/uploads\/2016\/08\/Elternabend-NMS-Schwanberg2-300x225.jpg 300w, https:\/\/www.kinder-lernen-leben-retten.at\/wp-content\/uploads\/2016\/08\/Elternabend-NMS-Schwanberg2-768x576.jpg 768w, https:\/\/www.kinder-lernen-leben-retten.at\/wp-content\/uploads\/2016\/08\/Elternabend-NMS-Schwanberg2-285x214.jpg 285w, https:\/\/www.kinder-lernen-leben-retten.at\/wp-content\/uploads\/2016\/08\/Elternabend-NMS-Schwanberg2.jpg 960w\" sizes=\"(max-width: 300px) 100vw, 300px\" \/><\/a><\/p>\n<h1><\/h1>\n<h1><span style=\"color: #ff0000;\">Sportfest NMS Graz-Puntigam (05\/2017)<\/span><\/h1>\n<p>am <strong><span style=\"color: #000080;\">19.5.2017<\/span><\/strong> waren <span style=\"color: #0000ff;\">Michaela und Wolfgang Hansel<\/span> eingeladen beim Sportfest der NMS Puntigam unser Projekt Sch\u00fclern, Eltern und Lehrern zu pr\u00e4sentieren und konnten benachbart mit einem Infostand des \u00d6RK Graz-Stadt den Kindern Wiederbelebung vom RUFEN-DR\u00dcCKEN-SCHOCKEN bis hin zur vollst\u00e4ndigen Wiederbelebung pr\u00e4sentieren.<\/p>\n<p><a href=\"http:\/\/www.kinder-lernen-leben-retten.at\/wp-content\/uploads\/2016\/08\/Sportfest-NMS-Puntigam.jpg\" target=\"_blank\" rel=\"noopener noreferrer\"><img loading=\"lazy\" class=\"alignnone wp-image-414 size-medium\" src=\"http:\/\/www.kinder-lernen-leben-retten.at\/wp-content\/uploads\/2016\/08\/Sportfest-NMS-Puntigam-300x225.jpg\" alt=\"\" width=\"300\" height=\"225\" srcset=\"https:\/\/www.kinder-lernen-leben-retten.at\/wp-content\/uploads\/2016\/08\/Sportfest-NMS-Puntigam-300x225.jpg 300w, https:\/\/www.kinder-lernen-leben-retten.at\/wp-content\/uploads\/2016\/08\/Sportfest-NMS-Puntigam-768x576.jpg 768w, https:\/\/www.kinder-lernen-leben-retten.at\/wp-content\/uploads\/2016\/08\/Sportfest-NMS-Puntigam-285x214.jpg 285w, https:\/\/www.kinder-lernen-leben-retten.at\/wp-content\/uploads\/2016\/08\/Sportfest-NMS-Puntigam.jpg 960w\" sizes=\"(max-width: 300px) 100vw, 300px\" \/><\/a>\u00a0 \u00a0<a href=\"http:\/\/www.kinder-lernen-leben-retten.at\/wp-content\/uploads\/2016\/08\/NMS-Puntigam2.jpg\" target=\"_blank\" rel=\"noopener noreferrer\"><img loading=\"lazy\" class=\"alignnone wp-image-434 size-medium\" src=\"http:\/\/www.kinder-lernen-leben-retten.at\/wp-content\/uploads\/2016\/08\/NMS-Puntigam2-300x225.jpg\" alt=\"\" width=\"300\" height=\"225\" srcset=\"https:\/\/www.kinder-lernen-leben-retten.at\/wp-content\/uploads\/2016\/08\/NMS-Puntigam2-300x225.jpg 300w, https:\/\/www.kinder-lernen-leben-retten.at\/wp-content\/uploads\/2016\/08\/NMS-Puntigam2-768x576.jpg 768w, https:\/\/www.kinder-lernen-leben-retten.at\/wp-content\/uploads\/2016\/08\/NMS-Puntigam2-285x214.jpg 285w, https:\/\/www.kinder-lernen-leben-retten.at\/wp-content\/uploads\/2016\/08\/NMS-Puntigam2.jpg 960w\" sizes=\"(max-width: 300px) 100vw, 300px\" \/><\/a><\/p>\n<h1><\/h1>\n<h1><span style=\"color: #ff0000;\">\u00dcbungs-VS der P\u00e4dag. Hochschule Steiermark <\/span><\/h1>\n<h1><span style=\"color: #ff0000;\">\u00a0+ Radio Igel (05 und 06\/2017)\u00a0<\/span><\/h1>\n<p>Unser Kooperationsprojekt mit der <a href=\"https:\/\/www.phst.at\/home\/\" target=\"_blank\" rel=\"noopener noreferrer\">P\u00e4dagogischen Hochschule Steiermark<\/a> startete am <strong><span style=\"color: #000080;\">17.5.2017<\/span><\/strong>\u00a0anl\u00e4sslich eines Vormittags mit <strong><span style=\"color: #3366ff;\">25 Kindern<\/span><\/strong> einer der <strong><span style=\"color: #3366ff;\">3. Klasse<\/span><\/strong>n in der \u00dcbungsvolksschule.<\/p>\n<p>Am <strong><span style=\"color: #000080;\">14.6.2017<\/span><\/strong> beim Wiederholungstermin konnten wir mit einigen Kids auch auf <a href=\"https:\/\/www.radioigel.at\" target=\"_blank\" rel=\"noopener noreferrer\">Radio Igel<\/a> live im Radio berichten<\/p>\n<p><a href=\"http:\/\/www.kinder-lernen-leben-retten.at\/wp-content\/uploads\/2016\/08\/\u00dcbungs-VS1.jpg\" target=\"_blank\" rel=\"noopener noreferrer\"><img loading=\"lazy\" class=\"alignnone wp-image-415\" src=\"http:\/\/www.kinder-lernen-leben-retten.at\/wp-content\/uploads\/2016\/08\/\u00dcbungs-VS1-300x225.jpg\" alt=\"\" width=\"239\" height=\"179\" srcset=\"https:\/\/www.kinder-lernen-leben-retten.at\/wp-content\/uploads\/2016\/08\/\u00dcbungs-VS1-300x225.jpg 300w, https:\/\/www.kinder-lernen-leben-retten.at\/wp-content\/uploads\/2016\/08\/\u00dcbungs-VS1-768x576.jpg 768w, https:\/\/www.kinder-lernen-leben-retten.at\/wp-content\/uploads\/2016\/08\/\u00dcbungs-VS1-285x214.jpg 285w, https:\/\/www.kinder-lernen-leben-retten.at\/wp-content\/uploads\/2016\/08\/\u00dcbungs-VS1.jpg 960w\" sizes=\"(max-width: 239px) 100vw, 239px\" \/><\/a>\u00a0 \u00a0<a href=\"http:\/\/www.kinder-lernen-leben-retten.at\/wp-content\/uploads\/2016\/08\/\u00dcbungs-VS2.jpg\" target=\"_blank\" rel=\"noopener noreferrer\"><img loading=\"lazy\" class=\"alignnone wp-image-416\" src=\"http:\/\/www.kinder-lernen-leben-retten.at\/wp-content\/uploads\/2016\/08\/\u00dcbungs-VS2-300x225.jpg\" alt=\"\" width=\"235\" height=\"176\" srcset=\"https:\/\/www.kinder-lernen-leben-retten.at\/wp-content\/uploads\/2016\/08\/\u00dcbungs-VS2-300x225.jpg 300w, https:\/\/www.kinder-lernen-leben-retten.at\/wp-content\/uploads\/2016\/08\/\u00dcbungs-VS2-768x576.jpg 768w, https:\/\/www.kinder-lernen-leben-retten.at\/wp-content\/uploads\/2016\/08\/\u00dcbungs-VS2-285x214.jpg 285w, https:\/\/www.kinder-lernen-leben-retten.at\/wp-content\/uploads\/2016\/08\/\u00dcbungs-VS2.jpg 960w\" sizes=\"(max-width: 235px) 100vw, 235px\" \/><\/a>\u00a0\u00a0 <a href=\"http:\/\/www.kinder-lernen-leben-retten.at\/wp-content\/uploads\/2016\/08\/\u00dcbungs-VS3.jpg\" target=\"_blank\" rel=\"noopener noreferrer\"><img loading=\"lazy\" class=\"alignnone wp-image-417\" src=\"http:\/\/www.kinder-lernen-leben-retten.at\/wp-content\/uploads\/2016\/08\/\u00dcbungs-VS3-300x225.jpg\" alt=\"\" width=\"232\" height=\"174\" srcset=\"https:\/\/www.kinder-lernen-leben-retten.at\/wp-content\/uploads\/2016\/08\/\u00dcbungs-VS3-300x225.jpg 300w, https:\/\/www.kinder-lernen-leben-retten.at\/wp-content\/uploads\/2016\/08\/\u00dcbungs-VS3-768x576.jpg 768w, https:\/\/www.kinder-lernen-leben-retten.at\/wp-content\/uploads\/2016\/08\/\u00dcbungs-VS3-285x214.jpg 285w, https:\/\/www.kinder-lernen-leben-retten.at\/wp-content\/uploads\/2016\/08\/\u00dcbungs-VS3.jpg 960w\" sizes=\"(max-width: 232px) 100vw, 232px\" \/><\/a><\/p>\n<p><a href=\"http:\/\/www.kinder-lernen-leben-retten.at\/wp-content\/uploads\/2016\/08\/Radio-Igel-Kids1.jpg\" target=\"_blank\" rel=\"noopener noreferrer\"><img loading=\"lazy\" class=\"alignnone wp-image-430 size-medium\" src=\"http:\/\/www.kinder-lernen-leben-retten.at\/wp-content\/uploads\/2016\/08\/Radio-Igel-Kids1-300x225.jpg\" alt=\"\" width=\"300\" height=\"225\" srcset=\"https:\/\/www.kinder-lernen-leben-retten.at\/wp-content\/uploads\/2016\/08\/Radio-Igel-Kids1-300x225.jpg 300w, https:\/\/www.kinder-lernen-leben-retten.at\/wp-content\/uploads\/2016\/08\/Radio-Igel-Kids1-768x576.jpg 768w, https:\/\/www.kinder-lernen-leben-retten.at\/wp-content\/uploads\/2016\/08\/Radio-Igel-Kids1-285x214.jpg 285w, https:\/\/www.kinder-lernen-leben-retten.at\/wp-content\/uploads\/2016\/08\/Radio-Igel-Kids1.jpg 960w\" sizes=\"(max-width: 300px) 100vw, 300px\" \/><\/a>\u00a0\u00a0 <a href=\"http:\/\/www.kinder-lernen-leben-retten.at\/wp-content\/uploads\/2016\/08\/RadioIgel-Kids2.jpg\" target=\"_blank\" rel=\"noopener noreferrer\"><img loading=\"lazy\" class=\"alignnone wp-image-431 size-medium\" src=\"http:\/\/www.kinder-lernen-leben-retten.at\/wp-content\/uploads\/2016\/08\/RadioIgel-Kids2-225x300.jpg\" alt=\"\" width=\"225\" height=\"300\" srcset=\"https:\/\/www.kinder-lernen-leben-retten.at\/wp-content\/uploads\/2016\/08\/RadioIgel-Kids2-225x300.jpg 225w, https:\/\/www.kinder-lernen-leben-retten.at\/wp-content\/uploads\/2016\/08\/RadioIgel-Kids2.jpg 720w\" sizes=\"(max-width: 225px) 100vw, 225px\" \/><\/a><\/p>\n<h1><\/h1>\n<h1><span style=\"color: #ff0000;\">Volksschule Hollenegg (05\/2017)<\/span><\/h1>\n<p><strong><span style=\"color: #000080;\">16.5.2017<\/span><\/strong>:\u00a0In der Volksschule Hollenegg haben die Kinder der <strong><span style=\"color: #3366ff;\">3. und 4. Klasse<\/span><\/strong> unter der engagierten Anleitung von <span style=\"color: #0000ff;\">Angi Koch, Roland Koch und Barbara Wagner<\/span> begeistert Leben retten gelernt!<\/p>\n<p><a href=\"http:\/\/www.kinder-lernen-leben-retten.at\/wp-content\/uploads\/2016\/08\/VS-Hollenegg.jpg\" target=\"_blank\" rel=\"noopener noreferrer\"><img loading=\"lazy\" class=\"alignnone wp-image-435\" src=\"http:\/\/www.kinder-lernen-leben-retten.at\/wp-content\/uploads\/2016\/08\/VS-Hollenegg-300x225.jpg\" alt=\"\" width=\"364\" height=\"273\" srcset=\"https:\/\/www.kinder-lernen-leben-retten.at\/wp-content\/uploads\/2016\/08\/VS-Hollenegg-300x225.jpg 300w, https:\/\/www.kinder-lernen-leben-retten.at\/wp-content\/uploads\/2016\/08\/VS-Hollenegg-768x576.jpg 768w, https:\/\/www.kinder-lernen-leben-retten.at\/wp-content\/uploads\/2016\/08\/VS-Hollenegg-285x214.jpg 285w, https:\/\/www.kinder-lernen-leben-retten.at\/wp-content\/uploads\/2016\/08\/VS-Hollenegg.jpg 960w\" sizes=\"(max-width: 364px) 100vw, 364px\" \/><\/a><\/p>\n<h1><span style=\"color: #ff0000;\">Safety-Tour S\u00fcdoststeiermark (05\/2017)<\/span><\/h1>\n<p>ebenfalls am <strong><span style=\"color: #000080;\">2.5.2017<\/span><\/strong> waren <span style=\"color: #0000ff;\">Martina Valecz und Ines Gutmann<\/span> eingeladen &#8222;Kinder lernen Leben retten&#8220; im Rahmen der <a href=\"http:\/\/www.safety-tour.at\/safety-tour\/aktuell\" target=\"_blank\" rel=\"noopener noreferrer\"><span style=\"color: #3366ff;\"><strong>Kindersicherheitsolympiade<\/strong> in Leitersdorf im Raabtal<\/span><\/a> zu pr\u00e4sentieren. Als Dank gabs tolle Bilder und eine Erw\u00e4hnung im Fernsehbericht auf <strong><span style=\"color: #ff0000;\">Vulkan TV<\/span><\/strong><\/p>\n<div style=\"width: 480px;\" class=\"wp-video\"><video class=\"wp-video-shortcode\" id=\"video-50-2\" width=\"480\" height=\"320\" poster=\"http:\/\/www.kinder-lernen-leben-retten.at\/wp-content\/uploads\/2016\/08\/logo-safetytour.png\" preload=\"metadata\" controls=\"controls\"><source type=\"video\/mp4\" src=\"http:\/\/www.kinder-lernen-leben-retten.at\/wp-content\/uploads\/2016\/08\/Vulkan-TV.mp4?_=2\" \/><a href=\"http:\/\/www.kinder-lernen-leben-retten.at\/wp-content\/uploads\/2016\/08\/Vulkan-TV.mp4\">http:\/\/www.kinder-lernen-leben-retten.at\/wp-content\/uploads\/2016\/08\/Vulkan-TV.mp4<\/a><\/video><\/div>\n<h1><\/h1>\n<h1><span style=\"color: #ff0000;\">Volksschule Wies (05\/2017)<\/span><\/h1>\n<p>am <strong><span style=\"color: #000080;\">2.5.2017<\/span><\/strong> konnten <span style=\"color: #0000ff;\">Irmi Schwender<\/span> und <span style=\"color: #0000ff;\">Gerhard F\u00fcrpa\u00df<\/span> auch wieder mit den eigens von der Gemeinde f\u00fcr das Projekt angekauften \u00dcbungspuppen mit den Kids der VS Wies Wiederbelebung trainieren (<a href=\"http:\/\/volksschule.wies.at\/index.php\/projekte\/2016-17\/50-kinder-lernen-leben-retten\" target=\"_blank\" rel=\"noopener noreferrer\">Bilder und Bericht<\/a>).<\/p>\n<p><span style=\"color: #ff0000;\">Zwar hat die Homepage der Schule uns dabei dem Jugendrotkreuz unterstellt, aber da wir ja mit unserer Aktion das &#8222;Helfi-Programm&#8220; des \u00d6JRK ohnehin erg\u00e4nzen, haben wir nicht wirklich was dagegen (und was ja nicht ist &#8211; n\u00e4mlich eine echte Zusammenarbeit &#8211; kann ja vielleicht noch werden; im Sinne der Sache w\u00e4re es sicherlich w\u00fcnschenswert!)<\/span><\/p>\n<h1><span style=\"color: #ff0000;\">NMS Paldau (04 und 06\/2017)<\/span><\/h1>\n<p>Am <span style=\"color: #000080;\"><strong>27.4. 2017<\/strong><\/span> gabs Wiederbelebung mit den <strong><span style=\"color: #3366ff;\">1. und 2. Klassen<\/span><\/strong> und am<span style=\"color: #000080;\"> <strong>28.6.2017<\/strong><\/span> wurden auch mit den &#8222;Gro\u00dfen&#8220; aus den 3. und 4. Klassen der NMS Paldau die gesamte Wiederbelebung trainiert. Auch diesmal mit dem nun schon eingespielten Team <span style=\"color: #3366ff;\">Martina Valecz, Ines Gutmann und Karin Uhl<\/span><\/p>\n<p><a href=\"http:\/\/www.kinder-lernen-leben-retten.at\/wp-content\/uploads\/2016\/08\/NMS-34-Paldau.jpg\" target=\"_blank\" rel=\"noopener noreferrer\"><img loading=\"lazy\" class=\"alignnone wp-image-422 size-medium\" src=\"http:\/\/www.kinder-lernen-leben-retten.at\/wp-content\/uploads\/2016\/08\/NMS-34-Paldau-300x225.jpg\" alt=\"\" width=\"300\" height=\"225\" srcset=\"https:\/\/www.kinder-lernen-leben-retten.at\/wp-content\/uploads\/2016\/08\/NMS-34-Paldau-300x225.jpg 300w, https:\/\/www.kinder-lernen-leben-retten.at\/wp-content\/uploads\/2016\/08\/NMS-34-Paldau-768x576.jpg 768w, https:\/\/www.kinder-lernen-leben-retten.at\/wp-content\/uploads\/2016\/08\/NMS-34-Paldau-285x214.jpg 285w, https:\/\/www.kinder-lernen-leben-retten.at\/wp-content\/uploads\/2016\/08\/NMS-34-Paldau.jpg 960w\" sizes=\"(max-width: 300px) 100vw, 300px\" \/><\/a>\u00a0\u00a0<a href=\"http:\/\/www.kinder-lernen-leben-retten.at\/wp-content\/uploads\/2016\/08\/NMS-34-Paldau2.jpg\" target=\"_blank\" rel=\"noopener noreferrer\"><img loading=\"lazy\" class=\"alignnone wp-image-423 size-medium\" src=\"http:\/\/www.kinder-lernen-leben-retten.at\/wp-content\/uploads\/2016\/08\/NMS-34-Paldau2-300x225.jpg\" alt=\"\" width=\"300\" height=\"225\" srcset=\"https:\/\/www.kinder-lernen-leben-retten.at\/wp-content\/uploads\/2016\/08\/NMS-34-Paldau2-300x225.jpg 300w, https:\/\/www.kinder-lernen-leben-retten.at\/wp-content\/uploads\/2016\/08\/NMS-34-Paldau2-768x576.jpg 768w, https:\/\/www.kinder-lernen-leben-retten.at\/wp-content\/uploads\/2016\/08\/NMS-34-Paldau2-285x214.jpg 285w, https:\/\/www.kinder-lernen-leben-retten.at\/wp-content\/uploads\/2016\/08\/NMS-34-Paldau2.jpg 960w\" sizes=\"(max-width: 300px) 100vw, 300px\" \/><\/a><\/p>\n<p><a href=\"http:\/\/www.kinder-lernen-leben-retten.at\/wp-content\/uploads\/2016\/08\/NMS-Palda3.jpg\" target=\"_blank\" rel=\"noopener noreferrer\"><img loading=\"lazy\" class=\"alignnone wp-image-424 size-medium\" src=\"http:\/\/www.kinder-lernen-leben-retten.at\/wp-content\/uploads\/2016\/08\/NMS-Palda3-300x225.jpg\" alt=\"\" width=\"300\" height=\"225\" srcset=\"https:\/\/www.kinder-lernen-leben-retten.at\/wp-content\/uploads\/2016\/08\/NMS-Palda3-300x225.jpg 300w, https:\/\/www.kinder-lernen-leben-retten.at\/wp-content\/uploads\/2016\/08\/NMS-Palda3-768x576.jpg 768w, https:\/\/www.kinder-lernen-leben-retten.at\/wp-content\/uploads\/2016\/08\/NMS-Palda3-285x214.jpg 285w, https:\/\/www.kinder-lernen-leben-retten.at\/wp-content\/uploads\/2016\/08\/NMS-Palda3.jpg 960w\" sizes=\"(max-width: 300px) 100vw, 300px\" \/><\/a>\u00a0\u00a0<a href=\"http:\/\/www.kinder-lernen-leben-retten.at\/wp-content\/uploads\/2016\/08\/NMS-Paldau-1.jpg\" target=\"_blank\" rel=\"noopener noreferrer\"><img loading=\"lazy\" class=\"alignnone wp-image-425 size-medium\" src=\"http:\/\/www.kinder-lernen-leben-retten.at\/wp-content\/uploads\/2016\/08\/NMS-Paldau-1-300x225.jpg\" alt=\"\" width=\"300\" height=\"225\" srcset=\"https:\/\/www.kinder-lernen-leben-retten.at\/wp-content\/uploads\/2016\/08\/NMS-Paldau-1-300x225.jpg 300w, https:\/\/www.kinder-lernen-leben-retten.at\/wp-content\/uploads\/2016\/08\/NMS-Paldau-1-768x576.jpg 768w, https:\/\/www.kinder-lernen-leben-retten.at\/wp-content\/uploads\/2016\/08\/NMS-Paldau-1-285x214.jpg 285w, https:\/\/www.kinder-lernen-leben-retten.at\/wp-content\/uploads\/2016\/08\/NMS-Paldau-1.jpg 960w\" sizes=\"(max-width: 300px) 100vw, 300px\" \/><\/a><\/p>\n<h1><\/h1>\n<h1><span style=\"color: #ff0000;\">JuSiM Deutschlandsberg (04\/2017)<\/span><\/h1>\n<p>wir waren \u00a0am <strong><span style=\"color: #000080;\">24.4.2017<\/span><\/strong> mit einem Info- und \u00dcbungsstand zu Gast bei der Jugendsicherheitsmesse im Rahmen des &#8222;Kindersicheren Bezirks&#8220; in der Koralmhalle in Deutschlandsberg<\/p>\n<p><a href=\"http:\/\/www.kinder-lernen-leben-retten.at\/wp-content\/uploads\/2016\/08\/JusiM.jpg\" target=\"_blank\" rel=\"noopener noreferrer\">\u00a0<img loading=\"lazy\" class=\"alignnone size-medium wp-image-445\" src=\"http:\/\/www.kinder-lernen-leben-retten.at\/wp-content\/uploads\/2016\/08\/Jusim-Dlbg.-2017-300x114.jpg\" alt=\"\" width=\"300\" height=\"114\" srcset=\"https:\/\/www.kinder-lernen-leben-retten.at\/wp-content\/uploads\/2016\/08\/Jusim-Dlbg.-2017-300x114.jpg 300w, https:\/\/www.kinder-lernen-leben-retten.at\/wp-content\/uploads\/2016\/08\/Jusim-Dlbg.-2017-768x292.jpg 768w, https:\/\/www.kinder-lernen-leben-retten.at\/wp-content\/uploads\/2016\/08\/Jusim-Dlbg.-2017.jpg 960w\" sizes=\"(max-width: 300px) 100vw, 300px\" \/>\u00a0 \u00a0<img loading=\"lazy\" class=\"alignnone wp-image-432\" src=\"http:\/\/www.kinder-lernen-leben-retten.at\/wp-content\/uploads\/2016\/08\/JusiM-300x178.jpg\" alt=\"\" width=\"305\" height=\"181\" srcset=\"https:\/\/www.kinder-lernen-leben-retten.at\/wp-content\/uploads\/2016\/08\/JusiM-300x178.jpg 300w, https:\/\/www.kinder-lernen-leben-retten.at\/wp-content\/uploads\/2016\/08\/JusiM-768x455.jpg 768w, https:\/\/www.kinder-lernen-leben-retten.at\/wp-content\/uploads\/2016\/08\/JusiM.jpg 960w\" sizes=\"(max-width: 305px) 100vw, 305px\" \/><\/a><\/p>\n<p><a href=\"http:\/\/www.kinder-lernen-leben-retten.at\/wp-content\/uploads\/2016\/08\/JusimGady.jpg\" target=\"_blank\" rel=\"noopener noreferrer\"><img loading=\"lazy\" class=\"alignnone wp-image-426\" src=\"http:\/\/www.kinder-lernen-leben-retten.at\/wp-content\/uploads\/2016\/08\/JusimGady-300x225.jpg\" alt=\"\" width=\"304\" height=\"228\" srcset=\"https:\/\/www.kinder-lernen-leben-retten.at\/wp-content\/uploads\/2016\/08\/JusimGady-300x225.jpg 300w, https:\/\/www.kinder-lernen-leben-retten.at\/wp-content\/uploads\/2016\/08\/JusimGady-285x214.jpg 285w, https:\/\/www.kinder-lernen-leben-retten.at\/wp-content\/uploads\/2016\/08\/JusimGady.jpg 640w\" sizes=\"(max-width: 304px) 100vw, 304px\" \/>\u00a0\u00a0\u00a0<\/a><a href=\"http:\/\/www.kinder-lernen-leben-retten.at\/wp-content\/uploads\/2016\/08\/JusimGady.jpg\" target=\"_blank\" rel=\"noopener noreferrer\"><img loading=\"lazy\" class=\"alignnone wp-image-446\" src=\"http:\/\/www.kinder-lernen-leben-retten.at\/wp-content\/uploads\/2016\/08\/Jusim2-300x225.jpg\" alt=\"\" width=\"304\" height=\"228\" srcset=\"https:\/\/www.kinder-lernen-leben-retten.at\/wp-content\/uploads\/2016\/08\/Jusim2-300x225.jpg 300w, https:\/\/www.kinder-lernen-leben-retten.at\/wp-content\/uploads\/2016\/08\/Jusim2-768x576.jpg 768w, https:\/\/www.kinder-lernen-leben-retten.at\/wp-content\/uploads\/2016\/08\/Jusim2-285x214.jpg 285w, https:\/\/www.kinder-lernen-leben-retten.at\/wp-content\/uploads\/2016\/08\/Jusim2.jpg 960w\" sizes=\"(max-width: 304px) 100vw, 304px\" \/><\/a><\/p>\n<h1><\/h1>\n<h1><span style=\"color: #ff0000;\">Volksschule H\u00f6nigtal<\/span><\/h1>\n<p>dank gro\u00dfz\u00fcgiger finanzieller Unterst\u00fctzung durch die Gemeinde Kainbach, besitzen Schule\/Gemeinde nicht nur eigene \u00dcbungspuppen, sondern auch einen eigenen\u00dcbungsdefi, sodass <span style=\"color: #0000ff;\">Ulli Jesenik<\/span> f\u00fcr ihre 4 Workshops mit den <strong><span style=\"color: #3366ff;\">80 Kindern der dritten und vierten Klassen<\/span><\/strong> der Volksschule wirklich aus dem Vollen sch\u00f6pfen konnte (hier ein kurzer <span style=\"color: #ff0000;\"><a href=\"https:\/\/www.google.at\/url?sa=t&amp;rct=j&amp;q=&amp;esrc=s&amp;source=web&amp;cd=20&amp;ved=0ahUKEwiV39HovLHWAhUDHxoKHecoBTc4ChAWCFcwCQ&amp;url=https%3A%2F%2Fwww.vshoenigtal.at%2Fapp%2Fdownload%2F9068201485%2FKinder%2Blernen%2BLeben%2Bretten.pdf%3Ft%3D1505505492&amp;usg=AFQjCNHdoo5tJz0L8qANXwM1s3Mh1e7FiA\" target=\"_blank\" rel=\"noopener noreferrer\">Bericht<\/a><\/span> nebst Bildern).<\/p>\n<h1><\/h1>\n<h1><span style=\"color: #ff0000;\">Volksschule Paldau (03\/2017)<\/span><\/h1>\n<p>nachdem unsere Unterst\u00fctzer &#8211; in diesem Fall <span style=\"color: #0000ff;\">Karin Uhl, Martina Valecz und Ines Gutmann<\/span><strong><span style=\"color: #0000ff;\"> &#8211;<\/span><\/strong>\u00a0mittlerweile schon in weiten Teilen der Steiermark anzutreffen sind, konnten wir am <strong><span style=\"color: #000080;\">30.3.2017<\/span><\/strong> mit gro\u00dfz\u00fcgiger Unterst\u00fctzung der Gemeinde Paldau und einiger ortsans\u00e4\u00dfiger Firmen auch an der dortigen Volksschule den <strong><span style=\"color: #3366ff;\">Kindern der 3. und 4.<\/span> <\/strong>Klassen die Wiederbelebung nahebringen. Viele Bilder und weitere Infos dazu finden sich auf der Homepage der <span style=\"color: #0000ff;\"><a href=\"http:\/\/www.vspaldau.at\/index.php\/aktuelles\/283-kinder-lernen-leben-retten\" target=\"_blank\" rel=\"noopener noreferrer\"><span style=\"color: #0000ff;\">VS Paldau<\/span><\/a><\/span><\/p>\n<h1><\/h1>\n<h1><span style=\"color: #ff0000;\">Antenne Steiermark <a href=\"https:\/\/soundcloud.com\/user-621707871\/schwanberg-antenne\" target=\"_blank\" rel=\"noopener noreferrer\">live<\/a> aus derVS Schwanberg (03\/2017)<\/span><\/h1>\n<p>Am <strong><span style=\"color: #000080;\">28. und 29.3.2017<\/span><\/strong>\u00a0durften <span style=\"color: #3366ff;\">Barbara Wagner, Angi Koch, Felix Auer, Roland Koch und Lukas Amplatz <\/span>mit den <strong><span style=\"color: #3366ff;\">dritten und vierten Klassen<\/span><\/strong> der Volksschule Schwanberg &#8211;&gt; RUFEN &#8211;&gt; DR\u00dcCKEN &#8211;&gt; SCHOCKEN. Die Kinder haben das an beiden Tagen super gemacht.<br \/>\n<span style=\"color: #ff0000;\">Thomas Seidl von der Antenne Steiermark<\/span> besuchte uns am Mittwoch und gestaltete einen tollen Beitrag, der am Donnerstag bei den &#8222;Antenne Muntermachern&#8220; gespielt wurde.<\/p>\n<p><a href=\"http:\/\/www.kinder-lernen-leben-retten.at\/wp-content\/uploads\/2016\/08\/Schwanberg-mit-Antenne.jpg\" target=\"_blank\" rel=\"noopener noreferrer\"><img loading=\"lazy\" class=\"alignnone wp-image-427\" src=\"http:\/\/www.kinder-lernen-leben-retten.at\/wp-content\/uploads\/2016\/08\/Schwanberg-mit-Antenne-300x225.jpg\" alt=\"\" width=\"411\" height=\"308\" srcset=\"https:\/\/www.kinder-lernen-leben-retten.at\/wp-content\/uploads\/2016\/08\/Schwanberg-mit-Antenne-300x225.jpg 300w, https:\/\/www.kinder-lernen-leben-retten.at\/wp-content\/uploads\/2016\/08\/Schwanberg-mit-Antenne-768x576.jpg 768w, https:\/\/www.kinder-lernen-leben-retten.at\/wp-content\/uploads\/2016\/08\/Schwanberg-mit-Antenne-285x214.jpg 285w, https:\/\/www.kinder-lernen-leben-retten.at\/wp-content\/uploads\/2016\/08\/Schwanberg-mit-Antenne.jpg 960w\" sizes=\"(max-width: 411px) 100vw, 411px\" \/><\/a><\/p>\n<h1><\/h1>\n<h1><span style=\"color: #ff0000;\">Volksschule St. Stefan ob Stainz (03\/2017)<\/span><\/h1>\n<p><strong><span style=\"color: #0000ff;\">151 Kinder<\/span><\/strong> konnten von einer wie immer hochmotivierten <span style=\"color: #0000ff;\">Sandra Kreutner<\/span> \u00a0&#8211; auch hier Dank der gro\u00dfz\u00fcgigen Spende der Gemeinde St. Stefan ob Stainz f\u00fcr die \u00dcbungspuppen &#8211; zwischen <strong><span style=\"color: #000080;\">8.-10.3.2016<\/span><\/strong> in die Geheimnisse von &#8211;&gt; RUFEN \u00a0&#8211;&gt; DR\u00dcCKEN \u00a0&#8211;&gt; SCHOCKEN einef\u00fchrt werden. In weiterer Folge gab es dazu auch noch \u00dcbungs &#8211; und Informationsabende. Fotos und weitere Infos dazu finden sich auf der Seite der <a href=\"http:\/\/www.st-stefan-stainz.gv.at\/aktuelles\/fotogalerie\/kinder-lernen-leben-retten\/\" target=\"_blank\" rel=\"noopener noreferrer\"><span style=\"color: #0000ff;\">Gemeinde<\/span> <span style=\"color: #0000ff;\">St. Stefan ob Stainz<\/span><\/a><\/p>\n<h1><span style=\"color: #ff0000;\">&#8222;Herzsichere Gemeinde&#8220; Wundschuh (02\/2017)<\/span><\/h1>\n<p>wir durften <span style=\"color: #3366ff;\">Gregor Fink<\/span> mit seiner <a href=\"http:\/\/www.heartbeatfoundation.com\/heartbeatstory\/\" target=\"_blank\" rel=\"noopener noreferrer\"><span style=\"color: #3366ff;\">&#8222;Heartbeat-Foundation&#8220;<\/span><\/a> bei der \u00dcberreichung des Defis f\u00fcr den Sportplatz samt Einschulung f\u00fcr Vertreter aller Vereine, Parteien, Schule und sonstigen Institutionen der Gemeinde Wundschuh unterst\u00fctzen, dabei erhielten wir auch eine Einladung unser Projekt in der Volksschule durchf\u00fchren zu d\u00fcrfen (siehe <a href=\"http:\/\/www.wundschuh.at\/Volksschule_-_Kinder_lernen_Leben_retten_1\" target=\"_blank\" rel=\"noopener noreferrer\">06\/2017<\/a>), wof\u00fcr die Gemeinde ebenfalls wieder selbst die eigenen Puppen finanziert hat.<\/p>\n<p><a href=\"http:\/\/www.kinder-lernen-leben-retten.at\/wp-content\/uploads\/2016\/08\/Herzsichere-Gemeinde-Wundschuh.jpg\" target=\"_blank\" rel=\"noopener noreferrer\"><img loading=\"lazy\" class=\"alignnone wp-image-428 size-medium\" src=\"http:\/\/www.kinder-lernen-leben-retten.at\/wp-content\/uploads\/2016\/08\/Herzsichere-Gemeinde-Wundschuh-300x225.jpg\" alt=\"\" width=\"300\" height=\"225\" srcset=\"https:\/\/www.kinder-lernen-leben-retten.at\/wp-content\/uploads\/2016\/08\/Herzsichere-Gemeinde-Wundschuh-300x225.jpg 300w, https:\/\/www.kinder-lernen-leben-retten.at\/wp-content\/uploads\/2016\/08\/Herzsichere-Gemeinde-Wundschuh-768x576.jpg 768w, https:\/\/www.kinder-lernen-leben-retten.at\/wp-content\/uploads\/2016\/08\/Herzsichere-Gemeinde-Wundschuh-285x214.jpg 285w, https:\/\/www.kinder-lernen-leben-retten.at\/wp-content\/uploads\/2016\/08\/Herzsichere-Gemeinde-Wundschuh.jpg 960w\" sizes=\"(max-width: 300px) 100vw, 300px\" \/><\/a><\/p>\n<h1><span style=\"color: #ff0000;\">Interview <a href=\"https:\/\/www.radioigel.at\" target=\"_blank\" rel=\"noopener noreferrer\">Radio Igel<\/a><\/span><\/h1>\n<p>am <strong><span style=\"color: #000080;\">11.1.2017<\/span><\/strong> war <span style=\"color: #0000ff;\">Wolfgang Hansel<\/span> zu Gast in der <span style=\"color: #3366ff;\">P\u00e4dagogischen Hochschule Steiermark<\/span> und durfte den StudentInnen im Rahmen eines Medienprojekts eine Stunde lang Rede und Antwort zum Thema &#8222;Kinder lernen Leben retten&#8220; stehen.<\/p>\n<h1><span style=\"color: #ff0000;\">BG Rein (12\/2016)<\/span><\/h1>\n<p style=\"text-align: justify;\">Das <a href=\"http:\/\/www.bgrein.at\" target=\"_blank\" rel=\"noopener noreferrer\">BG Rein<\/a> arbeitet Dank der Initiative des Vereins <a href=\"http:\/\/grosse-schuetzen-kleine.at\" target=\"_blank\" rel=\"noopener noreferrer\">&#8222;Gro\u00dfe sch\u00fctzen Kleine&#8220;<\/a> intensiv auf die Zertifizierung als <a href=\"http:\/\/internationalsafeschool.com\" target=\"_blank\" rel=\"noopener noreferrer\">&#8222;International Safe School&#8220;<\/a> hin. Dazu gibt es neben verschiedensten Programmen, die mit und durch die Sch\u00fclerInnen erarbeitet werden auch in jeder Klasse 2 so genannte &#8222;Xundis&#8220; &#8211; Sicherheits- und Gesundheitssprecher. Diese treffen sich regelm\u00e4\u00dfig um \u00fcber neue Projekte und T\u00e4tigkeiten informiert und geschult zu werden.<\/p>\n<p style=\"text-align: justify;\">Da das BG Rein auch zu den wenigen Schulen geh\u00f6rt, wo es auch einen eigenen &#8222;Defi&#8220; gibt, lag es nahe, dass auch wir eingeladen worden waren, um am <strong><span style=\"color: #000080;\">9.12.2016<\/span><\/strong> einerseits unser Projekt den <span style=\"color: #0000ff;\"><strong>60 Xundis<\/strong><\/span> vorzustellen und andererseits zumindest einmal die &#8222;Xundis&#8220; der unteren Klassen, die ja routinem\u00e4\u00dfig noch keine Erste-Hilfe&#8211;Ausbildung erhalten hatten, zumindest im \u00a0 \u00a0 \u00a0 \u00a0 \u00a0 \u00a0 \u00a0 \u00a0 \u00a0 \u00a0&#8211;&gt;RUFEN \u00a0&#8211;&gt;DR\u00dcCKEN \u00a0&#8211;&gt;SCHOCKEN zu instruieren. (weitere <a href=\"http:\/\/grosse-schuetzen-kleine.at\/xundis-tag-im-bg-rein\/\" target=\"_blank\" rel=\"noopener noreferrer\">Bilder<\/a>)<a href=\"http:\/\/www.kinder-lernen-leben-retten.at\/wp-content\/uploads\/2016\/08\/Xundis_Kinder-lernen-Leben-retten_Gruppenfoto.jpg\" target=\"_blank\" rel=\"noopener noreferrer\"><br \/>\n<img loading=\"lazy\" class=\"wp-image-349 alignnone\" src=\"http:\/\/www.kinder-lernen-leben-retten.at\/wp-content\/uploads\/2016\/08\/Xundis_Kinder-lernen-Leben-retten_Gruppenfoto-300x114.jpg\" alt=\"xundis_kinder-lernen-leben-retten_gruppenfoto\" width=\"553\" height=\"210\" srcset=\"https:\/\/www.kinder-lernen-leben-retten.at\/wp-content\/uploads\/2016\/08\/Xundis_Kinder-lernen-Leben-retten_Gruppenfoto-300x114.jpg 300w, https:\/\/www.kinder-lernen-leben-retten.at\/wp-content\/uploads\/2016\/08\/Xundis_Kinder-lernen-Leben-retten_Gruppenfoto-768x292.jpg 768w, https:\/\/www.kinder-lernen-leben-retten.at\/wp-content\/uploads\/2016\/08\/Xundis_Kinder-lernen-Leben-retten_Gruppenfoto-1024x390.jpg 1024w\" sizes=\"(max-width: 553px) 100vw, 553px\" \/><\/a><\/p>\n<p style=\"text-align: justify;\"><span style=\"color: #333333; background-color: #ffffff;\">\u00a0<\/span><a href=\"http:\/\/www.kinder-lernen-leben-retten.at\/wp-content\/uploads\/2016\/08\/BG-Rein_Xundistag_2016_036.jpg\" target=\"_blank\" rel=\"noopener noreferrer\"><img loading=\"lazy\" class=\"alignnone wp-image-350\" src=\"http:\/\/www.kinder-lernen-leben-retten.at\/wp-content\/uploads\/2016\/08\/BG-Rein_Xundistag_2016_036-300x209.jpg\" alt=\"bg-rein_xundistag_2016_036\" width=\"244\" height=\"170\" srcset=\"https:\/\/www.kinder-lernen-leben-retten.at\/wp-content\/uploads\/2016\/08\/BG-Rein_Xundistag_2016_036-300x209.jpg 300w, https:\/\/www.kinder-lernen-leben-retten.at\/wp-content\/uploads\/2016\/08\/BG-Rein_Xundistag_2016_036-768x534.jpg 768w, https:\/\/www.kinder-lernen-leben-retten.at\/wp-content\/uploads\/2016\/08\/BG-Rein_Xundistag_2016_036-1024x713.jpg 1024w, https:\/\/www.kinder-lernen-leben-retten.at\/wp-content\/uploads\/2016\/08\/BG-Rein_Xundistag_2016_036.jpg 1210w\" sizes=\"(max-width: 244px) 100vw, 244px\" \/><\/a><span style=\"color: #333333; background-color: #ffffff;\">\u00a0\u00a0<\/span><a href=\"http:\/\/www.kinder-lernen-leben-retten.at\/wp-content\/uploads\/2016\/08\/BG-Rein_Xundistag_2016_045.jpg\" target=\"_blank\" rel=\"noopener noreferrer\"><img loading=\"lazy\" class=\"alignnone wp-image-351\" src=\"http:\/\/www.kinder-lernen-leben-retten.at\/wp-content\/uploads\/2016\/08\/BG-Rein_Xundistag_2016_045-300x183.jpg\" alt=\"bg-rein_xundistag_2016_045\" width=\"277\" height=\"169\" srcset=\"https:\/\/www.kinder-lernen-leben-retten.at\/wp-content\/uploads\/2016\/08\/BG-Rein_Xundistag_2016_045-300x183.jpg 300w, https:\/\/www.kinder-lernen-leben-retten.at\/wp-content\/uploads\/2016\/08\/BG-Rein_Xundistag_2016_045-768x469.jpg 768w, https:\/\/www.kinder-lernen-leben-retten.at\/wp-content\/uploads\/2016\/08\/BG-Rein_Xundistag_2016_045-1024x626.jpg 1024w, https:\/\/www.kinder-lernen-leben-retten.at\/wp-content\/uploads\/2016\/08\/BG-Rein_Xundistag_2016_045.jpg 1476w\" sizes=\"(max-width: 277px) 100vw, 277px\" \/><\/a><span style=\"color: #333333; background-color: #ffffff;\">\u00a0\u00a0<\/span><a href=\"http:\/\/www.kinder-lernen-leben-retten.at\/wp-content\/uploads\/2016\/08\/BG-Rein_Xundistag_2016_039.jpg\" target=\"_blank\" rel=\"noopener noreferrer\"><img loading=\"lazy\" class=\"alignnone wp-image-352\" src=\"http:\/\/www.kinder-lernen-leben-retten.at\/wp-content\/uploads\/2016\/08\/BG-Rein_Xundistag_2016_039-300x177.jpg\" alt=\"bg-rein_xundistag_2016_039\" width=\"288\" height=\"170\" srcset=\"https:\/\/www.kinder-lernen-leben-retten.at\/wp-content\/uploads\/2016\/08\/BG-Rein_Xundistag_2016_039-300x177.jpg 300w, https:\/\/www.kinder-lernen-leben-retten.at\/wp-content\/uploads\/2016\/08\/BG-Rein_Xundistag_2016_039-768x452.jpg 768w, https:\/\/www.kinder-lernen-leben-retten.at\/wp-content\/uploads\/2016\/08\/BG-Rein_Xundistag_2016_039-1024x603.jpg 1024w, https:\/\/www.kinder-lernen-leben-retten.at\/wp-content\/uploads\/2016\/08\/BG-Rein_Xundistag_2016_039.jpg 1419w\" sizes=\"(max-width: 288px) 100vw, 288px\" \/><\/a><\/p>\n<h1>\u00a0<span style=\"color: #ff0000;\">Volksschule Hitzendorf (11\/2016)<\/span><\/h1>\n<p>In Hitzendorf l\u00e4uft unser Projekt ja nun schon\u00a0das 2. Schuljahr. Nach dem bereits zweiten Mal f\u00fcr die diesj\u00e4hrigen 4. Klassen im Rahmen des Events in der Kirschenhalle (s.u.) konnten wir &#8211; <span style=\"color: #0000ff;\">Michaela und Wolfgang Hansel<\/span> &#8211; \u00a0am <strong><span style=\"color: #000080;\">9.11.2016<\/span> <span style=\"color: #0000ff;\">51 Kindern<\/span><\/strong> der diesj\u00e4hrigen <strong><span style=\"color: #3366ff;\">3. Klassen<\/span><\/strong> ebenfalls wieder die Grundz\u00fcge der Wiederbelebung beibringen.<\/p>\n<p style=\"text-align: justify;\"><a href=\"http:\/\/www.kinder-lernen-leben-retten.at\/wp-content\/uploads\/2016\/08\/thumb_IMG_1504_1024.jpg\"><img loading=\"lazy\" class=\"alignnone wp-image-336 size-medium\" src=\"http:\/\/www.kinder-lernen-leben-retten.at\/wp-content\/uploads\/2016\/08\/thumb_IMG_1504_1024-300x225.jpg\" alt=\"thumb_img_1504_1024\" width=\"300\" height=\"225\" srcset=\"https:\/\/www.kinder-lernen-leben-retten.at\/wp-content\/uploads\/2016\/08\/thumb_IMG_1504_1024-300x225.jpg 300w, https:\/\/www.kinder-lernen-leben-retten.at\/wp-content\/uploads\/2016\/08\/thumb_IMG_1504_1024-768x576.jpg 768w, https:\/\/www.kinder-lernen-leben-retten.at\/wp-content\/uploads\/2016\/08\/thumb_IMG_1504_1024.jpg 1024w, https:\/\/www.kinder-lernen-leben-retten.at\/wp-content\/uploads\/2016\/08\/thumb_IMG_1504_1024-285x214.jpg 285w\" sizes=\"(max-width: 300px) 100vw, 300px\" \/><\/a>\u00a0\u00a0\u00a0\u00a0<a href=\"http:\/\/www.kinder-lernen-leben-retten.at\/wp-content\/uploads\/2016\/08\/thumb_IMG_1505_1024.jpg\"><img loading=\"lazy\" class=\"alignnone wp-image-338 size-medium\" src=\"http:\/\/www.kinder-lernen-leben-retten.at\/wp-content\/uploads\/2016\/08\/thumb_IMG_1505_1024-300x225.jpg\" alt=\"thumb_img_1505_1024\" width=\"300\" height=\"225\" srcset=\"https:\/\/www.kinder-lernen-leben-retten.at\/wp-content\/uploads\/2016\/08\/thumb_IMG_1505_1024-300x225.jpg 300w, https:\/\/www.kinder-lernen-leben-retten.at\/wp-content\/uploads\/2016\/08\/thumb_IMG_1505_1024-768x576.jpg 768w, https:\/\/www.kinder-lernen-leben-retten.at\/wp-content\/uploads\/2016\/08\/thumb_IMG_1505_1024.jpg 1024w, https:\/\/www.kinder-lernen-leben-retten.at\/wp-content\/uploads\/2016\/08\/thumb_IMG_1505_1024-285x214.jpg 285w\" sizes=\"(max-width: 300px) 100vw, 300px\" \/><\/a><\/p>\n<h1><span style=\"color: #ff0000;\">Volksschule Rassach (11\/2016)<\/span><\/h1>\n<p>Am <span style=\"color: #000080;\"><strong>7.11. 2016<\/strong><\/span> trainierte eine danach fast stimmlose\u00a0<span style=\"color: #0000ff;\">Sandra Kreutner<\/span><strong> <span style=\"color: #0000ff;\">60 Kinder<\/span><\/strong> der Volksschule Rassach (Gemeinde Stainz) im<\/p>\n<p style=\"text-align: center;\"><strong><span style=\"color: #ff0000;\">&#8211;&gt; RUFEN \u00a0&#8211;&gt;DR\u00dcCKEN \u00a0&#8211;&gt;SCHOCKEN<\/span><\/strong><\/p>\n<p style=\"text-align: justify;\"><a href=\"http:\/\/www.kinder-lernen-leben-retten.at\/wp-content\/uploads\/2016\/08\/thumb_IMG_1489_1024.jpg\"><img loading=\"lazy\" class=\"alignnone wp-image-330 size-medium\" src=\"http:\/\/www.kinder-lernen-leben-retten.at\/wp-content\/uploads\/2016\/08\/thumb_IMG_1489_1024-300x169.jpg\" alt=\"thumb_img_1489_1024\" width=\"300\" height=\"169\" srcset=\"https:\/\/www.kinder-lernen-leben-retten.at\/wp-content\/uploads\/2016\/08\/thumb_IMG_1489_1024-300x169.jpg 300w, https:\/\/www.kinder-lernen-leben-retten.at\/wp-content\/uploads\/2016\/08\/thumb_IMG_1489_1024-768x432.jpg 768w, https:\/\/www.kinder-lernen-leben-retten.at\/wp-content\/uploads\/2016\/08\/thumb_IMG_1489_1024-1024x576.jpg 1024w, https:\/\/www.kinder-lernen-leben-retten.at\/wp-content\/uploads\/2016\/08\/thumb_IMG_1489_1024.jpg 1182w\" sizes=\"(max-width: 300px) 100vw, 300px\" \/><\/a>\u00a0\u00a0<a href=\"http:\/\/www.kinder-lernen-leben-retten.at\/wp-content\/uploads\/2016\/08\/thumb_IMG_1496_1024.jpg\"><img loading=\"lazy\" class=\"alignnone wp-image-331 size-medium\" src=\"http:\/\/www.kinder-lernen-leben-retten.at\/wp-content\/uploads\/2016\/08\/thumb_IMG_1496_1024-169x300.jpg\" alt=\"thumb_img_1496_1024\" width=\"169\" height=\"300\" srcset=\"https:\/\/www.kinder-lernen-leben-retten.at\/wp-content\/uploads\/2016\/08\/thumb_IMG_1496_1024-169x300.jpg 169w, https:\/\/www.kinder-lernen-leben-retten.at\/wp-content\/uploads\/2016\/08\/thumb_IMG_1496_1024-576x1024.jpg 576w, https:\/\/www.kinder-lernen-leben-retten.at\/wp-content\/uploads\/2016\/08\/thumb_IMG_1496_1024.jpg 665w\" sizes=\"(max-width: 169px) 100vw, 169px\" \/><\/a>\u00a0\u00a0<a href=\"http:\/\/www.kinder-lernen-leben-retten.at\/wp-content\/uploads\/2016\/08\/thumb_IMG_1498_1024.jpg\"><img loading=\"lazy\" class=\"alignnone wp-image-332 size-medium\" src=\"http:\/\/www.kinder-lernen-leben-retten.at\/wp-content\/uploads\/2016\/08\/thumb_IMG_1498_1024-300x169.jpg\" alt=\"thumb_img_1498_1024\" width=\"300\" height=\"169\" srcset=\"https:\/\/www.kinder-lernen-leben-retten.at\/wp-content\/uploads\/2016\/08\/thumb_IMG_1498_1024-300x169.jpg 300w, https:\/\/www.kinder-lernen-leben-retten.at\/wp-content\/uploads\/2016\/08\/thumb_IMG_1498_1024-768x432.jpg 768w, https:\/\/www.kinder-lernen-leben-retten.at\/wp-content\/uploads\/2016\/08\/thumb_IMG_1498_1024-1024x576.jpg 1024w, https:\/\/www.kinder-lernen-leben-retten.at\/wp-content\/uploads\/2016\/08\/thumb_IMG_1498_1024.jpg 1182w\" sizes=\"(max-width: 300px) 100vw, 300px\" \/><\/a><\/p>\n<p><a href=\"http:\/\/www.kinder-lernen-leben-retten.at\/wp-content\/uploads\/2016\/08\/thumb_IMG_1502_1024.jpg\"><img loading=\"lazy\" class=\"alignnone wp-image-333 size-medium\" src=\"http:\/\/www.kinder-lernen-leben-retten.at\/wp-content\/uploads\/2016\/08\/thumb_IMG_1502_1024-300x169.jpg\" alt=\"thumb_img_1502_1024\" width=\"300\" height=\"169\" srcset=\"https:\/\/www.kinder-lernen-leben-retten.at\/wp-content\/uploads\/2016\/08\/thumb_IMG_1502_1024-300x169.jpg 300w, https:\/\/www.kinder-lernen-leben-retten.at\/wp-content\/uploads\/2016\/08\/thumb_IMG_1502_1024-768x432.jpg 768w, https:\/\/www.kinder-lernen-leben-retten.at\/wp-content\/uploads\/2016\/08\/thumb_IMG_1502_1024-1024x576.jpg 1024w, https:\/\/www.kinder-lernen-leben-retten.at\/wp-content\/uploads\/2016\/08\/thumb_IMG_1502_1024.jpg 1182w\" sizes=\"(max-width: 300px) 100vw, 300px\" \/><\/a>\u00a0 \u00a0 \u00a0 \u00a0 \u00a0 \u00a0 \u00a0 \u00a0 \u00a0 \u00a0 \u00a0 \u00a0 \u00a0 \u00a0 \u00a0 \u00a0 \u00a0 \u00a0 \u00a0 \u00a0 \u00a0 \u00a0 \u00a0 \u00a0 \u00a0 \u00a0 \u00a0 \u00a0 \u00a0\u00a0<a href=\"http:\/\/www.kinder-lernen-leben-retten.at\/wp-content\/uploads\/2016\/08\/thumb_IMG_1494_1024.jpg\"><img loading=\"lazy\" class=\"alignnone wp-image-334 size-medium\" src=\"http:\/\/www.kinder-lernen-leben-retten.at\/wp-content\/uploads\/2016\/08\/thumb_IMG_1494_1024-300x169.jpg\" alt=\"thumb_img_1494_1024\" width=\"300\" height=\"169\" srcset=\"https:\/\/www.kinder-lernen-leben-retten.at\/wp-content\/uploads\/2016\/08\/thumb_IMG_1494_1024-300x169.jpg 300w, https:\/\/www.kinder-lernen-leben-retten.at\/wp-content\/uploads\/2016\/08\/thumb_IMG_1494_1024-768x432.jpg 768w, https:\/\/www.kinder-lernen-leben-retten.at\/wp-content\/uploads\/2016\/08\/thumb_IMG_1494_1024-1024x576.jpg 1024w, https:\/\/www.kinder-lernen-leben-retten.at\/wp-content\/uploads\/2016\/08\/thumb_IMG_1494_1024.jpg 1182w\" sizes=\"(max-width: 300px) 100vw, 300px\" \/><\/a><\/p>\n<h1><\/h1>\n<h1><\/h1>\n<h1><span style=\"color: #ff0000;\">Event Kirschenhalle Hitzendorf mit Servus-TV (10\/2016) <\/span><\/h1>\n<p>Urspr\u00fcnglich eigentlich aus Anlass des zum Europ\u00e4ischen Tag der Wiederbelebung am <span style=\"color: #000080;\"><strong>18. 10.2016<\/strong><\/span> geplanten Weltrekordversuches in Wiederbelebung (der leider vom <a href=\"https:\/\/www.erc.edu\" target=\"_blank\" rel=\"noopener noreferrer\">ERC <\/a>kurzfristig abgesagt worden war), haben wir nat\u00fcrlich die seit Wochen und Monaten bereits fixierte Veranstaltung trotzdem durchgef\u00fchrt: <span style=\"color: #3366ff;\"><strong>150 Kinder aus insgesamt 3 Volksschulen (Hitzendorf, St. Stefan ob Stainz, Rassach) und den Hitzendorfer Kinderg\u00e4rten<\/strong><\/span> pr\u00e4sentierten mit musikalischer Begleitung von <a href=\"http:\/\/www.dominikofner.at\" target=\"_blank\" rel=\"noopener noreferrer\"><span style=\"color: #000080;\"><strong>Dominic Ofner<\/strong><\/span><\/a> das Lied der Notrufnummern und ihre Kenntnisse im Wiederbeleben. Neben den vorhandenen 60 \u00dcbungspuppen (<span style=\"color: #000080;\"><a style=\"color: #000080;\" href=\"http:\/\/www.laerdal.com\/at\/MiniAnne\" target=\"_blank\" rel=\"noopener noreferrer\">MiniAnne der Fa. Laerdal<\/a><\/span>) brachten die Kleinsten noch ihre Teddies und andere Stofftiere, die eifrig wiederbelebt wurden.<\/p>\n<p>Dass Kinder, die Wiederbelebung erlernt haben, im Ernstfall sogar der eigenen Mutter das Leben retten k\u00f6nnen, zeigt eindrucksvoll der erste Teil des <a href=\"https:\/\/youtu.be\/guc_CMp-5uc\" target=\"_blank\" rel=\"noopener noreferrer\"><span style=\"text-decoration: underline;\"><span style=\"color: #000080; text-decoration: underline;\">Filmbeitrages auf\u00a0Servus-TV<\/span><\/span><\/a><\/p>\n<h1><a href=\"http:\/\/www.kinder-lernen-leben-retten.at\/wp-content\/uploads\/2016\/08\/thumb_PA180067_1024.jpg\"><img loading=\"lazy\" class=\"alignleft wp-image-309 size-medium\" src=\"http:\/\/www.kinder-lernen-leben-retten.at\/wp-content\/uploads\/2016\/08\/thumb_PA180067_1024-300x225.jpg\" alt=\"thumb_pa180067_1024\" width=\"300\" height=\"225\" srcset=\"https:\/\/www.kinder-lernen-leben-retten.at\/wp-content\/uploads\/2016\/08\/thumb_PA180067_1024-300x225.jpg 300w, https:\/\/www.kinder-lernen-leben-retten.at\/wp-content\/uploads\/2016\/08\/thumb_PA180067_1024-768x576.jpg 768w, https:\/\/www.kinder-lernen-leben-retten.at\/wp-content\/uploads\/2016\/08\/thumb_PA180067_1024.jpg 1024w, https:\/\/www.kinder-lernen-leben-retten.at\/wp-content\/uploads\/2016\/08\/thumb_PA180067_1024-285x214.jpg 285w\" sizes=\"(max-width: 300px) 100vw, 300px\" \/><\/a>\u00a0\u00a0<a href=\"http:\/\/www.kinder-lernen-leben-retten.at\/wp-content\/uploads\/2016\/08\/thumb_PA180073_1024.jpg\"><img loading=\"lazy\" class=\"alignleft wp-image-310 size-medium\" src=\"http:\/\/www.kinder-lernen-leben-retten.at\/wp-content\/uploads\/2016\/08\/thumb_PA180073_1024-300x225.jpg\" alt=\"thumb_pa180073_1024\" width=\"300\" height=\"225\" srcset=\"https:\/\/www.kinder-lernen-leben-retten.at\/wp-content\/uploads\/2016\/08\/thumb_PA180073_1024-300x225.jpg 300w, https:\/\/www.kinder-lernen-leben-retten.at\/wp-content\/uploads\/2016\/08\/thumb_PA180073_1024-768x576.jpg 768w, https:\/\/www.kinder-lernen-leben-retten.at\/wp-content\/uploads\/2016\/08\/thumb_PA180073_1024.jpg 1024w, https:\/\/www.kinder-lernen-leben-retten.at\/wp-content\/uploads\/2016\/08\/thumb_PA180073_1024-285x214.jpg 285w\" sizes=\"(max-width: 300px) 100vw, 300px\" \/><\/a>\u00a0\u00a0<a href=\"http:\/\/www.kinder-lernen-leben-retten.at\/wp-content\/uploads\/2016\/08\/thumb_PA180076_1024.jpg\"><img loading=\"lazy\" class=\"alignleft wp-image-311 size-medium\" src=\"http:\/\/www.kinder-lernen-leben-retten.at\/wp-content\/uploads\/2016\/08\/thumb_PA180076_1024-300x225.jpg\" alt=\"thumb_pa180076_1024\" width=\"300\" height=\"225\" srcset=\"https:\/\/www.kinder-lernen-leben-retten.at\/wp-content\/uploads\/2016\/08\/thumb_PA180076_1024-300x225.jpg 300w, https:\/\/www.kinder-lernen-leben-retten.at\/wp-content\/uploads\/2016\/08\/thumb_PA180076_1024-768x576.jpg 768w, https:\/\/www.kinder-lernen-leben-retten.at\/wp-content\/uploads\/2016\/08\/thumb_PA180076_1024.jpg 1024w, https:\/\/www.kinder-lernen-leben-retten.at\/wp-content\/uploads\/2016\/08\/thumb_PA180076_1024-285x214.jpg 285w\" sizes=\"(max-width: 300px) 100vw, 300px\" \/><\/a>\u00a0\u00a0<a href=\"http:\/\/www.kinder-lernen-leben-retten.at\/wp-content\/uploads\/2016\/08\/thumb_PA180079_1024.jpg\"><img loading=\"lazy\" class=\"alignleft wp-image-312 size-medium\" src=\"http:\/\/www.kinder-lernen-leben-retten.at\/wp-content\/uploads\/2016\/08\/thumb_PA180079_1024-300x225.jpg\" alt=\"thumb_pa180079_1024\" width=\"300\" height=\"225\" srcset=\"https:\/\/www.kinder-lernen-leben-retten.at\/wp-content\/uploads\/2016\/08\/thumb_PA180079_1024-300x225.jpg 300w, https:\/\/www.kinder-lernen-leben-retten.at\/wp-content\/uploads\/2016\/08\/thumb_PA180079_1024-768x576.jpg 768w, https:\/\/www.kinder-lernen-leben-retten.at\/wp-content\/uploads\/2016\/08\/thumb_PA180079_1024.jpg 1024w, https:\/\/www.kinder-lernen-leben-retten.at\/wp-content\/uploads\/2016\/08\/thumb_PA180079_1024-285x214.jpg 285w\" sizes=\"(max-width: 300px) 100vw, 300px\" \/><\/a>\u00a0\u00a0<a href=\"http:\/\/www.kinder-lernen-leben-retten.at\/wp-content\/uploads\/2016\/08\/thumb_PA180089_1024.jpg\"><img loading=\"lazy\" class=\"alignleft wp-image-313 size-medium\" src=\"http:\/\/www.kinder-lernen-leben-retten.at\/wp-content\/uploads\/2016\/08\/thumb_PA180089_1024-300x225.jpg\" alt=\"thumb_pa180089_1024\" width=\"300\" height=\"225\" srcset=\"https:\/\/www.kinder-lernen-leben-retten.at\/wp-content\/uploads\/2016\/08\/thumb_PA180089_1024-300x225.jpg 300w, https:\/\/www.kinder-lernen-leben-retten.at\/wp-content\/uploads\/2016\/08\/thumb_PA180089_1024-768x576.jpg 768w, https:\/\/www.kinder-lernen-leben-retten.at\/wp-content\/uploads\/2016\/08\/thumb_PA180089_1024.jpg 1024w, https:\/\/www.kinder-lernen-leben-retten.at\/wp-content\/uploads\/2016\/08\/thumb_PA180089_1024-285x214.jpg 285w\" sizes=\"(max-width: 300px) 100vw, 300px\" \/><\/a>\u00a0\u00a0<a href=\"http:\/\/www.kinder-lernen-leben-retten.at\/wp-content\/uploads\/2016\/08\/thumb_PA180098_1024.jpg\"><img loading=\"lazy\" class=\"alignleft wp-image-314 size-medium\" src=\"http:\/\/www.kinder-lernen-leben-retten.at\/wp-content\/uploads\/2016\/08\/thumb_PA180098_1024-300x225.jpg\" alt=\"thumb_pa180098_1024\" width=\"300\" height=\"225\" srcset=\"https:\/\/www.kinder-lernen-leben-retten.at\/wp-content\/uploads\/2016\/08\/thumb_PA180098_1024-300x225.jpg 300w, https:\/\/www.kinder-lernen-leben-retten.at\/wp-content\/uploads\/2016\/08\/thumb_PA180098_1024-768x576.jpg 768w, https:\/\/www.kinder-lernen-leben-retten.at\/wp-content\/uploads\/2016\/08\/thumb_PA180098_1024.jpg 1024w, https:\/\/www.kinder-lernen-leben-retten.at\/wp-content\/uploads\/2016\/08\/thumb_PA180098_1024-285x214.jpg 285w\" sizes=\"(max-width: 300px) 100vw, 300px\" \/><\/a><\/h1>\n<h1><\/h1>\n<h1><\/h1>\n<h1><\/h1>\n<h1><\/h1>\n<h1><\/h1>\n<h1><\/h1>\n<h1><\/h1>\n<h1><\/h1>\n<h1><\/h1>\n<h1><\/h1>\n<p style=\"text-align: left;\">auf der <a href=\"http:\/\/vs.hitzendorf.at\/cms\/beitrag\/10053401\/173273\/\" target=\"_blank\" rel=\"noopener noreferrer\">HP der VS Hitzendorf\u00a0<\/a>und auf der <a href=\"https:\/\/business.facebook.com\/pg\/hitzendorf\/photos\/?tab=album&amp;album_id=1208137295945164\" target=\"_blank\" rel=\"noopener noreferrer\">FB-Seite der Gemeinde Hitzendorf <\/a>gibts noch viele weitere Bilder von dieser tollen Aktion.<\/p>\n<h1><\/h1>\n<h1><span style=\"color: #ff0000;\">VS Wildbach bei der 4. Vernetzungsstra\u00dfe d. Sozialverbandes Deutschlandsberg (10\/2016)<\/span><\/h1>\n<p>Schon bei der Projektpr\u00e4sentation im LKH Deutschlandsberg waren wir vom Leiter des Sozialverbandes Dlbg. eingeladen worden, Anfang Oktober das Projekt allen SozialarbeiterInnen im Bezirk vorzustellen.<\/p>\n<p>Am <span style=\"color: #000080;\"><strong>15.10.2016<\/strong><\/span> durfte <span style=\"color: #0000ff;\">Michaela Hansel<\/span> mit Unterst\u00fctzung der Kinder aus der <a href=\"http:\/\/www.vs-wildbach.com\/index.php\/veranstaltungen\/kinder-lernen-leben-retten\" target=\"_blank\" rel=\"noopener noreferrer\"><strong><span style=\"color: #000080;\">Volksschule Wildbach<\/span><\/strong><\/a> &#8211; unserer ersten Schule au\u00dferhalb Hitzendorf &#8211; ein Demonstrationstraining auf der <strong><span style=\"color: #000080;\">4. Vernetzungsstra\u00dfe in der Koralmhalle Dlbg.<\/span> <\/strong>vorf\u00fchren und anschliessend gabs auch noch ein <strong><span style=\"color: #ff0000;\">Interview f\u00fcr <a href=\"http:\/\/www.der-waltl.at\" target=\"_blank\" rel=\"noopener noreferrer\">Radio Waltl<\/a><\/span><\/strong>.<\/p>\n<p><a href=\"http:\/\/www.kinder-lernen-leben-retten.at\/wp-content\/uploads\/2016\/08\/thumb_PA140009_1024.jpg\"><img loading=\"lazy\" class=\"alignleft wp-image-302 size-medium\" src=\"http:\/\/www.kinder-lernen-leben-retten.at\/wp-content\/uploads\/2016\/08\/thumb_PA140009_1024-300x225.jpg\" alt=\"thumb_pa140009_1024\" width=\"300\" height=\"225\" srcset=\"https:\/\/www.kinder-lernen-leben-retten.at\/wp-content\/uploads\/2016\/08\/thumb_PA140009_1024-300x225.jpg 300w, https:\/\/www.kinder-lernen-leben-retten.at\/wp-content\/uploads\/2016\/08\/thumb_PA140009_1024-768x576.jpg 768w, https:\/\/www.kinder-lernen-leben-retten.at\/wp-content\/uploads\/2016\/08\/thumb_PA140009_1024.jpg 1024w, https:\/\/www.kinder-lernen-leben-retten.at\/wp-content\/uploads\/2016\/08\/thumb_PA140009_1024-285x214.jpg 285w\" sizes=\"(max-width: 300px) 100vw, 300px\" \/><\/a>\u00a0\u00a0<a href=\"http:\/\/www.kinder-lernen-leben-retten.at\/wp-content\/uploads\/2016\/08\/thumb_PA140016_1024.jpg\"><img loading=\"lazy\" class=\"alignleft wp-image-303 size-medium\" src=\"http:\/\/www.kinder-lernen-leben-retten.at\/wp-content\/uploads\/2016\/08\/thumb_PA140016_1024-300x225.jpg\" alt=\"thumb_pa140016_1024\" width=\"300\" height=\"225\" srcset=\"https:\/\/www.kinder-lernen-leben-retten.at\/wp-content\/uploads\/2016\/08\/thumb_PA140016_1024-300x225.jpg 300w, https:\/\/www.kinder-lernen-leben-retten.at\/wp-content\/uploads\/2016\/08\/thumb_PA140016_1024-768x576.jpg 768w, https:\/\/www.kinder-lernen-leben-retten.at\/wp-content\/uploads\/2016\/08\/thumb_PA140016_1024.jpg 1024w, https:\/\/www.kinder-lernen-leben-retten.at\/wp-content\/uploads\/2016\/08\/thumb_PA140016_1024-285x214.jpg 285w\" sizes=\"(max-width: 300px) 100vw, 300px\" \/><\/a>\u00a0\u00a0<a href=\"http:\/\/www.kinder-lernen-leben-retten.at\/wp-content\/uploads\/2016\/08\/thumb_PA140036_1024.jpg\"><img loading=\"lazy\" class=\"alignleft wp-image-304 size-medium\" src=\"http:\/\/www.kinder-lernen-leben-retten.at\/wp-content\/uploads\/2016\/08\/thumb_PA140036_1024-300x225.jpg\" alt=\"thumb_pa140036_1024\" width=\"300\" height=\"225\" srcset=\"https:\/\/www.kinder-lernen-leben-retten.at\/wp-content\/uploads\/2016\/08\/thumb_PA140036_1024-300x225.jpg 300w, https:\/\/www.kinder-lernen-leben-retten.at\/wp-content\/uploads\/2016\/08\/thumb_PA140036_1024-768x576.jpg 768w, https:\/\/www.kinder-lernen-leben-retten.at\/wp-content\/uploads\/2016\/08\/thumb_PA140036_1024.jpg 1024w, https:\/\/www.kinder-lernen-leben-retten.at\/wp-content\/uploads\/2016\/08\/thumb_PA140036_1024-285x214.jpg 285w\" sizes=\"(max-width: 300px) 100vw, 300px\" \/><\/a>\u00a0\u00a0<a href=\"http:\/\/www.kinder-lernen-leben-retten.at\/wp-content\/uploads\/2016\/08\/thumb_PA140040_1024.jpg\"><img loading=\"lazy\" class=\"alignleft wp-image-305 size-medium\" src=\"http:\/\/www.kinder-lernen-leben-retten.at\/wp-content\/uploads\/2016\/08\/thumb_PA140040_1024-300x225.jpg\" alt=\"thumb_pa140040_1024\" width=\"300\" height=\"225\" srcset=\"https:\/\/www.kinder-lernen-leben-retten.at\/wp-content\/uploads\/2016\/08\/thumb_PA140040_1024-300x225.jpg 300w, https:\/\/www.kinder-lernen-leben-retten.at\/wp-content\/uploads\/2016\/08\/thumb_PA140040_1024-768x576.jpg 768w, https:\/\/www.kinder-lernen-leben-retten.at\/wp-content\/uploads\/2016\/08\/thumb_PA140040_1024.jpg 1024w, https:\/\/www.kinder-lernen-leben-retten.at\/wp-content\/uploads\/2016\/08\/thumb_PA140040_1024-285x214.jpg 285w\" sizes=\"(max-width: 300px) 100vw, 300px\" \/><\/a>\u00a0\u00a0<a href=\"http:\/\/www.kinder-lernen-leben-retten.at\/wp-content\/uploads\/2016\/08\/thumb_PA140047_1024.jpg\"><img loading=\"lazy\" class=\"alignleft wp-image-306 size-medium\" src=\"http:\/\/www.kinder-lernen-leben-retten.at\/wp-content\/uploads\/2016\/08\/thumb_PA140047_1024-300x225.jpg\" alt=\"thumb_pa140047_1024\" width=\"300\" height=\"225\" srcset=\"https:\/\/www.kinder-lernen-leben-retten.at\/wp-content\/uploads\/2016\/08\/thumb_PA140047_1024-300x225.jpg 300w, https:\/\/www.kinder-lernen-leben-retten.at\/wp-content\/uploads\/2016\/08\/thumb_PA140047_1024-768x576.jpg 768w, https:\/\/www.kinder-lernen-leben-retten.at\/wp-content\/uploads\/2016\/08\/thumb_PA140047_1024.jpg 1024w, https:\/\/www.kinder-lernen-leben-retten.at\/wp-content\/uploads\/2016\/08\/thumb_PA140047_1024-285x214.jpg 285w\" sizes=\"(max-width: 300px) 100vw, 300px\" \/><\/a>\u00a0\u00a0<a href=\"http:\/\/www.kinder-lernen-leben-retten.at\/wp-content\/uploads\/2016\/08\/thumb_PA140055_1024.jpg\"><img loading=\"lazy\" class=\"alignleft wp-image-307 size-medium\" src=\"http:\/\/www.kinder-lernen-leben-retten.at\/wp-content\/uploads\/2016\/08\/thumb_PA140055_1024-300x225.jpg\" alt=\"thumb_pa140055_1024\" width=\"300\" height=\"225\" srcset=\"https:\/\/www.kinder-lernen-leben-retten.at\/wp-content\/uploads\/2016\/08\/thumb_PA140055_1024-300x225.jpg 300w, https:\/\/www.kinder-lernen-leben-retten.at\/wp-content\/uploads\/2016\/08\/thumb_PA140055_1024-768x576.jpg 768w, https:\/\/www.kinder-lernen-leben-retten.at\/wp-content\/uploads\/2016\/08\/thumb_PA140055_1024.jpg 1024w, https:\/\/www.kinder-lernen-leben-retten.at\/wp-content\/uploads\/2016\/08\/thumb_PA140055_1024-285x214.jpg 285w\" sizes=\"(max-width: 300px) 100vw, 300px\" \/><\/a><\/p>\n<h1><\/h1>\n<h1><\/h1>\n<h1><\/h1>\n<h1><\/h1>\n<h1><\/h1>\n<h1><\/h1>\n<h1><\/h1>\n<h1><\/h1>\n<h1><\/h1>\n<h1><\/h1>\n<h1><span style=\"color: #ff0000;\">Projektpr\u00e4sentation beim Jour-Fixe der AGN (Arbeitsgemeinschaft f\u00fcr Notfallmedizin) (10\/2016) <a href=\"http:\/\/live.agn.at\" target=\"_blank\" rel=\"noopener noreferrer\">LIVE-STREAM<\/a><\/span><\/h1>\n<p>Am <strong><span style=\"color: #000080;\">11.10.2016<\/span><\/strong>\u00a0durften wir gemeinsam mit <span style=\"color: #0000ff;\"><a style=\"color: #0000ff;\" href=\"http:\/\/www.drueckmich.at\" target=\"_blank\" rel=\"noopener noreferrer\">Dr\u00fcck Mich!<\/a> <\/span>und der <span style=\"color: #3366ff;\"><a href=\"http:\/\/www.heartbeatfoundation.com\/heartbeatstory\/\" target=\"_blank\" rel=\"noopener noreferrer\"><span style=\"color: #3366ff;\">Heartbeat<\/span> <span style=\"color: #3366ff;\">Foundation<\/span><\/a><\/span> unsere Aktivit\u00e4ten einem interessierten Fachpublikum darlegen. Diese Pr\u00e4sentationen wurden, so wie bei allen Abenden der <strong><span style=\"color: #000080;\"><a style=\"color: #000080;\" href=\"http:\/\/www.agn.at\" target=\"_blank\" rel=\"noopener noreferrer\">AGN<\/a><\/span><\/strong> auch als <strong><a href=\"http:\/\/live.agn.at\" target=\"_blank\" rel=\"noopener noreferrer\">Live-Stream<\/a><\/strong> im Internet \u00fcbertragen.<\/p>\n<h1><\/h1>\n<h1><span style=\"color: #ff0000;\">Infostand am Marktfest Hitzendorf (10\/2016)<\/span><\/h1>\n<p>Am 16. Oktober jeden Jahres findet der Europ\u00e4ische Tag der Wiederbelebung statt, bereits die Woche davor wird in \u00d6sterreich als <strong><span style=\"color: #000080;\">&#8222;Woche der Wiederbelebung&#8220;<\/span><\/strong> mit vielen Aktivit\u00e4ten verschiedenster Organisationen bespielt.<\/p>\n<p>F\u00fcr uns startete die Woche bereits am Sonntag, den <strong><span style=\"color: #000080;\">9. 10.2016 beim Erntedank- und Marktfest in Hitzendorf<\/span><\/strong>, wo wir gemeinsam mit\u00a0<span style=\"color: #000000;\"><a class=\"profileLink\" style=\"color: #000000;\" href=\"https:\/\/www.facebook.com\/drueckmich.at\/\" data-hovercard=\"\/ajax\/hovercard\/page.php?id=280372702149660\">Dr\u00fcck Mich<\/a>!<\/span>\u00a0Pr\u00e4senz zeigen und das &#8211;&gt;RUFEN&#8211;&gt;DR\u00dcCKEN&#8211;&gt;SCHOCKEN auch einigen h\u00f6chst interessierten Schuldirektoren und Politikern aus Nachbargemeinden pr\u00e4sentieren konnten.<\/p>\n<p><a href=\"http:\/\/www.kinder-lernen-leben-retten.at\/wp-content\/uploads\/2016\/08\/Standup-Poster.jpg\"><img loading=\"lazy\" class=\"alignnone wp-image-299\" src=\"http:\/\/www.kinder-lernen-leben-retten.at\/wp-content\/uploads\/2016\/08\/Standup-Poster-300x225.jpg\" alt=\"standup-poster\" width=\"407\" height=\"305\" srcset=\"https:\/\/www.kinder-lernen-leben-retten.at\/wp-content\/uploads\/2016\/08\/Standup-Poster-300x225.jpg 300w, https:\/\/www.kinder-lernen-leben-retten.at\/wp-content\/uploads\/2016\/08\/Standup-Poster-768x576.jpg 768w, https:\/\/www.kinder-lernen-leben-retten.at\/wp-content\/uploads\/2016\/08\/Standup-Poster.jpg 1024w, https:\/\/www.kinder-lernen-leben-retten.at\/wp-content\/uploads\/2016\/08\/Standup-Poster-285x214.jpg 285w\" sizes=\"(max-width: 407px) 100vw, 407px\" \/><\/a><\/p>\n<h1><span style=\"color: #ff0000;\"><a href=\"http:\/\/steiermark.orf.at\/news\/stories\/2800466\/\" target=\"_blank\" rel=\"noopener noreferrer\"><span style=\"color: #ff0000;\"><span style=\"color: #0000ff;\">Interview<\/span><\/span><\/a> f\u00fcr Radio Steiermark (10\/2016)<\/span><\/h1>\n<h1><\/h1>\n<h1><span style=\"color: #ff0000;\">Wiederbelebung mit dem Gemeinderat Hitzendorf,\u00a0<\/span><span style=\"color: #ff0000;\">das Projekt &#8222;Gemeinden lernen Leben retten&#8220; wird offiziell vorgestellt (09\/2016)<\/span><\/h1>\n<p>Am <strong><span style=\"color: #000080;\">Weltherztag, dem 29.9.2016<\/span><\/strong> durften wir unser neues (Pilot-)Projekt vorstellen: eine Vortragsreihe beginnend mit Wiederbelebung f\u00fcr Kinder im Volksschulalter durch &#8222;Kinder lernen Leben retten&#8220;; f\u00fcr die Eltern, Angeh\u00f6rige und alle anderen Interessierten Wiederbelebung zusammen mit <span style=\"color: #000080;\"><strong>&#8222;<a style=\"color: #000080;\" href=\"http:\/\/www.drueckmich.at\" target=\"_blank\" rel=\"noopener noreferrer\">Dr\u00fcck Mich<\/a>!&#8220;<\/strong><\/span>; mit dem <strong><a href=\"http:\/\/rotes kreuz steiermark\" target=\"_blank\" rel=\"noopener noreferrer\"><span style=\"color: #000080;\">Roten Kreuz<\/span> <\/a><\/strong>veranstalten wir einen Erste-Hilfe- und einen S\u00e4uglingswiederbelebungskurs, den die &#8222;Gesunde Gemeinde Hitzendorf&#8220; mit einem Zuschuss f\u00fcr die Teilnehmer unterst\u00fctzt. <span style=\"color: #000080;\"><strong>&#8222;<a style=\"color: #000080;\" href=\"http:\/\/grosse-schuetzen-kleine.at\" target=\"_blank\" rel=\"noopener noreferrer\">Gro\u00dfe sch\u00fctzen Kleine<\/a>&#8222;<\/strong><\/span> werden uns zum Thema Kindersicherheit ebenso informieren wie die Feuerwehr bzw. der <span style=\"color: #000080;\"><strong><a style=\"color: #000080;\" href=\"http:\/\/www.zivilschutz.steiermark.at\" target=\"_blank\" rel=\"noopener noreferrer\">Zivilschutzverband<\/a><\/strong><\/span> mit praktischen \u00dcbungen zur Entstehungsbrandbek\u00e4mpfung. Und<span style=\"color: #000080;\"><strong> <a style=\"color: #000080;\" href=\"http:\/\/styriavitalis.at\" target=\"_blank\" rel=\"noopener noreferrer\">Styria vitalis<\/a><\/strong><\/span> ist \u00fcber das Projekt <span style=\"color: #000080;\"><strong><a style=\"color: #000080;\" href=\"http:\/\/styriavitalis.at\/beratung-begleitung\/gemeinde\/gesunde-gemeinde-werden\/\" target=\"_blank\" rel=\"noopener noreferrer\">Gesunde Gemeinde<\/a><\/strong><\/span> als Vernetzungspartner unterst\u00fctzend dabei.<\/p>\n<p><a href=\"http:\/\/www.kinder-lernen-leben-retten.at\/wp-content\/uploads\/2016\/08\/Vorstellung-Gemeinden-lernen-L-Kopie.jpg\"><img loading=\"lazy\" class=\"alignnone wp-image-295\" src=\"http:\/\/www.kinder-lernen-leben-retten.at\/wp-content\/uploads\/2016\/08\/Vorstellung-Gemeinden-lernen-L-Kopie-300x200.jpg\" alt=\"vorstellung-gemeinden-lernen-l-kopie\" width=\"356\" height=\"237\" srcset=\"https:\/\/www.kinder-lernen-leben-retten.at\/wp-content\/uploads\/2016\/08\/Vorstellung-Gemeinden-lernen-L-Kopie-300x200.jpg 300w, https:\/\/www.kinder-lernen-leben-retten.at\/wp-content\/uploads\/2016\/08\/Vorstellung-Gemeinden-lernen-L-Kopie-768x512.jpg 768w, https:\/\/www.kinder-lernen-leben-retten.at\/wp-content\/uploads\/2016\/08\/Vorstellung-Gemeinden-lernen-L-Kopie-1024x683.jpg 1024w, https:\/\/www.kinder-lernen-leben-retten.at\/wp-content\/uploads\/2016\/08\/Vorstellung-Gemeinden-lernen-L-Kopie-750x500.jpg 750w\" sizes=\"(max-width: 356px) 100vw, 356px\" \/><\/a>\u00a0 \u00a0 \u00a0 \u00a0 \u00a0<a href=\"http:\/\/www.kinder-lernen-leben-retten.at\/wp-content\/uploads\/2016\/08\/Gemeindeprojekt-Poster.png\"><img loading=\"lazy\" class=\"alignnone wp-image-298\" src=\"http:\/\/www.kinder-lernen-leben-retten.at\/wp-content\/uploads\/2016\/08\/Gemeindeprojekt-Poster-300x168.png\" alt=\"gemeindeprojekt-poster\" width=\"425\" height=\"238\" srcset=\"https:\/\/www.kinder-lernen-leben-retten.at\/wp-content\/uploads\/2016\/08\/Gemeindeprojekt-Poster-300x168.png 300w, https:\/\/www.kinder-lernen-leben-retten.at\/wp-content\/uploads\/2016\/08\/Gemeindeprojekt-Poster-768x430.png 768w, https:\/\/www.kinder-lernen-leben-retten.at\/wp-content\/uploads\/2016\/08\/Gemeindeprojekt-Poster.png 944w\" sizes=\"(max-width: 425px) 100vw, 425px\" \/><\/a><\/p>\n<p>v.l.:\u00a0<a id=\"js_k4\" class=\"profileLink\" dir=\"ltr\" href=\"https:\/\/www.facebook.com\/profile.php?id=100006682249329&amp;hc_location=ufi\" target=\"_blank\" rel=\"noopener noreferrer\" data-hovercard=\"\/ajax\/hovercard\/hovercard.php?id=100006682249329&amp;extragetparams=%7B%22hc_location%22%3A%22ufi%22%7D\">Heribert Uhl<\/a>\u00a0v.\u00a0<a class=\"profileLink\" dir=\"ltr\" href=\"https:\/\/www.facebook.com\/Steirischer-Zivilschutzverband-189751691063311\/?hc_location=ufi\" target=\"_blank\" rel=\"noopener noreferrer\" data-hovercard=\"\/ajax\/hovercard\/hovercard.php?id=189751691063311&amp;extragetparams=%7B%22hc_location%22%3A%22ufi%22%7D\">Steirischer Zivilschutzverband<\/a>,\u00a0<a class=\"profileLink\" dir=\"ltr\" href=\"https:\/\/www.facebook.com\/sabine.distl.5?hc_location=ufi\" target=\"_blank\" rel=\"noopener noreferrer\" data-hovercard=\"\/ajax\/hovercard\/hovercard.php?id=100001845307182&amp;extragetparams=%7B%22hc_location%22%3A%22ufi%22%7D\">Sabine Distl<\/a>\u00a0v.\u00a0<a class=\"profileLink\" dir=\"ltr\" href=\"https:\/\/www.facebook.com\/grosseschuetzenkleine\/?hc_location=ufi\" target=\"_blank\" rel=\"noopener noreferrer\" data-hovercard=\"\/ajax\/hovercard\/hovercard.php?id=732455356777038&amp;extragetparams=%7B%22hc_location%22%3A%22ufi%22%7D\">Gro\u00dfe sch\u00fctzen Kleine \/ Safe Kids Austria<\/a>,\u00a0<a class=\"profileLink\" dir=\"ltr\" href=\"https:\/\/www.facebook.com\/michaela.hansel.948?hc_location=ufi\" target=\"_blank\" rel=\"noopener noreferrer\" data-hovercard=\"\/ajax\/hovercard\/hovercard.php?id=100005507709398&amp;extragetparams=%7B%22hc_location%22%3A%22ufi%22%7D\">Michaela Hansel<\/a>, Svenja, GR Monika Hubmann v.\u00a0<a class=\"profileLink\" dir=\"ltr\" href=\"https:\/\/www.facebook.com\/hitzendorf\/?hc_location=ufi\" target=\"_blank\" rel=\"noopener noreferrer\" data-hovercard=\"\/ajax\/hovercard\/hovercard.php?id=103070033118568&amp;extragetparams=%7B%22hc_location%22%3A%22ufi%22%7D\">Marktgemeinde Hitzendorf<\/a>,\u00a0<a class=\"profileLink\" dir=\"ltr\" href=\"https:\/\/www.facebook.com\/profile.php?id=100011674525785&amp;hc_location=ufi\" target=\"_blank\" rel=\"noopener noreferrer\" data-hovercard=\"\/ajax\/hovercard\/hovercard.php?id=100011674525785&amp;extragetparams=%7B%22hc_location%22%3A%22ufi%22%7D\">Wolfgang Hansel<\/a>,\u00a0<a class=\"profileLink\" dir=\"ltr\" href=\"https:\/\/www.facebook.com\/nina.kretschi?hc_location=ufi\" target=\"_blank\" rel=\"noopener noreferrer\" data-hovercard=\"\/ajax\/hovercard\/hovercard.php?id=100000581077566&amp;extragetparams=%7B%22hc_location%22%3A%22ufi%22%7D\">Nina Kretschi<\/a>\u00a0v.\u00a0<a class=\"profileLink\" dir=\"ltr\" href=\"https:\/\/www.facebook.com\/Styria-vitalis-205423126153635\/?hc_location=ufi\" target=\"_blank\" rel=\"noopener noreferrer\" data-hovercard=\"\/ajax\/hovercard\/hovercard.php?id=205423126153635&amp;extragetparams=%7B%22hc_location%22%3A%22ufi%22%7D\">Styria vitalis<\/a>,\u00a0<a id=\"js_k7\" class=\"profileLink\" dir=\"ltr\" href=\"https:\/\/www.facebook.com\/gernot.wildner?hc_location=ufi\" target=\"_blank\" rel=\"noopener noreferrer\" data-hovercard=\"\/ajax\/hovercard\/hovercard.php?id=1384403059&amp;extragetparams=%7B%22hc_location%22%3A%22ufi%22%7D\">Gernot Wildner<\/a>\u00a0v.\u00a0<a class=\"profileLink\" dir=\"ltr\" href=\"https:\/\/www.facebook.com\/drueckmich.at\/?hc_location=ufi\" target=\"_blank\" rel=\"noopener noreferrer\" data-hovercard=\"\/ajax\/hovercard\/hovercard.php?id=280372702149660&amp;extragetparams=%7B%22hc_location%22%3A%22ufi%22%7D\">Dr\u00fcck Mich<\/a> und Gerhard Kouba v.\u00a0<a id=\"js_jz\" class=\"profileLink\" dir=\"ltr\" href=\"https:\/\/www.facebook.com\/lfvsteiermark\/?hc_location=ufi\" target=\"_blank\" rel=\"noopener noreferrer\" data-hovercard=\"\/ajax\/hovercard\/hovercard.php?id=269530813099008&amp;extragetparams=%7B%22hc_location%22%3A%22ufi%22%7D\">Landesfeuerwehrverband Steiermark<\/a><\/p>\n<p>Im Anschluss unterstrichen B\u00fcrgermeister Simone Schmiedtbauer\u00a0und der gesamte Gemeinderat mit ihren Wiederbelebungs\u00fcbungen f\u00fcr die \u00d6ffentlichkeit, die Wichtigkeit der Thematik<\/p>\n<p><a href=\"http:\/\/www.kinder-lernen-leben-retten.at\/wp-content\/uploads\/2016\/08\/Gemeinderat-Wiederbelebung.jpg\"><img loading=\"lazy\" class=\"alignnone wp-image-296\" src=\"http:\/\/www.kinder-lernen-leben-retten.at\/wp-content\/uploads\/2016\/08\/Gemeinderat-Wiederbelebung-300x200.jpg\" alt=\"gemeinderat-wiederbelebung\" width=\"341\" height=\"227\" srcset=\"https:\/\/www.kinder-lernen-leben-retten.at\/wp-content\/uploads\/2016\/08\/Gemeinderat-Wiederbelebung-300x200.jpg 300w, https:\/\/www.kinder-lernen-leben-retten.at\/wp-content\/uploads\/2016\/08\/Gemeinderat-Wiederbelebung-768x512.jpg 768w, https:\/\/www.kinder-lernen-leben-retten.at\/wp-content\/uploads\/2016\/08\/Gemeinderat-Wiederbelebung-1024x683.jpg 1024w, https:\/\/www.kinder-lernen-leben-retten.at\/wp-content\/uploads\/2016\/08\/Gemeinderat-Wiederbelebung-750x500.jpg 750w\" sizes=\"(max-width: 341px) 100vw, 341px\" \/><\/a>\u00a0 \u00a0\u00a0<a href=\"http:\/\/www.kinder-lernen-leben-retten.at\/wp-content\/uploads\/2016\/08\/Gemeinderat-29.9..jpg\"><img loading=\"lazy\" class=\"alignnone wp-image-297\" src=\"http:\/\/www.kinder-lernen-leben-retten.at\/wp-content\/uploads\/2016\/08\/Gemeinderat-29.9.-300x200.jpg\" alt=\"gemeinderat-29-9\" width=\"341\" height=\"227\" srcset=\"https:\/\/www.kinder-lernen-leben-retten.at\/wp-content\/uploads\/2016\/08\/Gemeinderat-29.9.-300x200.jpg 300w, https:\/\/www.kinder-lernen-leben-retten.at\/wp-content\/uploads\/2016\/08\/Gemeinderat-29.9.-768x512.jpg 768w, https:\/\/www.kinder-lernen-leben-retten.at\/wp-content\/uploads\/2016\/08\/Gemeinderat-29.9.-1024x683.jpg 1024w, https:\/\/www.kinder-lernen-leben-retten.at\/wp-content\/uploads\/2016\/08\/Gemeinderat-29.9.-750x500.jpg 750w\" sizes=\"(max-width: 341px) 100vw, 341px\" \/><\/a><\/p>\n<h1><\/h1>\n<h1><span style=\"color: #ff0000;\">Infoveranstaltung LKH Deutschlandsberg (09\/2016)<\/span><\/h1>\n<p>Dank der gro\u00dfartigen Unterst\u00fctzung des \u00e4rztlichen Direktors, <span style=\"color: #000080;\"><strong>Prim. Dr. G. Filzwieser<\/strong> <\/span>durften wir am <strong><span style=\"color: #000080;\">14. 09.2016<\/span><\/strong>\u00a0 unser Projekt im <a href=\"http:\/\/www.lkh-deutschlandsberg.at\" target=\"_blank\" rel=\"noopener noreferrer\"><strong><span style=\"color: #000080;\">LKH Deutschlandsberg<\/span><\/strong><\/a> Vertretern von Rotem Kreuz, Samariterbund, aus der \u00c4rzteschaft und Lehrern vorstellen und fanden zahlreiches Echo. Im Bezirk Deutschlandsberg wird es ab diesem Jahr wohl einige Schulen geben, an denen Kindern das RUFEN-DR\u00dcCKEN-SCHOCKEN nahegebracht werden wird.<\/p>\n<p><a href=\"http:\/\/www.kinder-lernen-leben-retten.at\/wp-content\/uploads\/2016\/08\/Foto-Filzwieser.jpg\"><img loading=\"lazy\" class=\"alignnone wp-image-294\" src=\"http:\/\/www.kinder-lernen-leben-retten.at\/wp-content\/uploads\/2016\/08\/Foto-Filzwieser-300x225.jpg\" alt=\"Prim. Filzwieser mit den Projektinitiatoren\" width=\"413\" height=\"310\" srcset=\"https:\/\/www.kinder-lernen-leben-retten.at\/wp-content\/uploads\/2016\/08\/Foto-Filzwieser-300x225.jpg 300w, https:\/\/www.kinder-lernen-leben-retten.at\/wp-content\/uploads\/2016\/08\/Foto-Filzwieser-768x576.jpg 768w, https:\/\/www.kinder-lernen-leben-retten.at\/wp-content\/uploads\/2016\/08\/Foto-Filzwieser.jpg 1024w, https:\/\/www.kinder-lernen-leben-retten.at\/wp-content\/uploads\/2016\/08\/Foto-Filzwieser-285x214.jpg 285w\" sizes=\"(max-width: 413px) 100vw, 413px\" \/><\/a><\/p>\n<h1>\u00a0<span style=\"color: #ff0000;\">Sommer-Camp in Kalsdorf (08\/2016)<\/span><\/h1>\n<p>Am Sommer-Camp mit der <strong><span style=\"color: #000080;\">5-fachen Weltmeisterin im Kickboxen, Beatrix H\u00fctter, <\/span><\/strong>\u00a0<a href=\"http:\/\/www.kinderkickboxen.at\">http:\/\/www.kinderkickboxen.at<\/a>\u00a0\u00a0konnten in der Sporthalle in Kalsdorf <strong><span style=\"color: #0000ff;\">25 Kinder<\/span><\/strong> das <strong><span style=\"color: #ff0000;\">RUFEN-DR\u00dcCKEN-SCHOCKEN<\/span><\/strong> erlernen. So angenehm wie auf der Kampfmatte w\u00fcrden wir uns jedes Wiederbelebungstraining w\u00fcnschen. Zu unserer besonderen Freude durften wir dabei auch ein Reporter-Team der Kronenzeitung begr\u00fc\u00dfen.<\/p>\n<p><a href=\"http:\/\/www.kinder-lernen-leben-retten.at\/wp-content\/uploads\/2016\/08\/kickboxen-sommercamp.jpg\"><img loading=\"lazy\" class=\"alignnone wp-image-183 size-full\" src=\"http:\/\/www.kinder-lernen-leben-retten.at\/wp-content\/uploads\/2016\/08\/kickboxen-sommercamp.jpg\" alt=\"kickboxen-sommercamp\" width=\"206\" height=\"283\" \/><\/a><\/p>\n<p><a href=\"http:\/\/www.kinder-lernen-leben-retten.at\/wp-content\/uploads\/2016\/08\/thumb_P8123901_1024.jpg\"><img loading=\"lazy\" class=\"alignnone wp-image-185 size-medium\" src=\"http:\/\/www.kinder-lernen-leben-retten.at\/wp-content\/uploads\/2016\/08\/thumb_P8123901_1024-300x225.jpg\" alt=\"thumb_P8123901_1024\" width=\"300\" height=\"225\" srcset=\"https:\/\/www.kinder-lernen-leben-retten.at\/wp-content\/uploads\/2016\/08\/thumb_P8123901_1024-300x225.jpg 300w, https:\/\/www.kinder-lernen-leben-retten.at\/wp-content\/uploads\/2016\/08\/thumb_P8123901_1024-768x576.jpg 768w, https:\/\/www.kinder-lernen-leben-retten.at\/wp-content\/uploads\/2016\/08\/thumb_P8123901_1024.jpg 1024w, https:\/\/www.kinder-lernen-leben-retten.at\/wp-content\/uploads\/2016\/08\/thumb_P8123901_1024-285x214.jpg 285w\" sizes=\"(max-width: 300px) 100vw, 300px\" \/><\/a>\u00a0 \u00a0<a href=\"http:\/\/www.kinder-lernen-leben-retten.at\/wp-content\/uploads\/2016\/08\/thumb_P8123909_1024.jpg\"><img loading=\"lazy\" class=\"alignnone wp-image-186 size-medium\" src=\"http:\/\/www.kinder-lernen-leben-retten.at\/wp-content\/uploads\/2016\/08\/thumb_P8123909_1024-300x225.jpg\" alt=\"thumb_P8123909_1024\" width=\"300\" height=\"225\" srcset=\"https:\/\/www.kinder-lernen-leben-retten.at\/wp-content\/uploads\/2016\/08\/thumb_P8123909_1024-300x225.jpg 300w, https:\/\/www.kinder-lernen-leben-retten.at\/wp-content\/uploads\/2016\/08\/thumb_P8123909_1024-768x576.jpg 768w, https:\/\/www.kinder-lernen-leben-retten.at\/wp-content\/uploads\/2016\/08\/thumb_P8123909_1024.jpg 1024w, https:\/\/www.kinder-lernen-leben-retten.at\/wp-content\/uploads\/2016\/08\/thumb_P8123909_1024-285x214.jpg 285w\" sizes=\"(max-width: 300px) 100vw, 300px\" \/><\/a>\u00a0 \u00a0<a href=\"http:\/\/www.kinder-lernen-leben-retten.at\/wp-content\/uploads\/2016\/08\/thumb_P8123917_1024.jpg\"><img loading=\"lazy\" class=\"alignnone wp-image-187 size-medium\" src=\"http:\/\/www.kinder-lernen-leben-retten.at\/wp-content\/uploads\/2016\/08\/thumb_P8123917_1024-300x225.jpg\" alt=\"thumb_P8123917_1024\" width=\"300\" height=\"225\" srcset=\"https:\/\/www.kinder-lernen-leben-retten.at\/wp-content\/uploads\/2016\/08\/thumb_P8123917_1024-300x225.jpg 300w, https:\/\/www.kinder-lernen-leben-retten.at\/wp-content\/uploads\/2016\/08\/thumb_P8123917_1024-768x576.jpg 768w, https:\/\/www.kinder-lernen-leben-retten.at\/wp-content\/uploads\/2016\/08\/thumb_P8123917_1024.jpg 1024w, https:\/\/www.kinder-lernen-leben-retten.at\/wp-content\/uploads\/2016\/08\/thumb_P8123917_1024-285x214.jpg 285w\" sizes=\"(max-width: 300px) 100vw, 300px\" \/><\/a><\/p>\n<h1><\/h1>\n<h1><span style=\"color: #ff0000;\">Schulschlussfest Volksschule Hitzendorf (06\/2016)<\/span><\/h1>\n<p>Beim <span style=\"color: #000080;\"><strong>Schulschlu\u00dffest der Hermann Buchner <a href=\"http:\/\/vs.hitzendorf.at\" target=\"_blank\" rel=\"noopener noreferrer\">Volksschule in Hitzendorf<\/a><\/strong><\/span>\u00a0am <strong><span style=\"color: #000080;\">18. Juni 2016<\/span><\/strong> waren wir ebenfalls gemeinsam mit &#8222;Dr\u00fcckmich!&#8220; mit einem Stand vertreten. <strong><span style=\"color: #3366ff;\">130 Eltern und Kinder<\/span><\/strong> nahmen die Gelegenheit wahr, <strong><span style=\"color: #ff0000;\">RUFEN-DR\u00dcCKEN-SCHOCKEN<\/span>\u00a0<\/strong>zu trainieren<\/p>\n<p><a href=\"http:\/\/www.kinder-lernen-leben-retten.at\/wp-content\/uploads\/2016\/08\/thumb_P6183870_1024.jpg\"><img loading=\"lazy\" class=\"alignnone wp-image-114 size-medium\" src=\"http:\/\/www.kinder-lernen-leben-retten.at\/wp-content\/uploads\/2016\/08\/thumb_P6183870_1024-300x225.jpg\" alt=\"thumb_P6183870_1024\" width=\"300\" height=\"225\" srcset=\"https:\/\/www.kinder-lernen-leben-retten.at\/wp-content\/uploads\/2016\/08\/thumb_P6183870_1024-300x225.jpg 300w, https:\/\/www.kinder-lernen-leben-retten.at\/wp-content\/uploads\/2016\/08\/thumb_P6183870_1024-768x576.jpg 768w, https:\/\/www.kinder-lernen-leben-retten.at\/wp-content\/uploads\/2016\/08\/thumb_P6183870_1024.jpg 1024w, https:\/\/www.kinder-lernen-leben-retten.at\/wp-content\/uploads\/2016\/08\/thumb_P6183870_1024-285x214.jpg 285w\" sizes=\"(max-width: 300px) 100vw, 300px\" \/><\/a>\u00a0 \u00a0<a href=\"http:\/\/www.kinder-lernen-leben-retten.at\/wp-content\/uploads\/2016\/08\/thumb_P6183869_1024.jpg\"><img loading=\"lazy\" class=\"alignnone wp-image-115 size-medium\" src=\"http:\/\/www.kinder-lernen-leben-retten.at\/wp-content\/uploads\/2016\/08\/thumb_P6183869_1024-300x225.jpg\" alt=\"thumb_P6183869_1024\" width=\"300\" height=\"225\" srcset=\"https:\/\/www.kinder-lernen-leben-retten.at\/wp-content\/uploads\/2016\/08\/thumb_P6183869_1024-300x225.jpg 300w, https:\/\/www.kinder-lernen-leben-retten.at\/wp-content\/uploads\/2016\/08\/thumb_P6183869_1024-768x576.jpg 768w, https:\/\/www.kinder-lernen-leben-retten.at\/wp-content\/uploads\/2016\/08\/thumb_P6183869_1024.jpg 1024w, https:\/\/www.kinder-lernen-leben-retten.at\/wp-content\/uploads\/2016\/08\/thumb_P6183869_1024-285x214.jpg 285w\" sizes=\"(max-width: 300px) 100vw, 300px\" \/><\/a><\/p>\n<p><a href=\"http:\/\/www.kinder-lernen-leben-retten.at\/wp-content\/uploads\/2016\/08\/thumb_P6183873_1024.jpg\"><img loading=\"lazy\" class=\"alignnone wp-image-116 size-medium\" src=\"http:\/\/www.kinder-lernen-leben-retten.at\/wp-content\/uploads\/2016\/08\/thumb_P6183873_1024-300x225.jpg\" alt=\"thumb_P6183873_1024\" width=\"300\" height=\"225\" srcset=\"https:\/\/www.kinder-lernen-leben-retten.at\/wp-content\/uploads\/2016\/08\/thumb_P6183873_1024-300x225.jpg 300w, https:\/\/www.kinder-lernen-leben-retten.at\/wp-content\/uploads\/2016\/08\/thumb_P6183873_1024-768x576.jpg 768w, https:\/\/www.kinder-lernen-leben-retten.at\/wp-content\/uploads\/2016\/08\/thumb_P6183873_1024.jpg 1024w, https:\/\/www.kinder-lernen-leben-retten.at\/wp-content\/uploads\/2016\/08\/thumb_P6183873_1024-285x214.jpg 285w\" sizes=\"(max-width: 300px) 100vw, 300px\" \/><\/a>\u00a0 \u00a0<a href=\"http:\/\/www.kinder-lernen-leben-retten.at\/wp-content\/uploads\/2016\/08\/thumb_P6183875_1024.jpg\"><img loading=\"lazy\" class=\"alignnone wp-image-117 size-medium\" src=\"http:\/\/www.kinder-lernen-leben-retten.at\/wp-content\/uploads\/2016\/08\/thumb_P6183875_1024-300x225.jpg\" alt=\"thumb_P6183875_1024\" width=\"300\" height=\"225\" srcset=\"https:\/\/www.kinder-lernen-leben-retten.at\/wp-content\/uploads\/2016\/08\/thumb_P6183875_1024-300x225.jpg 300w, https:\/\/www.kinder-lernen-leben-retten.at\/wp-content\/uploads\/2016\/08\/thumb_P6183875_1024-768x576.jpg 768w, https:\/\/www.kinder-lernen-leben-retten.at\/wp-content\/uploads\/2016\/08\/thumb_P6183875_1024.jpg 1024w, https:\/\/www.kinder-lernen-leben-retten.at\/wp-content\/uploads\/2016\/08\/thumb_P6183875_1024-285x214.jpg 285w\" sizes=\"(max-width: 300px) 100vw, 300px\" \/><\/a><\/p>\n<h1><\/h1>\n<h1><span style=\"color: #ff0000;\">Hitzendorfer Defi in Landesleitstelle angemeldet (05\/2016)<\/span><\/h1>\n<p>Durch unsere Aktivit\u00e4ten in\u00a0<span style=\"color: #000080;\"><strong>Hitzendorf<\/strong><\/span>\u00a0erfuhren wir, dass unser\u00a0<span style=\"color: #000080;\"><strong>Defi im Gemeindeamt<\/strong><\/span>\u00a0bislang noch nicht in der \u00d6RK- Landesleitstelle gemeldet war, was wir dann auch gleich durchf\u00fchrten.<\/p>\n<p><a href=\"http:\/\/www.kinder-lernen-leben-retten.at\/wp-content\/uploads\/2016\/08\/IMG_1420.jpg\"><img loading=\"lazy\" class=\"alignnone wp-image-123 size-medium\" src=\"http:\/\/www.kinder-lernen-leben-retten.at\/wp-content\/uploads\/2016\/08\/IMG_1420-300x225.jpg\" alt=\"IMG_1420\" width=\"300\" height=\"225\" srcset=\"https:\/\/www.kinder-lernen-leben-retten.at\/wp-content\/uploads\/2016\/08\/IMG_1420-300x225.jpg 300w, https:\/\/www.kinder-lernen-leben-retten.at\/wp-content\/uploads\/2016\/08\/IMG_1420-768x576.jpg 768w, https:\/\/www.kinder-lernen-leben-retten.at\/wp-content\/uploads\/2016\/08\/IMG_1420-1024x768.jpg 1024w, https:\/\/www.kinder-lernen-leben-retten.at\/wp-content\/uploads\/2016\/08\/IMG_1420-285x214.jpg 285w\" sizes=\"(max-width: 300px) 100vw, 300px\" \/><\/a>\u00a0<a href=\"http:\/\/www.kinder-lernen-leben-retten.at\/wp-content\/uploads\/2016\/08\/IMG_1421.jpg\"><img loading=\"lazy\" class=\"alignnone wp-image-124 size-medium\" src=\"http:\/\/www.kinder-lernen-leben-retten.at\/wp-content\/uploads\/2016\/08\/IMG_1421-300x225.jpg\" alt=\"IMG_1421\" width=\"300\" height=\"225\" srcset=\"https:\/\/www.kinder-lernen-leben-retten.at\/wp-content\/uploads\/2016\/08\/IMG_1421-300x225.jpg 300w, https:\/\/www.kinder-lernen-leben-retten.at\/wp-content\/uploads\/2016\/08\/IMG_1421-768x576.jpg 768w, https:\/\/www.kinder-lernen-leben-retten.at\/wp-content\/uploads\/2016\/08\/IMG_1421-1024x768.jpg 1024w, https:\/\/www.kinder-lernen-leben-retten.at\/wp-content\/uploads\/2016\/08\/IMG_1421-285x214.jpg 285w\" sizes=\"(max-width: 300px) 100vw, 300px\" \/><\/a><\/p>\n<h1><\/h1>\n<h1><span style=\"color: #ff0000;\">Gemeinden lernen Leben retten<\/span><\/h1>\n<h2>Hitzendorf lernt Leben retten (04-05\/2016)<\/h2>\n<p>Im Rahmen des\u00a0Kinder-Pilotprojektes im April und Mai 2016 in der Volksschule, hatten\u00a0die Kinder auch Folder f\u00fcr ihre Eltern mitbekommen, wir dieselben einluden. An insgesamt <span style=\"color: #000080;\"><strong>3 Abenden<\/strong><\/span>\u00a0im Mai und Juni gab es im neuen <span style=\"color: #000080;\"><strong>Jugendzentrum in Hitzendorf<\/strong> <\/span>die M\u00f6glichkeit, dass die <span style=\"color: #000080;\"><strong>Eltern mit ihren Kindern<\/strong><\/span> <strong><span style=\"color: #ff0000;\">RUFEN-DR\u00dcCKEN-SCHOCKEN<\/span>\u00a0<\/strong> erlernen und \u00fcben konnten.<\/p>\n<p>F\u00fcr uns war es &#8222;G\u00e4nsehaut-Feeling&#8220; pur zu erleben, wie nach einer kurzen theoretischen Einleitung, die Kinder ihren Eltern die Wiederbelebungsma\u00dfnahmen zeigten und gemeinsam mit ihnen durchf\u00fchrten.<\/p>\n<p><a href=\"http:\/\/www.kinder-lernen-leben-retten.at\/wp-content\/uploads\/2016\/08\/thumb_P6013865_1024.jpg\"><img loading=\"lazy\" class=\"alignnone wp-image-111 size-medium\" src=\"http:\/\/www.kinder-lernen-leben-retten.at\/wp-content\/uploads\/2016\/08\/thumb_P6013865_1024-300x225.jpg\" alt=\"thumb_P6013865_1024\" width=\"300\" height=\"225\" srcset=\"https:\/\/www.kinder-lernen-leben-retten.at\/wp-content\/uploads\/2016\/08\/thumb_P6013865_1024-300x225.jpg 300w, https:\/\/www.kinder-lernen-leben-retten.at\/wp-content\/uploads\/2016\/08\/thumb_P6013865_1024-768x576.jpg 768w, https:\/\/www.kinder-lernen-leben-retten.at\/wp-content\/uploads\/2016\/08\/thumb_P6013865_1024.jpg 1024w, https:\/\/www.kinder-lernen-leben-retten.at\/wp-content\/uploads\/2016\/08\/thumb_P6013865_1024-285x214.jpg 285w\" sizes=\"(max-width: 300px) 100vw, 300px\" \/><\/a>\u00a0 \u00a0<a href=\"http:\/\/www.kinder-lernen-leben-retten.at\/wp-content\/uploads\/2016\/08\/thumb_P6293887_1024.jpg\"><img loading=\"lazy\" class=\"alignnone wp-image-112 size-medium\" src=\"http:\/\/www.kinder-lernen-leben-retten.at\/wp-content\/uploads\/2016\/08\/thumb_P6293887_1024-300x225.jpg\" alt=\"thumb_P6293887_1024\" width=\"300\" height=\"225\" srcset=\"https:\/\/www.kinder-lernen-leben-retten.at\/wp-content\/uploads\/2016\/08\/thumb_P6293887_1024-300x225.jpg 300w, https:\/\/www.kinder-lernen-leben-retten.at\/wp-content\/uploads\/2016\/08\/thumb_P6293887_1024-768x576.jpg 768w, https:\/\/www.kinder-lernen-leben-retten.at\/wp-content\/uploads\/2016\/08\/thumb_P6293887_1024.jpg 1024w, https:\/\/www.kinder-lernen-leben-retten.at\/wp-content\/uploads\/2016\/08\/thumb_P6293887_1024-285x214.jpg 285w\" sizes=\"(max-width: 300px) 100vw, 300px\" \/><\/a><\/p>\n<p>Diese Aktion \u00a0&#8211; die wir mit einem unserer Kooperationspartner, der Initiative &#8222;<a href=\"http:\/\/www.drueckmich.at\" target=\"_blank\" rel=\"noopener noreferrer\">Dr\u00fcckmich!<\/a>&#8220; durchf\u00fchrten, besuchten rd. <strong><span style=\"color: #3366ff;\">30 Eltern mit 20 Kindern<\/span><\/strong>.<\/p>\n<h1><span style=\"color: #ff0000;\">Unser Pilotprojekt in Hitzendorf \u00a0(04-05\/2016)\u00a0<\/span><\/h1>\n<h5><span style=\"color: #000080;\"><a style=\"color: #000080;\" href=\"https:\/\/youtu.be\/2HInN8LlH5o\">Der Link zum Film<\/a><\/span><\/h5>\n<p>Im April und Mai 2016 konnten wir mit einem Team von angehenden Diplom-Pflegesch\u00fclerInnen der Pflegeschule HiP unser <span style=\"color: #000080;\"><strong>Pilotprojekt<\/strong><\/span> zur Wiederbelebung durch Kinder in der <a href=\"http:\/\/vs.hitzendorf.at\" target=\"_blank\" rel=\"noopener noreferrer\"><strong><span style=\"color: #000080;\">Volksschule Hermann Buchner in Hitzendorf<\/span><\/strong> <\/a>durchf\u00fchren.<\/p>\n<p><a href=\"http:\/\/www.kinder-lernen-leben-retten.at\/wp-content\/uploads\/2016\/08\/Foto-Werner-Stieber-3116.jpg\"><img loading=\"lazy\" class=\"alignnone wp-image-21\" src=\"http:\/\/www.kinder-lernen-leben-retten.at\/wp-content\/uploads\/2016\/08\/Foto-Werner-Stieber-3116-300x217.jpg\" alt=\"Foto Werner Stieber-3116\" width=\"368\" height=\"266\" srcset=\"https:\/\/www.kinder-lernen-leben-retten.at\/wp-content\/uploads\/2016\/08\/Foto-Werner-Stieber-3116-300x217.jpg 300w, https:\/\/www.kinder-lernen-leben-retten.at\/wp-content\/uploads\/2016\/08\/Foto-Werner-Stieber-3116-768x555.jpg 768w, https:\/\/www.kinder-lernen-leben-retten.at\/wp-content\/uploads\/2016\/08\/Foto-Werner-Stieber-3116-1024x740.jpg 1024w\" sizes=\"(max-width: 368px) 100vw, 368px\" \/><\/a>\u00a0 \u00a0 \u00a0 \u00a0\u00a0<a href=\"http:\/\/www.kinder-lernen-leben-retten.at\/wp-content\/uploads\/2016\/08\/Foto-Werner-Stieber-2447.jpg\"><img loading=\"lazy\" class=\"alignnone wp-image-108 size-medium\" src=\"http:\/\/www.kinder-lernen-leben-retten.at\/wp-content\/uploads\/2016\/08\/Foto-Werner-Stieber-2447-300x217.jpg\" alt=\"Foto Werner Stieber-2447\" width=\"300\" height=\"217\" srcset=\"https:\/\/www.kinder-lernen-leben-retten.at\/wp-content\/uploads\/2016\/08\/Foto-Werner-Stieber-2447-300x217.jpg 300w, https:\/\/www.kinder-lernen-leben-retten.at\/wp-content\/uploads\/2016\/08\/Foto-Werner-Stieber-2447-768x555.jpg 768w, https:\/\/www.kinder-lernen-leben-retten.at\/wp-content\/uploads\/2016\/08\/Foto-Werner-Stieber-2447-1024x740.jpg 1024w\" sizes=\"(max-width: 300px) 100vw, 300px\" \/><\/a><\/p>\n<p>Dabei wurden alle 135 Kinder der 3 dritten und 3 vierten Klassen in den Ma\u00dfnahmen:<\/p>\n<p>PR\u00dcFEN \u00a0&#8211; ob ein Herzstillstand vorliegt &#8211;<\/p>\n<p><a href=\"http:\/\/www.kinder-lernen-leben-retten.at\/wp-content\/uploads\/2016\/08\/Foto-Werner-Stieber-2854.jpg\"><img loading=\"lazy\" class=\"alignnone wp-image-93 size-medium\" src=\"http:\/\/www.kinder-lernen-leben-retten.at\/wp-content\/uploads\/2016\/08\/Foto-Werner-Stieber-2854-300x217.jpg\" alt=\"Foto Werner Stieber-2854\" width=\"300\" height=\"217\" srcset=\"https:\/\/www.kinder-lernen-leben-retten.at\/wp-content\/uploads\/2016\/08\/Foto-Werner-Stieber-2854-300x217.jpg 300w, https:\/\/www.kinder-lernen-leben-retten.at\/wp-content\/uploads\/2016\/08\/Foto-Werner-Stieber-2854-768x555.jpg 768w, https:\/\/www.kinder-lernen-leben-retten.at\/wp-content\/uploads\/2016\/08\/Foto-Werner-Stieber-2854-1024x740.jpg 1024w\" sizes=\"(max-width: 300px) 100vw, 300px\" \/><\/a><\/p>\n<p><strong><span style=\"color: #ff0000;\">RUFEN\u00a0<\/span><\/strong>&#8211; um Hilfe rufen, bzw. den Notruf mit der richtigen Nummer w\u00e4hlen &#8211;<\/p>\n<p><a href=\"http:\/\/www.kinder-lernen-leben-retten.at\/wp-content\/uploads\/2016\/08\/Foto-Werner-Stieber-2434.jpg\"><img loading=\"lazy\" class=\"alignnone wp-image-94 size-medium\" src=\"http:\/\/www.kinder-lernen-leben-retten.at\/wp-content\/uploads\/2016\/08\/Foto-Werner-Stieber-2434-300x217.jpg\" alt=\"Foto Werner Stieber-2434\" width=\"300\" height=\"217\" srcset=\"https:\/\/www.kinder-lernen-leben-retten.at\/wp-content\/uploads\/2016\/08\/Foto-Werner-Stieber-2434-300x217.jpg 300w, https:\/\/www.kinder-lernen-leben-retten.at\/wp-content\/uploads\/2016\/08\/Foto-Werner-Stieber-2434-768x555.jpg 768w, https:\/\/www.kinder-lernen-leben-retten.at\/wp-content\/uploads\/2016\/08\/Foto-Werner-Stieber-2434-1024x740.jpg 1024w\" sizes=\"(max-width: 300px) 100vw, 300px\" \/><\/a>\u00a0 \u00a0<a href=\"http:\/\/www.kinder-lernen-leben-retten.at\/wp-content\/uploads\/2016\/08\/Foto-Werner-Stieber-2930.jpg\"><img loading=\"lazy\" class=\"alignnone wp-image-97 size-medium\" src=\"http:\/\/www.kinder-lernen-leben-retten.at\/wp-content\/uploads\/2016\/08\/Foto-Werner-Stieber-2930-300x217.jpg\" alt=\"Foto Werner Stieber-2930\" width=\"300\" height=\"217\" srcset=\"https:\/\/www.kinder-lernen-leben-retten.at\/wp-content\/uploads\/2016\/08\/Foto-Werner-Stieber-2930-300x217.jpg 300w, https:\/\/www.kinder-lernen-leben-retten.at\/wp-content\/uploads\/2016\/08\/Foto-Werner-Stieber-2930-768x555.jpg 768w, https:\/\/www.kinder-lernen-leben-retten.at\/wp-content\/uploads\/2016\/08\/Foto-Werner-Stieber-2930-1024x740.jpg 1024w\" sizes=\"(max-width: 300px) 100vw, 300px\" \/><\/a><\/p>\n<p><strong>Notruf mit \u00d6RK-Landesleitstelle Steiermark:<\/strong><\/p>\n<!--[if lt IE 9]><script>document.createElement('audio');<\/script><![endif]-->\n<audio class=\"wp-audio-shortcode\" id=\"audio-50-1\" preload=\"none\" style=\"width: 100%;\" controls=\"controls\"><source type=\"audio\/mpeg\" src=\"http:\/\/www.kinder-lernen-leben-retten.at\/wp-content\/uploads\/2016\/08\/2016-04-13-Notruf-144-Kind.mp3?_=1\" \/><a href=\"http:\/\/www.kinder-lernen-leben-retten.at\/wp-content\/uploads\/2016\/08\/2016-04-13-Notruf-144-Kind.mp3\">http:\/\/www.kinder-lernen-leben-retten.at\/wp-content\/uploads\/2016\/08\/2016-04-13-Notruf-144-Kind.mp3<\/a><\/audio>\n<p><strong><span style=\"color: #ff0000;\">DR\u00dcCKEN<\/span><\/strong>\u00a0&#8211; fest und schnell &#8211;<\/p>\n<p><a href=\"http:\/\/www.kinder-lernen-leben-retten.at\/wp-content\/uploads\/2016\/08\/Foto-Werner-Stieber-3041.jpg\"><img loading=\"lazy\" class=\"alignnone wp-image-96 size-medium\" src=\"http:\/\/www.kinder-lernen-leben-retten.at\/wp-content\/uploads\/2016\/08\/Foto-Werner-Stieber-3041-300x200.jpg\" alt=\"Foto Werner Stieber-3041\" width=\"300\" height=\"200\" srcset=\"https:\/\/www.kinder-lernen-leben-retten.at\/wp-content\/uploads\/2016\/08\/Foto-Werner-Stieber-3041-300x200.jpg 300w, https:\/\/www.kinder-lernen-leben-retten.at\/wp-content\/uploads\/2016\/08\/Foto-Werner-Stieber-3041-768x511.jpg 768w, https:\/\/www.kinder-lernen-leben-retten.at\/wp-content\/uploads\/2016\/08\/Foto-Werner-Stieber-3041-1024x681.jpg 1024w, https:\/\/www.kinder-lernen-leben-retten.at\/wp-content\/uploads\/2016\/08\/Foto-Werner-Stieber-3041-750x500.jpg 750w\" sizes=\"(max-width: 300px) 100vw, 300px\" \/><\/a>\u00a0 \u00a0<a href=\"http:\/\/www.kinder-lernen-leben-retten.at\/wp-content\/uploads\/2016\/08\/thumb_P4133607_1024.jpg\"><img loading=\"lazy\" class=\"alignnone wp-image-181\" src=\"http:\/\/www.kinder-lernen-leben-retten.at\/wp-content\/uploads\/2016\/08\/thumb_P4133607_1024-300x225.jpg\" alt=\"thumb_P4133607_1024\" width=\"264\" height=\"198\" srcset=\"https:\/\/www.kinder-lernen-leben-retten.at\/wp-content\/uploads\/2016\/08\/thumb_P4133607_1024-300x225.jpg 300w, https:\/\/www.kinder-lernen-leben-retten.at\/wp-content\/uploads\/2016\/08\/thumb_P4133607_1024-768x576.jpg 768w, https:\/\/www.kinder-lernen-leben-retten.at\/wp-content\/uploads\/2016\/08\/thumb_P4133607_1024.jpg 1024w, https:\/\/www.kinder-lernen-leben-retten.at\/wp-content\/uploads\/2016\/08\/thumb_P4133607_1024-285x214.jpg 285w\" sizes=\"(max-width: 264px) 100vw, 264px\" \/><\/a><\/p>\n<p><strong><span style=\"color: #ff0000;\">SCHOCKEN<\/span><\/strong>\u00a0&#8211; mit einem Defi &#8211;\u00a0unterrichtet.<\/p>\n<p><a href=\"http:\/\/www.kinder-lernen-leben-retten.at\/wp-content\/uploads\/2016\/08\/Foto-Werner-Stieber-3049.jpg\"><img loading=\"lazy\" class=\"alignnone wp-image-98 size-medium\" src=\"http:\/\/www.kinder-lernen-leben-retten.at\/wp-content\/uploads\/2016\/08\/Foto-Werner-Stieber-3049-300x217.jpg\" alt=\"Foto Werner Stieber-3049\" width=\"300\" height=\"217\" srcset=\"https:\/\/www.kinder-lernen-leben-retten.at\/wp-content\/uploads\/2016\/08\/Foto-Werner-Stieber-3049-300x217.jpg 300w, https:\/\/www.kinder-lernen-leben-retten.at\/wp-content\/uploads\/2016\/08\/Foto-Werner-Stieber-3049-768x555.jpg 768w, https:\/\/www.kinder-lernen-leben-retten.at\/wp-content\/uploads\/2016\/08\/Foto-Werner-Stieber-3049-1024x740.jpg 1024w\" sizes=\"(max-width: 300px) 100vw, 300px\" \/><\/a>\u00a0\u00a0<a href=\"http:\/\/www.kinder-lernen-leben-retten.at\/wp-content\/uploads\/2016\/08\/thumb_P4133608_1024.jpg\"><img loading=\"lazy\" class=\"alignnone wp-image-180\" src=\"http:\/\/www.kinder-lernen-leben-retten.at\/wp-content\/uploads\/2016\/08\/thumb_P4133608_1024-300x225.jpg\" alt=\"thumb_P4133608_1024\" width=\"289\" height=\"217\" srcset=\"https:\/\/www.kinder-lernen-leben-retten.at\/wp-content\/uploads\/2016\/08\/thumb_P4133608_1024-300x225.jpg 300w, https:\/\/www.kinder-lernen-leben-retten.at\/wp-content\/uploads\/2016\/08\/thumb_P4133608_1024-768x576.jpg 768w, https:\/\/www.kinder-lernen-leben-retten.at\/wp-content\/uploads\/2016\/08\/thumb_P4133608_1024.jpg 1024w, https:\/\/www.kinder-lernen-leben-retten.at\/wp-content\/uploads\/2016\/08\/thumb_P4133608_1024-285x214.jpg 285w\" sizes=\"(max-width: 289px) 100vw, 289px\" \/><\/a><\/p>\n<p>Die Kinder durchliefen einen Stationsbetrieb, wo sie die Ma\u00dfnahmen spielerisch erlernten und ausgiebig praktisch \u00fcben konnten.<\/p>\n<p><a href=\"http:\/\/www.kinder-lernen-leben-retten.at\/wp-content\/uploads\/2016\/08\/Foto-Werner-Stieber-3173.jpg\"><img loading=\"lazy\" class=\"alignnone wp-image-102 size-medium\" src=\"http:\/\/www.kinder-lernen-leben-retten.at\/wp-content\/uploads\/2016\/08\/Foto-Werner-Stieber-3173-300x217.jpg\" alt=\"Foto Werner Stieber-3173\" width=\"300\" height=\"217\" srcset=\"https:\/\/www.kinder-lernen-leben-retten.at\/wp-content\/uploads\/2016\/08\/Foto-Werner-Stieber-3173-300x217.jpg 300w, https:\/\/www.kinder-lernen-leben-retten.at\/wp-content\/uploads\/2016\/08\/Foto-Werner-Stieber-3173-768x555.jpg 768w, https:\/\/www.kinder-lernen-leben-retten.at\/wp-content\/uploads\/2016\/08\/Foto-Werner-Stieber-3173-1024x740.jpg 1024w\" sizes=\"(max-width: 300px) 100vw, 300px\" \/><\/a>\u00a0 \u00a0<a href=\"http:\/\/www.kinder-lernen-leben-retten.at\/wp-content\/uploads\/2016\/08\/Foto-Werner-Stieber-2689.jpg\"><img loading=\"lazy\" class=\"alignnone wp-image-103 size-medium\" src=\"http:\/\/www.kinder-lernen-leben-retten.at\/wp-content\/uploads\/2016\/08\/Foto-Werner-Stieber-2689-300x217.jpg\" alt=\"Foto Werner Stieber-2689\" width=\"300\" height=\"217\" srcset=\"https:\/\/www.kinder-lernen-leben-retten.at\/wp-content\/uploads\/2016\/08\/Foto-Werner-Stieber-2689-300x217.jpg 300w, https:\/\/www.kinder-lernen-leben-retten.at\/wp-content\/uploads\/2016\/08\/Foto-Werner-Stieber-2689-768x555.jpg 768w, https:\/\/www.kinder-lernen-leben-retten.at\/wp-content\/uploads\/2016\/08\/Foto-Werner-Stieber-2689-1024x740.jpg 1024w\" sizes=\"(max-width: 300px) 100vw, 300px\" \/><\/a>\u00a0 \u00a0<a href=\"http:\/\/www.kinder-lernen-leben-retten.at\/wp-content\/uploads\/2016\/08\/Foto-Werner-Stieber-2698.jpg\"><img loading=\"lazy\" class=\"alignnone wp-image-104 size-medium\" src=\"http:\/\/www.kinder-lernen-leben-retten.at\/wp-content\/uploads\/2016\/08\/Foto-Werner-Stieber-2698-300x217.jpg\" alt=\"Foto Werner Stieber-2698\" width=\"300\" height=\"217\" srcset=\"https:\/\/www.kinder-lernen-leben-retten.at\/wp-content\/uploads\/2016\/08\/Foto-Werner-Stieber-2698-300x217.jpg 300w, https:\/\/www.kinder-lernen-leben-retten.at\/wp-content\/uploads\/2016\/08\/Foto-Werner-Stieber-2698-768x555.jpg 768w, https:\/\/www.kinder-lernen-leben-retten.at\/wp-content\/uploads\/2016\/08\/Foto-Werner-Stieber-2698-1024x740.jpg 1024w\" sizes=\"(max-width: 300px) 100vw, 300px\" \/><\/a><\/p>\n<p><a href=\"http:\/\/www.kinder-lernen-leben-retten.at\/wp-content\/uploads\/2016\/08\/Foto-Werner-Stieber-3073.jpg\"><img loading=\"lazy\" class=\"alignnone wp-image-105 size-medium\" src=\"http:\/\/www.kinder-lernen-leben-retten.at\/wp-content\/uploads\/2016\/08\/Foto-Werner-Stieber-3073-300x217.jpg\" alt=\"Foto Werner Stieber-3073\" width=\"300\" height=\"217\" srcset=\"https:\/\/www.kinder-lernen-leben-retten.at\/wp-content\/uploads\/2016\/08\/Foto-Werner-Stieber-3073-300x217.jpg 300w, https:\/\/www.kinder-lernen-leben-retten.at\/wp-content\/uploads\/2016\/08\/Foto-Werner-Stieber-3073-768x555.jpg 768w, https:\/\/www.kinder-lernen-leben-retten.at\/wp-content\/uploads\/2016\/08\/Foto-Werner-Stieber-3073-1024x740.jpg 1024w\" sizes=\"(max-width: 300px) 100vw, 300px\" \/><\/a>\u00a0 \u00a0<a href=\"http:\/\/www.kinder-lernen-leben-retten.at\/wp-content\/uploads\/2016\/08\/Foto-Werner-Stieber-2906.jpg\"><img loading=\"lazy\" class=\"alignnone wp-image-106 size-medium\" src=\"http:\/\/www.kinder-lernen-leben-retten.at\/wp-content\/uploads\/2016\/08\/Foto-Werner-Stieber-2906-300x217.jpg\" alt=\"Foto Werner Stieber-2906\" width=\"300\" height=\"217\" srcset=\"https:\/\/www.kinder-lernen-leben-retten.at\/wp-content\/uploads\/2016\/08\/Foto-Werner-Stieber-2906-300x217.jpg 300w, https:\/\/www.kinder-lernen-leben-retten.at\/wp-content\/uploads\/2016\/08\/Foto-Werner-Stieber-2906-768x555.jpg 768w, https:\/\/www.kinder-lernen-leben-retten.at\/wp-content\/uploads\/2016\/08\/Foto-Werner-Stieber-2906-1024x740.jpg 1024w\" sizes=\"(max-width: 300px) 100vw, 300px\" \/><\/a>\u00a0 \u00a0<a href=\"http:\/\/www.kinder-lernen-leben-retten.at\/wp-content\/uploads\/2016\/08\/Foto-Werner-Stieber-2706.jpg\"><img loading=\"lazy\" class=\"alignnone wp-image-107 size-medium\" src=\"http:\/\/www.kinder-lernen-leben-retten.at\/wp-content\/uploads\/2016\/08\/Foto-Werner-Stieber-2706-300x217.jpg\" alt=\"Foto Werner Stieber-2706\" width=\"300\" height=\"217\" srcset=\"https:\/\/www.kinder-lernen-leben-retten.at\/wp-content\/uploads\/2016\/08\/Foto-Werner-Stieber-2706-300x217.jpg 300w, https:\/\/www.kinder-lernen-leben-retten.at\/wp-content\/uploads\/2016\/08\/Foto-Werner-Stieber-2706-768x555.jpg 768w, https:\/\/www.kinder-lernen-leben-retten.at\/wp-content\/uploads\/2016\/08\/Foto-Werner-Stieber-2706-1024x740.jpg 1024w\" sizes=\"(max-width: 300px) 100vw, 300px\" \/><\/a><\/p>\n","protected":false},"excerpt":{"rendered":"<p>S\u00e4mtliche Pressemitteilungen dazu\u00a0hier \u00a0in ARBEIT &#8211; eigentlich immer &#x1f605; &#8211; denn wir stecken unsere Zeit bevorzugt in die Projekte selbst VS Schwanberg (04\/19) &#8222;RETTEN MACHT SCHULE&#8220; &#8211; auch dieses Jahr wieder in der Volksschule Schwanberg, wo vor kurzem wieder mit den 3. und 4. Klassen das Leben retten gelernt und wiederholt wurde. Felix Auer, Angi <a href=\"https:\/\/www.kinder-lernen-leben-retten.at\/?page_id=50\" rel=\"nofollow\"><span class=\"sr-only\">Read more about Projekt-Blog<\/span>[&hellip;]<\/a><\/p>\n","protected":false},"author":1,"featured_media":0,"parent":0,"menu_order":0,"comment_status":"closed","ping_status":"closed","template":"template-fullwidth.php","meta":{"amp_status":""},"_links":{"self":[{"href":"https:\/\/www.kinder-lernen-leben-retten.at\/index.php?rest_route=\/wp\/v2\/pages\/50"}],"collection":[{"href":"https:\/\/www.kinder-lernen-leben-retten.at\/index.php?rest_route=\/wp\/v2\/pages"}],"about":[{"href":"https:\/\/www.kinder-lernen-leben-retten.at\/index.php?rest_route=\/wp\/v2\/types\/page"}],"author":[{"embeddable":true,"href":"https:\/\/www.kinder-lernen-leben-retten.at\/index.php?rest_route=\/wp\/v2\/users\/1"}],"replies":[{"embeddable":true,"href":"https:\/\/www.kinder-lernen-leben-retten.at\/index.php?rest_route=%2Fwp%2Fv2%2Fcomments&post=50"}],"version-history":[{"count":87,"href":"https:\/\/www.kinder-lernen-leben-retten.at\/index.php?rest_route=\/wp\/v2\/pages\/50\/revisions"}],"predecessor-version":[{"id":893,"href":"https:\/\/www.kinder-lernen-leben-retten.at\/index.php?rest_route=\/wp\/v2\/pages\/50\/revisions\/893"}],"wp:attachment":[{"href":"https:\/\/www.kinder-lernen-leben-retten.at\/index.php?rest_route=%2Fwp%2Fv2%2Fmedia&parent=50"}],"curies":[{"name":"wp","href":"https:\/\/api.w.org\/{rel}","templated":true}]}}