{"id":55,"date":"2016-08-02T23:33:25","date_gmt":"2016-08-02T21:33:25","guid":{"rendered":"http:\/\/www.kinder-lernen-leben-retten.at\/?page_id=55"},"modified":"2020-04-29T11:34:22","modified_gmt":"2020-04-29T09:34:22","slug":"news","status":"publish","type":"page","link":"https:\/\/www.kinder-lernen-leben-retten.at\/?page_id=55","title":{"rendered":"News"},"content":{"rendered":"<h1><span style=\"color: #ff0000;\">RETTEN MACHT SCHULE und COVID 19<\/span><\/h1>\n<p>29.4.2020<\/p>\n<p>Nun gibt es die \u00fcberarbeiteten Guidelines des ERC zum Thema <a href=\"https:\/\/erc.edu\/covid?fbclid=IwAR2RT5ZHiu2vZwnvkcMT7XT6FWV9m7lx9XQK0IfBG1uXB-rbAYcTxYlpARg\" target=\"_blank\" rel=\"noopener noreferrer\">Reanimation und COVID 19<\/a><\/p>\n<p>Obwohl es grunds\u00e4tzliche \u00dcberlegungen auch zum Unterricht f\u00fcr Laien gibt, sind diese nicht f\u00fcr den Unterricht mit insbesondere noch sehr jungen Kindern ab dem Volksschulalter umsetzbar. Da hierf\u00fcr auch Entscheidungen (Erlaubnis) des Bundesministerium f\u00fcr Bildung, Wissenschaft und Forschung n\u00f6tig sind, bitten wir weiterhin:<\/p>\n<p><span style=\"color: #ff0000;\">Wir m\u00fcssen weiterhin &#8211; und nicht nur wir &#8211; bis auf Weiteres von s\u00e4mtlichen insbesondere praktischen ! Ausbildungsma\u00dfnahmen zum Thema Wiederbelebung in Schulen Abstand nehmen.<\/span><\/p>\n<p>F\u00fcr den Fall, dass in Wiederbelebung ausgebildete Menschen &#8211; auch Schulkinder &#8211; aber fragen, wie sie denn nun gegenw\u00e4rtig in einer entsprechenden Situation helfen k\u00f6nnten, kann mit ihnen anhand der vom <a class=\"profileLink\" href=\"https:\/\/www.facebook.com\/grcev\/?__tn__=K-R-R&amp;eid=ARDFXMQrTQuwqxhHpM2hCzEzGyNFT0WQlfoToRohgiCAEoeChnHhZaModP68tqZpTbVY3lMWz6wB-FR9&amp;fref=mentions&amp;__xts__%5B0%5D=68.ARCFK2SeZopUAj80EYJhqPUHMekh-Q_655CMZlbYIq_Rh7kPLf8n2wltzV9XCUMuMuuByzyHG1_QzbAa253ZZsmpT62jTSGFuBJORxa64t2ymRESPZozMxJhfJpzq4XKW_rhKvtg30ibCGG7iLRuFFPcezfsccBg6T98Vm5G_mJCPp5BVHn-vkao5y5161QfbhpUPnrFz6W8LCMEvOSYt2vuT_kS1uER9LH4JLnL4LZTxolXLhgxAnA_fUrCY6lVzlWh2KfYMc1J_IhKTg8fM_17wxoHjs0BfwdmJWAT32EPijfTAJfyYD57tCz9DwXHCk39\" data-hovercard=\"\/ajax\/hovercard\/page.php?id=414749288596431&amp;extragetparams=%7B%22__tn__%22%3A%22%2CdK-R-R-R%22%2C%22eid%22%3A%22ARDFXMQrTQuwqxhHpM2hCzEzGyNFT0WQlfoToRohgiCAEoeChnHhZaModP68tqZpTbVY3lMWz6wB-FR9%22%2C%22fref%22%3A%22mentions%22%7D&amp;av=626709250813251&amp;eav=AfZj-A7GUwpzpHIXVtJQ8LXy6C1OmONVlI3JqA6st3tOCWsx5LZTLeZibOTTqgtbH90\" data-hovercard-prefer-more-content-show=\"1\">German Resuscitation Council GRC\/ Deutscher Rat f\u00fcr Wiederbelebung e.V.<\/a> zur Verf\u00fcgung gestellten Bilder auf ausdr\u00fcckliche Nachfrage ein m\u00f6gliches Vorgehen besprochen werden. Diese Ma\u00dfnahmen k\u00f6nnen und d\u00fcrfen aber derzeit nicht aktiv be\u00fcbt werden!<\/p>\n<p><img loading=\"lazy\" class=\"aligncenter wp-image-3437\" src=\"http:\/\/www.kinder-lernen-leben-retten.at\/wp-content\/uploads\/2020\/04\/134804938769-300x127.jpg\" alt=\"\" width=\"498\" height=\"211\" srcset=\"https:\/\/www.kinder-lernen-leben-retten.at\/wp-content\/uploads\/2020\/04\/134804938769-300x127.jpg 300w, https:\/\/www.kinder-lernen-leben-retten.at\/wp-content\/uploads\/2020\/04\/134804938769-768x326.jpg 768w, https:\/\/www.kinder-lernen-leben-retten.at\/wp-content\/uploads\/2020\/04\/134804938769.jpg 1000w\" sizes=\"(max-width: 498px) 100vw, 498px\" \/><\/p>\n<p><img loading=\"lazy\" class=\"aligncenter wp-image-3438\" src=\"http:\/\/www.kinder-lernen-leben-retten.at\/wp-content\/uploads\/2020\/04\/BLS-und-COVID-19-300x300.png\" alt=\"\" width=\"352\" height=\"352\" srcset=\"https:\/\/www.kinder-lernen-leben-retten.at\/wp-content\/uploads\/2020\/04\/BLS-und-COVID-19-300x300.png 300w, https:\/\/www.kinder-lernen-leben-retten.at\/wp-content\/uploads\/2020\/04\/BLS-und-COVID-19-150x150.png 150w, https:\/\/www.kinder-lernen-leben-retten.at\/wp-content\/uploads\/2020\/04\/BLS-und-COVID-19-250x250.png 250w, https:\/\/www.kinder-lernen-leben-retten.at\/wp-content\/uploads\/2020\/04\/BLS-und-COVID-19-174x174.png 174w\" sizes=\"(max-width: 352px) 100vw, 352px\" \/><\/p>\n<p>Das &#8222;Schocken&#8220;, die Anwendung eines Defibrillators bleibt bis auf den ebenfalls oben gezeigten Umstand, dass auch dabei ein Tuch \u00fcber die Atemwege des Patienten gelegt sein sollte, unver\u00e4ndert und kann und soll nach Ma\u00dfgabe des Vorhandenseins wie bisher durchgef\u00fchrt werden.<\/p>\n<h1><span style=\"color: #0000ff;\">RETTEN MACHT SCHULE:<\/span><\/h1>\n<h2>NEU: ab sofort auch f\u00fcr P\u00e4dagogInnen der Sekundarstufe I (NMS, AHS)<\/h2>\n<h2><span style=\"color: #0000ff;\">n\u00e4chste Fortbildungsveranstaltung<\/span><\/h2>\n<h3>Mittwoch \u00a004. M\u00e4rz 2020, 15:00 &#8211; 18:15 (641.0RK21)<\/h3>\n<p><span style=\"color: #ff0000;\">Anmeldungen sind noch per Mail \u00a0an die P\u00e4dagogische Hochschule m\u00f6glich:<\/span><\/p>\n<blockquote>\n<div class=\"WordSection1\">\n<p><span class=\"\" style=\"color: #0000ff;\"><a class=\"\" style=\"color: #0000ff;\" href=\"mailto:bildungswissenschaften@phst.at\">bildungswissenschaften@phst.at<\/a>\u00a0<\/span><\/p>\n<p>weitere Termine im laufenden Studienjahr:<\/p>\n<p>Mittwoch 15. Juli 2020, 09:00 &#8211; 12:30 (643.8MK01)<\/p>\n<\/div>\n<\/blockquote>\n<hr \/>\n<h1><img loading=\"lazy\" class=\" wp-image-970 aligncenter\" src=\"http:\/\/www.kinder-lernen-leben-retten.at\/wp-content\/uploads\/2019\/09\/WRST-19-247x300.png\" alt=\"\" width=\"451\" height=\"548\" srcset=\"https:\/\/www.kinder-lernen-leben-retten.at\/wp-content\/uploads\/2019\/09\/WRST-19-247x300.png 247w, https:\/\/www.kinder-lernen-leben-retten.at\/wp-content\/uploads\/2019\/09\/WRST-19-768x934.png 768w, https:\/\/www.kinder-lernen-leben-retten.at\/wp-content\/uploads\/2019\/09\/WRST-19-842x1024.png 842w, https:\/\/www.kinder-lernen-leben-retten.at\/wp-content\/uploads\/2019\/09\/WRST-19.png 943w\" sizes=\"(max-width: 451px) 100vw, 451px\" \/><\/h1>\n<h4 style=\"text-align: center;\"><a href=\"https:\/\/www.facebook.com\/ILCOResus\/videos\/737878660004811\/\"><span style=\"color: #ff0000;\">VIDEO ZUM WELTWIEDERBELEBUNGSTAG<\/span><\/a><\/h4>\n<pre><\/pre>\n<h1><span style=\"color: #0000ff;\">RETTEN MACHT SCHULE:<\/span><\/h1>\n<h2><span style=\"color: #0000ff;\">n\u00e4chste Fortbildungsveranstaltung f\u00fcr P\u00e4dagogInnen der Primarstufe<\/span><\/h2>\n<h3>Mittwoch \u00a009. Oktober 2019, 15:00 &#8211; 18:15 (641.0RK01)<\/h3>\n<p><span style=\"color: #ff0000;\">Anmeldungen sind noch per Mail \u00a0an die P\u00e4dagogische Hochschule m\u00f6glich:<\/span><\/p>\n<blockquote>\n<div class=\"WordSection1\">\n<p><span class=\"\" style=\"color: #0000ff;\"><a class=\"\" style=\"color: #0000ff;\" href=\"mailto:bildungswissenschaften@phst.at\">bildungswissenschaften@phst.at<\/a>\u00a0<\/span><\/p>\n<p>weitere Termine:<\/p>\n<p>Mittwoch 04. Dezember 2019,\u00a015:00 &#8211; 18:15 (641.0RK02)<\/p>\n<p>Mittwoch \u00a004. M\u00e4rz 2020,\u00a015:00 &#8211; 18:15<\/p>\n<\/div>\n<\/blockquote>\n<pre><\/pre>\n<p><img loading=\"lazy\" class=\"aligncenter wp-image-952\" src=\"http:\/\/www.kinder-lernen-leben-retten.at\/wp-content\/uploads\/2019\/09\/Ph-St-07-19-2-e1569335099264-300x225.jpg\" alt=\"\" width=\"363\" height=\"272\" srcset=\"https:\/\/www.kinder-lernen-leben-retten.at\/wp-content\/uploads\/2019\/09\/Ph-St-07-19-2-e1569335099264-300x225.jpg 300w, https:\/\/www.kinder-lernen-leben-retten.at\/wp-content\/uploads\/2019\/09\/Ph-St-07-19-2-e1569335099264-768x576.jpg 768w, https:\/\/www.kinder-lernen-leben-retten.at\/wp-content\/uploads\/2019\/09\/Ph-St-07-19-2-e1569335099264-1024x768.jpg 1024w, https:\/\/www.kinder-lernen-leben-retten.at\/wp-content\/uploads\/2019\/09\/Ph-St-07-19-2-e1569335099264-285x214.jpg 285w\" sizes=\"(max-width: 363px) 100vw, 363px\" \/><\/p>\n<pre><\/pre>\n<h1>ERC-KONGRESS 2019<\/h1>\n<h1><img loading=\"lazy\" class=\" wp-image-955 aligncenter\" src=\"http:\/\/www.kinder-lernen-leben-retten.at\/wp-content\/uploads\/2019\/09\/ERC-2019-Titelbild-275x300.png\" alt=\"\" width=\"373\" height=\"407\" srcset=\"https:\/\/www.kinder-lernen-leben-retten.at\/wp-content\/uploads\/2019\/09\/ERC-2019-Titelbild-275x300.png 275w, https:\/\/www.kinder-lernen-leben-retten.at\/wp-content\/uploads\/2019\/09\/ERC-2019-Titelbild.png 486w\" sizes=\"(max-width: 373px) 100vw, 373px\" \/><\/h1>\n<p>Wir waren hier, um uns fortzubilden, Kontakte zu pflegen und Neuigkeiten rund ums Thema Wiederbelebung zu erfahren<\/p>\n<p><img loading=\"lazy\" class=\"wp-image-956 alignnone\" src=\"http:\/\/www.kinder-lernen-leben-retten.at\/wp-content\/uploads\/2019\/09\/ERC-Lj-2-300x225.jpg\" alt=\"\" width=\"238\" height=\"179\" srcset=\"https:\/\/www.kinder-lernen-leben-retten.at\/wp-content\/uploads\/2019\/09\/ERC-Lj-2-300x225.jpg 300w, https:\/\/www.kinder-lernen-leben-retten.at\/wp-content\/uploads\/2019\/09\/ERC-Lj-2-768x576.jpg 768w, https:\/\/www.kinder-lernen-leben-retten.at\/wp-content\/uploads\/2019\/09\/ERC-Lj-2-1024x768.jpg 1024w, https:\/\/www.kinder-lernen-leben-retten.at\/wp-content\/uploads\/2019\/09\/ERC-Lj-2-285x214.jpg 285w\" sizes=\"(max-width: 238px) 100vw, 238px\" \/>\u00a0 \u00a0<img loading=\"lazy\" class=\"alignnone wp-image-958 \" src=\"http:\/\/www.kinder-lernen-leben-retten.at\/wp-content\/uploads\/2019\/09\/ERC-Lj-4-300x225.jpg\" alt=\"\" width=\"236\" height=\"177\" srcset=\"https:\/\/www.kinder-lernen-leben-retten.at\/wp-content\/uploads\/2019\/09\/ERC-Lj-4-300x225.jpg 300w, https:\/\/www.kinder-lernen-leben-retten.at\/wp-content\/uploads\/2019\/09\/ERC-Lj-4-768x576.jpg 768w, https:\/\/www.kinder-lernen-leben-retten.at\/wp-content\/uploads\/2019\/09\/ERC-Lj-4-1024x768.jpg 1024w, https:\/\/www.kinder-lernen-leben-retten.at\/wp-content\/uploads\/2019\/09\/ERC-Lj-4-285x214.jpg 285w\" sizes=\"(max-width: 236px) 100vw, 236px\" \/>\u00a0 \u00a0<img loading=\"lazy\" class=\"alignnone wp-image-959\" src=\"http:\/\/www.kinder-lernen-leben-retten.at\/wp-content\/uploads\/2019\/09\/ERC-Lj-5-244x300.jpg\" alt=\"\" width=\"170\" height=\"209\" srcset=\"https:\/\/www.kinder-lernen-leben-retten.at\/wp-content\/uploads\/2019\/09\/ERC-Lj-5-244x300.jpg 244w, https:\/\/www.kinder-lernen-leben-retten.at\/wp-content\/uploads\/2019\/09\/ERC-Lj-5-768x945.jpg 768w, https:\/\/www.kinder-lernen-leben-retten.at\/wp-content\/uploads\/2019\/09\/ERC-Lj-5-832x1024.jpg 832w, https:\/\/www.kinder-lernen-leben-retten.at\/wp-content\/uploads\/2019\/09\/ERC-Lj-5.jpg 953w\" sizes=\"(max-width: 170px) 100vw, 170px\" \/>\u00a0 \u00a0\u00a0\u00a0<img loading=\"lazy\" class=\"alignnone wp-image-961\" src=\"http:\/\/www.kinder-lernen-leben-retten.at\/wp-content\/uploads\/2019\/09\/ERC-Lj-7-e1569335989391-225x300.jpg\" alt=\"\" width=\"155\" height=\"206\" srcset=\"https:\/\/www.kinder-lernen-leben-retten.at\/wp-content\/uploads\/2019\/09\/ERC-Lj-7-e1569335989391-225x300.jpg 225w, https:\/\/www.kinder-lernen-leben-retten.at\/wp-content\/uploads\/2019\/09\/ERC-Lj-7-e1569335989391-768x1024.jpg 768w\" sizes=\"(max-width: 155px) 100vw, 155px\" \/>\u00a0 \u00a0<img loading=\"lazy\" class=\"alignnone wp-image-962\" src=\"http:\/\/www.kinder-lernen-leben-retten.at\/wp-content\/uploads\/2019\/09\/ERC-Lj-8-e1569336014609-300x225.jpg\" alt=\"\" width=\"253\" height=\"190\" srcset=\"https:\/\/www.kinder-lernen-leben-retten.at\/wp-content\/uploads\/2019\/09\/ERC-Lj-8-e1569336014609-300x225.jpg 300w, https:\/\/www.kinder-lernen-leben-retten.at\/wp-content\/uploads\/2019\/09\/ERC-Lj-8-e1569336014609-768x576.jpg 768w, https:\/\/www.kinder-lernen-leben-retten.at\/wp-content\/uploads\/2019\/09\/ERC-Lj-8-e1569336014609-1024x768.jpg 1024w, https:\/\/www.kinder-lernen-leben-retten.at\/wp-content\/uploads\/2019\/09\/ERC-Lj-8-e1569336014609-285x214.jpg 285w\" sizes=\"(max-width: 253px) 100vw, 253px\" \/>\u00a0 \u00a0<img loading=\"lazy\" class=\"alignnone wp-image-965\" src=\"http:\/\/www.kinder-lernen-leben-retten.at\/wp-content\/uploads\/2019\/09\/ERC-Lj-13-300x225.jpg\" alt=\"\" width=\"254\" height=\"191\" srcset=\"https:\/\/www.kinder-lernen-leben-retten.at\/wp-content\/uploads\/2019\/09\/ERC-Lj-13-300x225.jpg 300w, https:\/\/www.kinder-lernen-leben-retten.at\/wp-content\/uploads\/2019\/09\/ERC-Lj-13-768x576.jpg 768w, https:\/\/www.kinder-lernen-leben-retten.at\/wp-content\/uploads\/2019\/09\/ERC-Lj-13-1024x768.jpg 1024w, https:\/\/www.kinder-lernen-leben-retten.at\/wp-content\/uploads\/2019\/09\/ERC-Lj-13-285x214.jpg 285w\" sizes=\"(max-width: 254px) 100vw, 254px\" \/>\u00a0 \u00a0<img loading=\"lazy\" class=\"alignnone wp-image-966\" src=\"http:\/\/www.kinder-lernen-leben-retten.at\/wp-content\/uploads\/2019\/09\/ERC-Lj-16-300x225.jpg\" alt=\"\" width=\"253\" height=\"190\" srcset=\"https:\/\/www.kinder-lernen-leben-retten.at\/wp-content\/uploads\/2019\/09\/ERC-Lj-16-300x225.jpg 300w, https:\/\/www.kinder-lernen-leben-retten.at\/wp-content\/uploads\/2019\/09\/ERC-Lj-16-768x576.jpg 768w, https:\/\/www.kinder-lernen-leben-retten.at\/wp-content\/uploads\/2019\/09\/ERC-Lj-16-1024x768.jpg 1024w, https:\/\/www.kinder-lernen-leben-retten.at\/wp-content\/uploads\/2019\/09\/ERC-Lj-16-285x214.jpg 285w\" sizes=\"(max-width: 253px) 100vw, 253px\" \/>\u00a0 \u00a0<img loading=\"lazy\" class=\"alignnone wp-image-967\" src=\"http:\/\/www.kinder-lernen-leben-retten.at\/wp-content\/uploads\/2019\/09\/ERC-Lj-17-300x225.jpg\" alt=\"\" width=\"255\" height=\"191\" srcset=\"https:\/\/www.kinder-lernen-leben-retten.at\/wp-content\/uploads\/2019\/09\/ERC-Lj-17-300x225.jpg 300w, https:\/\/www.kinder-lernen-leben-retten.at\/wp-content\/uploads\/2019\/09\/ERC-Lj-17-768x576.jpg 768w, https:\/\/www.kinder-lernen-leben-retten.at\/wp-content\/uploads\/2019\/09\/ERC-Lj-17-1024x768.jpg 1024w, https:\/\/www.kinder-lernen-leben-retten.at\/wp-content\/uploads\/2019\/09\/ERC-Lj-17-285x214.jpg 285w\" sizes=\"(max-width: 255px) 100vw, 255px\" \/>\u00a0 \u00a0 <img loading=\"lazy\" class=\"alignnone wp-image-968\" src=\"http:\/\/www.kinder-lernen-leben-retten.at\/wp-content\/uploads\/2019\/09\/ERC-Lj-18-300x225.jpg\" alt=\"\" width=\"256\" height=\"192\" srcset=\"https:\/\/www.kinder-lernen-leben-retten.at\/wp-content\/uploads\/2019\/09\/ERC-Lj-18-300x225.jpg 300w, https:\/\/www.kinder-lernen-leben-retten.at\/wp-content\/uploads\/2019\/09\/ERC-Lj-18-768x576.jpg 768w, https:\/\/www.kinder-lernen-leben-retten.at\/wp-content\/uploads\/2019\/09\/ERC-Lj-18-1024x768.jpg 1024w, https:\/\/www.kinder-lernen-leben-retten.at\/wp-content\/uploads\/2019\/09\/ERC-Lj-18-285x214.jpg 285w\" sizes=\"(max-width: 256px) 100vw, 256px\" \/><\/p>\n<pre><\/pre>\n<h1><span style=\"color: #0000ff;\">RETTEN MACHT SCHULE: auch in der &#8222;Sommerhochschule&#8220;&#8211;&gt;<\/span><\/h1>\n<h1><span style=\"color: #0000ff;\">Fortbildungsveranstaltung f\u00fcr P\u00e4dagogInnen der Primarstufe<\/span><\/h1>\n<h3><\/h3>\n<h3>Mittwoch 10. Juli 2019, 09:00 &#8211; 12:15<\/h3>\n<p>weitere Termine:<\/p>\n<p>Mittwoch \u00a009. Oktober 2019, 15:00 &#8211; 18:15 (641.0RK01)<\/p>\n<p>Mittwoch 04. Dezember 2019,\u00a015:00 &#8211; 18:15 (641.0RK02)<\/p>\n<p>Mittwoch \u00a004. M\u00e4rz 2020,\u00a015:00 &#8211; 18:15<\/p>\n<p><span style=\"color: #ff0000;\">Anmeldungen sind weiterhin noch per Mail \u00a0an die P\u00e4dagogische Hochschule m\u00f6glich:<\/span><\/p>\n<blockquote>\n<div>\n<div class=\"WordSection1\">\n<h3><span class=\"\" style=\"color: #0000ff;\"><a class=\"\" style=\"color: #0000ff;\" href=\"mailto:bildungswissenschaften@phst.at\">bildungswissenschaften@phst.at<\/a><\/span><\/h3>\n<\/div>\n<\/div>\n<\/blockquote>\n<pre><\/pre>\n<h1><span style=\"color: #ff0000;\">? Was ist wenn&#8230;<\/span><\/h1>\n<p>&#8230;wir in unserer Arbeit auf Kinder treffen, die u.U. schon hochdramatische Ereignisse und Erlebnisse mit dem Tod eines nahen Angeh\u00f6rigen durchleben mussten:<\/p>\n<p>Die Reaktionen der Betreffenden, wenn sie durch das Thema der Wiederbelebung damit erneut gedanklich und emotional konfrontiert werden, k\u00f6nnen sehr vielf\u00e4ltig sein und reichen von R\u00fcckzug und Verweigerung, sich damit jetzt und hier auseinandersetzen zu wollen bis hin zur aktiven Suche nach einem Gespr\u00e4ch in einer Pause oder nach Ende unseres Unterrichts.<\/p>\n<p>P\u00e4dagogInnen, welche ihre eigenen Sch\u00fclerInnen in Wiederbelebung unterrichten, wissen unter Umst\u00e4nden von diesen Erlebnissen, k\u00f6nnen aber ebenfalls anl\u00e4sslich des Themas erstmals damit konfrontiert werden.<\/p>\n<p>Davon abgesehen, dass wir \u00fcber keine Expertise in Krisenintervention verf\u00fcgen, ma\u00dfen wir uns nicht an, hier Tipps und Ratschl\u00e4ge f\u00fcr den Umgang mit solchen Situationen niederzuschreiben.<\/p>\n<p>Wir d\u00fcrfen dazu aber hierauf den Verein <span style=\"color: #ff0000;\"><a style=\"color: #ff0000;\" href=\"https:\/\/www.rainbows.at\" target=\"_blank\" rel=\"noopener noreferrer\">\u201eRAINBOWS \u2013 F\u00fcr Kinder in st\u00fcrmischen Zeiten\u201c<\/a><\/span> verweisen, ExpertInnen auf dem Gebiet professioneller Trauerbegleitung, die in ihrer T\u00e4tigkeit vielf\u00e4ltigste M\u00f6glichkeiten der Unterst\u00fctzung f\u00fcr den Fall, dass \u201eNichts mehr so ist, wie es einmal war\u201c anbieten; das reicht von Begleitungsangeboten f\u00fcr Kinder und Jugendliche \u00fcber Unterst\u00fctzung f\u00fcr Eltern wie Bezugspersonen zum Thema \u201eWas braucht (m)ein Kind?\u201c in dieser Situation bis hin zu Angeboten und Ausbildungen f\u00fcr Fachpersonen zu den Themen Sterben\/Tod\/Trauer reichen.<\/p>\n<h5>INFORMATIONEN &amp; ANMELDUNG:<\/h5>\n<h5><a href=\"https:\/\/www.rainbows.at\" target=\"_blank\" rel=\"noopener noreferrer\"><img loading=\"lazy\" class=\"wp-image-823 alignleft\" src=\"http:\/\/www.kinder-lernen-leben-retten.at\/wp-content\/uploads\/2019\/04\/RainbowsLogoNeu_CMYK-300x182.jpg\" alt=\"\" width=\"392\" height=\"238\" srcset=\"https:\/\/www.kinder-lernen-leben-retten.at\/wp-content\/uploads\/2019\/04\/RainbowsLogoNeu_CMYK-300x182.jpg 300w, https:\/\/www.kinder-lernen-leben-retten.at\/wp-content\/uploads\/2019\/04\/RainbowsLogoNeu_CMYK-768x467.jpg 768w, https:\/\/www.kinder-lernen-leben-retten.at\/wp-content\/uploads\/2019\/04\/RainbowsLogoNeu_CMYK-1024x623.jpg 1024w\" sizes=\"(max-width: 392px) 100vw, 392px\" \/><\/a><\/h5>\n<h5>RAINBOWS-Steiermark<\/h5>\n<h5>Grabenstra\u00dfe 88<\/h5>\n<h5>8010 Graz<\/h5>\n<h5>Tel.: 0316\/678783<\/h5>\n<h5><span style=\"color: #3366ff;\"><a style=\"color: #3366ff;\" href=\"mailto:office@stmk.rainbows.at\">office@stmk.rainbows.at<\/a><\/span><\/h5>\n<h5><span style=\"color: #3366ff;\"><a style=\"color: #3366ff;\" href=\"https:\/\/www.rainbows.at\" target=\"_blank\" rel=\"noopener noreferrer\">www.rainbows.at<\/a><\/span><\/h5>\n<pre><\/pre>\n<h1><span style=\"color: #0000ff;\">RETTEN MACHT SCHULE: Termine f\u00fcr Fortbildungsveranstaltungen f\u00fcr P\u00e4dagogInnen der Primarstufe<\/span><\/h1>\n<p>Unsere n\u00e4chsten bereits feststehenden Termine an der P\u00e4dagogischen Hochschule Stmk.:<\/p>\n<p>Mittwoch 10. Juli 2019, 09:00 &#8211; 12:15<\/p>\n<p>Mittwoch \u00a009. Oktober 2019, 15:00 &#8211; 18:15<\/p>\n<p>Mittwoch 04. Dezember 2019,\u00a015:00 &#8211; 18:15<\/p>\n<p>Mittwoch \u00a004. M\u00e4rz 2020,\u00a015:00 &#8211; 18:15<\/p>\n<p><span style=\"color: #ff0000;\"><a style=\"color: #ff0000;\" href=\"https:\/\/www.ph-online.ac.at\/phst\/wbLv.wbShowLVDetail?pStpSpNr=291331&amp;pSpracheNr=1\" target=\"_blank\" rel=\"noopener noreferrer\">Anmeldungen ab 1.5. bitte direkt \u00fcber die P\u00e4dagogische Hochschule hier<\/a><\/span><\/p>\n<pre><a href=\"http:\/\/www.arc.or.at\/2019-2\/\" target=\"_blank\" rel=\"noopener noreferrer\"><img loading=\"lazy\" class=\"aligncenter wp-image-729\" src=\"http:\/\/www.kinder-lernen-leben-retten.at\/wp-content\/uploads\/2018\/12\/Bild-ARC-Symp-19-300x70.jpg\" alt=\"\" width=\"606\" height=\"141\" srcset=\"https:\/\/www.kinder-lernen-leben-retten.at\/wp-content\/uploads\/2018\/12\/Bild-ARC-Symp-19-300x70.jpg 300w, https:\/\/www.kinder-lernen-leben-retten.at\/wp-content\/uploads\/2018\/12\/Bild-ARC-Symp-19-768x178.jpg 768w, https:\/\/www.kinder-lernen-leben-retten.at\/wp-content\/uploads\/2018\/12\/Bild-ARC-Symp-19-1024x238.jpg 1024w, https:\/\/www.kinder-lernen-leben-retten.at\/wp-content\/uploads\/2018\/12\/Bild-ARC-Symp-19.jpg 1194w\" sizes=\"(max-width: 606px) 100vw, 606px\" \/><\/a><\/pre>\n<p>Das sind die Eindr\u00fccke vom Symposium: den Vortragsblock <a href=\"https:\/\/youtu.be\/8NE1NdMSV14?t=591\" target=\"_blank\" rel=\"noopener noreferrer\">mit unserem Beitrag<\/a> zum Thema KIDS SAVE LIVES in \u00d6sterreich gibt es als gesamten Live-Mitschnitt <a href=\"https:\/\/youtu.be\/8NE1NdMSV14\" target=\"_blank\" rel=\"noopener noreferrer\">hier,<\/a> die anschliessende Podiumsdiskussion nat\u00fcrlich auch mit der Beteiligung unserer Initiative finden Sie <a href=\"https:\/\/youtu.be\/_OeEzSvuCfM\" target=\"_blank\" rel=\"noopener noreferrer\">hier<\/a>. Der Keynote-Speaker war Federico Semeraro mit seinem Vortrag <a href=\"https:\/\/youtu.be\/EYdi0tv4HAQ\" target=\"_blank\" rel=\"noopener noreferrer\">&#8222;Kids save Lives meets technology enhanced learning&#8220;<\/a><\/p>\n<p><img loading=\"lazy\" class=\"alignnone size-medium wp-image-753\" src=\"http:\/\/www.kinder-lernen-leben-retten.at\/wp-content\/uploads\/2019\/01\/ARC-300x200.jpg\" alt=\"\" width=\"300\" height=\"200\" srcset=\"https:\/\/www.kinder-lernen-leben-retten.at\/wp-content\/uploads\/2019\/01\/ARC-300x200.jpg 300w, https:\/\/www.kinder-lernen-leben-retten.at\/wp-content\/uploads\/2019\/01\/ARC-768x512.jpg 768w, https:\/\/www.kinder-lernen-leben-retten.at\/wp-content\/uploads\/2019\/01\/ARC-750x500.jpg 750w, https:\/\/www.kinder-lernen-leben-retten.at\/wp-content\/uploads\/2019\/01\/ARC.jpg 960w\" sizes=\"(max-width: 300px) 100vw, 300px\" \/> <img loading=\"lazy\" class=\"alignnone size-medium wp-image-754\" src=\"http:\/\/www.kinder-lernen-leben-retten.at\/wp-content\/uploads\/2019\/01\/CPR-300x200.jpg\" alt=\"\" width=\"300\" height=\"200\" srcset=\"https:\/\/www.kinder-lernen-leben-retten.at\/wp-content\/uploads\/2019\/01\/CPR-300x200.jpg 300w, https:\/\/www.kinder-lernen-leben-retten.at\/wp-content\/uploads\/2019\/01\/CPR-768x512.jpg 768w, https:\/\/www.kinder-lernen-leben-retten.at\/wp-content\/uploads\/2019\/01\/CPR-750x500.jpg 750w, https:\/\/www.kinder-lernen-leben-retten.at\/wp-content\/uploads\/2019\/01\/CPR.jpg 960w\" sizes=\"(max-width: 300px) 100vw, 300px\" \/> <img loading=\"lazy\" class=\"alignnone size-medium wp-image-755\" src=\"http:\/\/www.kinder-lernen-leben-retten.at\/wp-content\/uploads\/2019\/01\/CPR-Race-300x200.jpg\" alt=\"\" width=\"300\" height=\"200\" srcset=\"https:\/\/www.kinder-lernen-leben-retten.at\/wp-content\/uploads\/2019\/01\/CPR-Race-300x200.jpg 300w, https:\/\/www.kinder-lernen-leben-retten.at\/wp-content\/uploads\/2019\/01\/CPR-Race-768x512.jpg 768w, https:\/\/www.kinder-lernen-leben-retten.at\/wp-content\/uploads\/2019\/01\/CPR-Race-750x500.jpg 750w, https:\/\/www.kinder-lernen-leben-retten.at\/wp-content\/uploads\/2019\/01\/CPR-Race.jpg 960w\" sizes=\"(max-width: 300px) 100vw, 300px\" \/> <img loading=\"lazy\" class=\"alignnone size-medium wp-image-756\" src=\"http:\/\/www.kinder-lernen-leben-retten.at\/wp-content\/uploads\/2019\/01\/Daniel-Kaspar-300x200.jpg\" alt=\"\" width=\"300\" height=\"200\" srcset=\"https:\/\/www.kinder-lernen-leben-retten.at\/wp-content\/uploads\/2019\/01\/Daniel-Kaspar-300x200.jpg 300w, https:\/\/www.kinder-lernen-leben-retten.at\/wp-content\/uploads\/2019\/01\/Daniel-Kaspar-768x512.jpg 768w, https:\/\/www.kinder-lernen-leben-retten.at\/wp-content\/uploads\/2019\/01\/Daniel-Kaspar-750x500.jpg 750w, https:\/\/www.kinder-lernen-leben-retten.at\/wp-content\/uploads\/2019\/01\/Daniel-Kaspar.jpg 960w\" sizes=\"(max-width: 300px) 100vw, 300px\" \/> <img loading=\"lazy\" class=\"alignnone size-medium wp-image-757\" src=\"http:\/\/www.kinder-lernen-leben-retten.at\/wp-content\/uploads\/2019\/01\/Kids-save-lives-Austria-300x200.jpg\" alt=\"\" width=\"300\" height=\"200\" srcset=\"https:\/\/www.kinder-lernen-leben-retten.at\/wp-content\/uploads\/2019\/01\/Kids-save-lives-Austria-300x200.jpg 300w, https:\/\/www.kinder-lernen-leben-retten.at\/wp-content\/uploads\/2019\/01\/Kids-save-lives-Austria-768x512.jpg 768w, https:\/\/www.kinder-lernen-leben-retten.at\/wp-content\/uploads\/2019\/01\/Kids-save-lives-Austria-750x500.jpg 750w, https:\/\/www.kinder-lernen-leben-retten.at\/wp-content\/uploads\/2019\/01\/Kids-save-lives-Austria.jpg 960w\" sizes=\"(max-width: 300px) 100vw, 300px\" \/> <img loading=\"lazy\" class=\"alignnone size-medium wp-image-758\" src=\"http:\/\/www.kinder-lernen-leben-retten.at\/wp-content\/uploads\/2019\/01\/Miriam-Patheisky-300x200.jpg\" alt=\"\" width=\"300\" height=\"200\" srcset=\"https:\/\/www.kinder-lernen-leben-retten.at\/wp-content\/uploads\/2019\/01\/Miriam-Patheisky-300x200.jpg 300w, https:\/\/www.kinder-lernen-leben-retten.at\/wp-content\/uploads\/2019\/01\/Miriam-Patheisky-768x512.jpg 768w, https:\/\/www.kinder-lernen-leben-retten.at\/wp-content\/uploads\/2019\/01\/Miriam-Patheisky-750x500.jpg 750w, https:\/\/www.kinder-lernen-leben-retten.at\/wp-content\/uploads\/2019\/01\/Miriam-Patheisky.jpg 960w\" sizes=\"(max-width: 300px) 100vw, 300px\" \/> <img loading=\"lazy\" class=\"alignnone size-medium wp-image-759\" src=\"http:\/\/www.kinder-lernen-leben-retten.at\/wp-content\/uploads\/2019\/01\/P.Hansak-300x200.jpg\" alt=\"\" width=\"300\" height=\"200\" srcset=\"https:\/\/www.kinder-lernen-leben-retten.at\/wp-content\/uploads\/2019\/01\/P.Hansak-300x200.jpg 300w, https:\/\/www.kinder-lernen-leben-retten.at\/wp-content\/uploads\/2019\/01\/P.Hansak-768x512.jpg 768w, https:\/\/www.kinder-lernen-leben-retten.at\/wp-content\/uploads\/2019\/01\/P.Hansak-750x500.jpg 750w, https:\/\/www.kinder-lernen-leben-retten.at\/wp-content\/uploads\/2019\/01\/P.Hansak.jpg 960w\" sizes=\"(max-width: 300px) 100vw, 300px\" \/> <img loading=\"lazy\" class=\"alignnone size-medium wp-image-760\" src=\"http:\/\/www.kinder-lernen-leben-retten.at\/wp-content\/uploads\/2019\/01\/Pflanzl-W-300x200.jpg\" alt=\"\" width=\"300\" height=\"200\" srcset=\"https:\/\/www.kinder-lernen-leben-retten.at\/wp-content\/uploads\/2019\/01\/Pflanzl-W-300x200.jpg 300w, https:\/\/www.kinder-lernen-leben-retten.at\/wp-content\/uploads\/2019\/01\/Pflanzl-W-768x512.jpg 768w, https:\/\/www.kinder-lernen-leben-retten.at\/wp-content\/uploads\/2019\/01\/Pflanzl-W-750x500.jpg 750w, https:\/\/www.kinder-lernen-leben-retten.at\/wp-content\/uploads\/2019\/01\/Pflanzl-W.jpg 960w\" sizes=\"(max-width: 300px) 100vw, 300px\" \/> <img loading=\"lazy\" class=\"alignnone size-medium wp-image-761\" src=\"http:\/\/www.kinder-lernen-leben-retten.at\/wp-content\/uploads\/2019\/01\/Semeraro-Pflanzl-300x200.jpg\" alt=\"\" width=\"300\" height=\"200\" srcset=\"https:\/\/www.kinder-lernen-leben-retten.at\/wp-content\/uploads\/2019\/01\/Semeraro-Pflanzl-300x200.jpg 300w, https:\/\/www.kinder-lernen-leben-retten.at\/wp-content\/uploads\/2019\/01\/Semeraro-Pflanzl-768x512.jpg 768w, https:\/\/www.kinder-lernen-leben-retten.at\/wp-content\/uploads\/2019\/01\/Semeraro-Pflanzl-750x500.jpg 750w, https:\/\/www.kinder-lernen-leben-retten.at\/wp-content\/uploads\/2019\/01\/Semeraro-Pflanzl.jpg 960w\" sizes=\"(max-width: 300px) 100vw, 300px\" \/> <img loading=\"lazy\" class=\"alignnone size-medium wp-image-762\" src=\"http:\/\/www.kinder-lernen-leben-retten.at\/wp-content\/uploads\/2019\/01\/Semeraro-Schlieber-300x200.jpg\" alt=\"\" width=\"300\" height=\"200\" srcset=\"https:\/\/www.kinder-lernen-leben-retten.at\/wp-content\/uploads\/2019\/01\/Semeraro-Schlieber-300x200.jpg 300w, https:\/\/www.kinder-lernen-leben-retten.at\/wp-content\/uploads\/2019\/01\/Semeraro-Schlieber-768x512.jpg 768w, https:\/\/www.kinder-lernen-leben-retten.at\/wp-content\/uploads\/2019\/01\/Semeraro-Schlieber-750x500.jpg 750w, https:\/\/www.kinder-lernen-leben-retten.at\/wp-content\/uploads\/2019\/01\/Semeraro-Schlieber.jpg 960w\" sizes=\"(max-width: 300px) 100vw, 300px\" \/> <img loading=\"lazy\" class=\"alignnone size-medium wp-image-763\" src=\"http:\/\/www.kinder-lernen-leben-retten.at\/wp-content\/uploads\/2019\/01\/Vortrag-W-1-300x200.jpg\" alt=\"\" width=\"300\" height=\"200\" srcset=\"https:\/\/www.kinder-lernen-leben-retten.at\/wp-content\/uploads\/2019\/01\/Vortrag-W-1-300x200.jpg 300w, https:\/\/www.kinder-lernen-leben-retten.at\/wp-content\/uploads\/2019\/01\/Vortrag-W-1-768x512.jpg 768w, https:\/\/www.kinder-lernen-leben-retten.at\/wp-content\/uploads\/2019\/01\/Vortrag-W-1-750x500.jpg 750w, https:\/\/www.kinder-lernen-leben-retten.at\/wp-content\/uploads\/2019\/01\/Vortrag-W-1.jpg 960w\" sizes=\"(max-width: 300px) 100vw, 300px\" \/> <img loading=\"lazy\" class=\"alignnone size-medium wp-image-764\" src=\"http:\/\/www.kinder-lernen-leben-retten.at\/wp-content\/uploads\/2019\/01\/VR-CPR-200x300.jpg\" alt=\"\" width=\"200\" height=\"300\" srcset=\"https:\/\/www.kinder-lernen-leben-retten.at\/wp-content\/uploads\/2019\/01\/VR-CPR-200x300.jpg 200w, https:\/\/www.kinder-lernen-leben-retten.at\/wp-content\/uploads\/2019\/01\/VR-CPR.jpg 640w\" sizes=\"(max-width: 200px) 100vw, 200px\" \/><\/p>\n<p><a href=\"http:\/\/www.arc.or.at\/2019-2\/\" target=\"_blank\" rel=\"noopener noreferrer\"><img loading=\"lazy\" class=\"aligncenter wp-image-729\" src=\"http:\/\/www.kinder-lernen-leben-retten.at\/wp-content\/uploads\/2018\/12\/Bild-ARC-Symp-19-300x70.jpg\" alt=\"\" width=\"606\" height=\"141\" srcset=\"https:\/\/www.kinder-lernen-leben-retten.at\/wp-content\/uploads\/2018\/12\/Bild-ARC-Symp-19-300x70.jpg 300w, https:\/\/www.kinder-lernen-leben-retten.at\/wp-content\/uploads\/2018\/12\/Bild-ARC-Symp-19-768x178.jpg 768w, https:\/\/www.kinder-lernen-leben-retten.at\/wp-content\/uploads\/2018\/12\/Bild-ARC-Symp-19-1024x238.jpg 1024w, https:\/\/www.kinder-lernen-leben-retten.at\/wp-content\/uploads\/2018\/12\/Bild-ARC-Symp-19.jpg 1194w\" sizes=\"(max-width: 606px) 100vw, 606px\" \/><\/a><\/p>\n<h3><span style=\"color: #ff0000;\"><strong>Kids save lives in \u00d6sterreich<\/strong><\/span><span style=\"color: #ff0000;\">\u00a0\u00a0<\/span><\/h3>\n<h4><span style=\"color: #ff0000;\"><span style=\"color: #000000;\"><em>\u00a0 \u00a0 \u00a0 \u00a0 \u00a0 \u00a0 <strong>Rapid Fire Session der Projekte und Initiativen<\/strong><\/em><\/span><\/span><\/h4>\n<p>Unter diesem Programmpunkt werden auch wir unsere Initiative bzw. das mit <span style=\"color: #0000ff;\"><a style=\"color: #0000ff;\" href=\"https:\/\/www.phst.at\/home\/\" target=\"_blank\" rel=\"noopener noreferrer\">P\u00e4dagogischer Hochschule Stmk.<\/a><\/span> und <span style=\"color: #0000ff;\"><a style=\"color: #0000ff;\" href=\"https:\/\/www.roteskreuz.at\/steiermark\/\" target=\"_blank\" rel=\"noopener noreferrer\">\u00d6sterreichischem Roten Kreuz-Stmk.<\/a><\/span>\u00a0begr\u00fcndete\u00a0Gemeinschaftsprojekt <a href=\"http:\/\/www.kinder-lernen-leben-retten.at\/wp-content\/uploads\/2018\/11\/Folder-Retten-macht-Schule.pdf\" target=\"_blank\" rel=\"noopener noreferrer\"><strong><span style=\"color: #ff0000;\">&#8222;RETTEN MACHT SCHULE&#8220;<\/span><\/strong> <\/a>vorstellen.<\/p>\n<p>Wir freuen uns ganz besonders, dies in Anwesenheit von <span class=\"fl-callout-title-text\">Federico Semeraro tun zu d\u00fcrfen:<\/span><\/p>\n<p class=\"fl-callout-title\"><span class=\"fl-callout-title-text\"><a href=\"https:\/\/www.facebook.com\/federico.semeraro\" target=\"_blank\" rel=\"noopener noreferrer\"><strong>Federico Semeraro<\/strong><\/a> ist Past President des <span style=\"color: #000000;\"><a style=\"color: #000000;\" href=\"https:\/\/www.ircouncil.it\" target=\"_blank\" rel=\"noopener noreferrer\">Italian Resuscitation Council (IRC)<\/a> <\/span>und Co-Vorsitzender des <span style=\"color: #000000;\"><a style=\"color: #000000;\" href=\"https:\/\/www.erc.edu\" target=\"_blank\" rel=\"noopener noreferrer\">European Resuscitation Council (ERC)<\/a><\/span> BLS Science &amp; Education Committee. Er leitet die <a href=\"https:\/\/www.erc.edu\/projects\/kids-save-lives\" target=\"_blank\" rel=\"noopener noreferrer\">KIDS SAVE LIVES-Kampagne des ERC<\/a> und ist Mitglied der <span style=\"color: #000000;\"><a style=\"color: #000000;\" href=\"https:\/\/www.ilcor.org\/home\/\" target=\"_blank\" rel=\"noopener noreferrer\">ILCOR<\/a><\/span> Digital Communications Working Group sowie EuReCa One-Two National Coordinator f\u00fcr Italien, uvam&#8230;&#8230;<\/span><\/p>\n<p>Programm und Anmeldung finden Sie hier.: <a href=\"http:\/\/www.arc.or.at\/2019-2\/\" target=\"_blank\" rel=\"noopener noreferrer\">Klick mich!<\/a><\/p>\n<pre><\/pre>\n<h3 style=\"text-align: center;\"><a href=\"http:\/\/www.kinder-lernen-leben-retten.at\/wp-content\/uploads\/2018\/11\/Folder-Retten-macht-Schule.pdf\" target=\"_blank\" rel=\"noopener noreferrer\"><span style=\"color: #0000ff;\">Folder &#8222;Retten macht Schule&#8220;<\/span><\/a><\/h3>\n<pre><a href=\"https:\/\/www.interpaedagogica.at\" target=\"_blank\" rel=\"noopener noreferrer\"><img loading=\"lazy\" class=\"wp-image-670 aligncenter\" src=\"http:\/\/www.kinder-lernen-leben-retten.at\/wp-content\/uploads\/2018\/10\/Logo-interpaedagogica-18-300x114.jpg\" alt=\"\" width=\"858\" height=\"326\" srcset=\"https:\/\/www.kinder-lernen-leben-retten.at\/wp-content\/uploads\/2018\/10\/Logo-interpaedagogica-18-300x114.jpg 300w, https:\/\/www.kinder-lernen-leben-retten.at\/wp-content\/uploads\/2018\/10\/Logo-interpaedagogica-18-768x292.jpg 768w, https:\/\/www.kinder-lernen-leben-retten.at\/wp-content\/uploads\/2018\/10\/Logo-interpaedagogica-18.jpg 960w\" sizes=\"(max-width: 858px) 100vw, 858px\" \/><\/a><\/pre>\n<h3 style=\"text-align: center;\">Wir sind dabei und pr\u00e4sentieren gemeinsam mit dem \u00d6RK-Stmk. das Gemeinschaftsprojekt:<\/h3>\n<h3 style=\"text-align: center;\"><strong><span style=\"color: #ff0000;\">&#8222;RETTEN MACHT SCHULE&#8220;<\/span><\/strong><\/h3>\n<h2 style=\"text-align: center;\"><a href=\"https:\/\/www.youtube.com\/watch?v=Dob73UAqRl8&amp;frags=pl%2Cwn\" target=\"_blank\" rel=\"noopener noreferrer\"><span style=\"color: #000080;\">Infofilm<\/span><\/a><\/h2>\n<pre style=\"text-align: center;\">\u00a0\u00a0<img loading=\"lazy\" class=\"wp-image-594 aligncenter\" src=\"http:\/\/www.kinder-lernen-leben-retten.at\/wp-content\/uploads\/2018\/02\/Titelbild1.3-300x169.png\" alt=\"\" width=\"424\" height=\"239\" srcset=\"https:\/\/www.kinder-lernen-leben-retten.at\/wp-content\/uploads\/2018\/02\/Titelbild1.3-300x169.png 300w, https:\/\/www.kinder-lernen-leben-retten.at\/wp-content\/uploads\/2018\/02\/Titelbild1.3-768x432.png 768w, https:\/\/www.kinder-lernen-leben-retten.at\/wp-content\/uploads\/2018\/02\/Titelbild1.3-1024x576.png 1024w\" sizes=\"(max-width: 424px) 100vw, 424px\" \/><\/pre>\n<p><span style=\"color: #000000;\"><span style=\"caret-color: #000000;\">unser Gemeinschaftsprojekt mit der<strong>\u00a0<span style=\"color: #0000ff;\"><a style=\"color: #0000ff;\" href=\"https:\/\/www.phst.at\/schnellzugriff\/aktuelles\/detailinformation-zur-nachrichten\/article\/retten-macht-schule\/\" target=\"_blank\" rel=\"noopener noreferrer\">P\u00e4dagogischen Hochschule Steiermark<\/a><\/span>\u00a0<\/strong>der<strong>\u00a0<span style=\"color: #0000ff;\"><a style=\"color: #0000ff;\" href=\"https:\/\/pvs.phst.at\/home\/\" target=\"_blank\" rel=\"noopener noreferrer\">Praxis-Volksschule\u00a0der PH Stmk.<\/a><\/span><\/strong>\u00a0 sowie \u00a0dem <span style=\"color: #0000ff;\"><a style=\"color: #0000ff;\" href=\"http:\/\/www.roteskreuz.at\/steiermark\/\" target=\"_blank\" rel=\"noopener noreferrer\"><strong>\u00d6sterreichischen Roten Kreuz \u00a0Steiermark<\/strong><\/a><\/span>\u00a0ist angelaufen!<\/span><\/span><\/p>\n<p>Am 13.6.2018 fand die erste LehrerInnen-Fortbildung zur alters- und entwicklungsgerechten Ausbildung von Kindern ab der 3. Schulstufe f\u00fcr VolksschullehrerInnen in den R\u00e4umen der P\u00e4dagogischen Hochschule statt. Weitere Fortbildungen sind bereits geplant, bzw. <a href=\"https:\/\/www.ph-online.ac.at\/phst\/wbLv.wbShowLVDetail?pStpSpNr=291331&amp;pSpracheNr=1\" target=\"_blank\" rel=\"noopener noreferrer\">hier<\/a> anzumelden.<\/p>\n<p>Am 16.6.2018 wurde das Projekt auf der 42. Bezirksbildungsbeauftragten-Tagung im <span style=\"color: #0000ff;\"><a style=\"color: #0000ff;\" href=\"https:\/\/www.roteskreuz.at\/stmk\/dienststellen\/kurse-aus-weiterbildung\/fuer-mitarbeiter\/bildungs-und-einsatzzentrum-laubegg\/\" target=\"_blank\" rel=\"noopener noreferrer\">Bildungs- und Einsatzzentrum des steirischen Roten Kreuzes in Laubegg<\/a><\/span> den steirischen Rotkreuz-Bezirken vorgestellt.<\/p>\n<p style=\"text-align: center;\"><img loading=\"lazy\" class=\"alignnone wp-image-627 size-medium\" src=\"http:\/\/www.kinder-lernen-leben-retten.at\/wp-content\/uploads\/2018\/06\/Handbuch-Titel-300x225.jpg\" alt=\"\" width=\"300\" height=\"225\" srcset=\"https:\/\/www.kinder-lernen-leben-retten.at\/wp-content\/uploads\/2018\/06\/Handbuch-Titel-300x225.jpg 300w, https:\/\/www.kinder-lernen-leben-retten.at\/wp-content\/uploads\/2018\/06\/Handbuch-Titel-768x576.jpg 768w, https:\/\/www.kinder-lernen-leben-retten.at\/wp-content\/uploads\/2018\/06\/Handbuch-Titel-1024x768.jpg 1024w, https:\/\/www.kinder-lernen-leben-retten.at\/wp-content\/uploads\/2018\/06\/Handbuch-Titel-285x214.jpg 285w\" sizes=\"(max-width: 300px) 100vw, 300px\" \/>\u00a0<img loading=\"lazy\" class=\"alignnone wp-image-626 size-medium\" src=\"http:\/\/www.kinder-lernen-leben-retten.at\/wp-content\/uploads\/2018\/06\/Handbuch-Seiten-300x225.jpg\" alt=\"\" width=\"300\" height=\"225\" srcset=\"https:\/\/www.kinder-lernen-leben-retten.at\/wp-content\/uploads\/2018\/06\/Handbuch-Seiten-300x225.jpg 300w, https:\/\/www.kinder-lernen-leben-retten.at\/wp-content\/uploads\/2018\/06\/Handbuch-Seiten-768x576.jpg 768w, https:\/\/www.kinder-lernen-leben-retten.at\/wp-content\/uploads\/2018\/06\/Handbuch-Seiten-1024x768.jpg 1024w, https:\/\/www.kinder-lernen-leben-retten.at\/wp-content\/uploads\/2018\/06\/Handbuch-Seiten-285x214.jpg 285w\" sizes=\"(max-width: 300px) 100vw, 300px\" \/><\/p>\n<p>Es freut uns, damit einen weiteren Schritt f\u00fcr nachhaltigen Unterricht in Wiederbelebung gem\u00e4\u00df den Forderungen des ERC, Wiederbelebung zu einer Kulturfertigkeit werden zu lassen, gesetzt zu haben und sehen voller Vorfreude dem kommenden Schuljahr und allen weiteren Entwicklungen entgegen.<\/p>\n<p>Noch wartet viel Arbeit auf uns und wir w\u00fcrden uns freuen, wenn auch von den politischen Entscheidungstr\u00e4gern dementsprechende Verantwortlichkeiten erkannt und finanzielle Mittel f\u00fcr die Ausstattung der Schulen mit den ben\u00f6tigten Unterrichtsmaterialien zur Verf\u00fcgung gestellt w\u00fcrden.<\/p>\n<p><span style=\"color: #ff0000;\"><strong>Weitere Infos, wie Sie an Ihrer Schule dieses Projekt durchf\u00fchren k\u00f6nnen, <a style=\"color: #ff0000;\" href=\"http:\/\/www.kinder-lernen-leben-retten.at\/?page_id=53\">finden Sie <span style=\"color: #000080;\">hier<\/span><\/a>.\u00a0<\/strong><\/span><\/p>\n","protected":false},"excerpt":{"rendered":"<p>RETTEN MACHT SCHULE und COVID 19 29.4.2020 Nun gibt es die \u00fcberarbeiteten Guidelines des ERC zum Thema Reanimation und COVID 19 Obwohl es grunds\u00e4tzliche \u00dcberlegungen auch zum Unterricht f\u00fcr Laien gibt, sind diese nicht f\u00fcr den Unterricht mit insbesondere noch sehr jungen Kindern ab dem Volksschulalter umsetzbar. Da hierf\u00fcr auch Entscheidungen (Erlaubnis) des Bundesministerium f\u00fcr <a href=\"https:\/\/www.kinder-lernen-leben-retten.at\/?page_id=55\" rel=\"nofollow\"><span class=\"sr-only\">Read more about News<\/span>[&hellip;]<\/a><\/p>\n","protected":false},"author":1,"featured_media":0,"parent":0,"menu_order":0,"comment_status":"closed","ping_status":"closed","template":"template-fullwidth.php","meta":{"amp_status":""},"_links":{"self":[{"href":"https:\/\/www.kinder-lernen-leben-retten.at\/index.php?rest_route=\/wp\/v2\/pages\/55"}],"collection":[{"href":"https:\/\/www.kinder-lernen-leben-retten.at\/index.php?rest_route=\/wp\/v2\/pages"}],"about":[{"href":"https:\/\/www.kinder-lernen-leben-retten.at\/index.php?rest_route=\/wp\/v2\/types\/page"}],"author":[{"embeddable":true,"href":"https:\/\/www.kinder-lernen-leben-retten.at\/index.php?rest_route=\/wp\/v2\/users\/1"}],"replies":[{"embeddable":true,"href":"https:\/\/www.kinder-lernen-leben-retten.at\/index.php?rest_route=%2Fwp%2Fv2%2Fcomments&post=55"}],"version-history":[{"count":88,"href":"https:\/\/www.kinder-lernen-leben-retten.at\/index.php?rest_route=\/wp\/v2\/pages\/55\/revisions"}],"predecessor-version":[{"id":3453,"href":"https:\/\/www.kinder-lernen-leben-retten.at\/index.php?rest_route=\/wp\/v2\/pages\/55\/revisions\/3453"}],"wp:attachment":[{"href":"https:\/\/www.kinder-lernen-leben-retten.at\/index.php?rest_route=%2Fwp%2Fv2%2Fmedia&parent=55"}],"curies":[{"name":"wp","href":"https:\/\/api.w.org\/{rel}","templated":true}]}}